{"id":144,"date":"2026-05-22T02:32:57","date_gmt":"2026-05-22T02:32:57","guid":{"rendered":"https:\/\/inicio.municipiodevillaaldamaver.gob.mx\/?page_id=144"},"modified":"2026-07-31T19:51:08","modified_gmt":"2026-07-31T19:51:08","slug":"transparencia-municipal-de-villa-aldama-art-15","status":"publish","type":"page","link":"https:\/\/municipiodevillaaldamaver.gob.mx\/?page_id=144","title":{"rendered":"Transparencia Municipal de Villa Aldama (Art. 15)"},"content":{"rendered":"\n<div class=\"wp-block-columns is-layout-flex wp-container-core-columns-is-layout-794e3cfa wp-block-columns-is-layout-flex\">\n<div class=\"wp-block-column is-layout-flow wp-block-column-is-layout-flow\" style=\"flex-basis:100%\">\n<ul class=\"wp-block-social-links alignright is-style-logos-only is-horizontal is-content-justification-center is-layout-flex wp-container-core-social-links-is-layout-af7b3680 wp-block-social-links-is-layout-flex\"><li class=\"wp-social-link wp-social-link-facebook wp-block-social-link\"><a href=\"https:\/\/www.facebook.com\/profile.php?id=61584919563661\" class=\"wp-block-social-link-anchor\"><svg width=\"24\" height=\"24\" viewBox=\"0 0 24 24\" version=\"1.1\" xmlns=\"http:\/\/www.w3.org\/2000\/svg\" aria-hidden=\"true\" focusable=\"false\"><path d=\"M12 2C6.5 2 2 6.5 2 12c0 5 3.7 9.1 8.4 9.9v-7H7.9V12h2.5V9.8c0-2.5 1.5-3.9 3.8-3.9 1.1 0 2.2.2 2.2.2v2.5h-1.3c-1.2 0-1.6.8-1.6 1.6V12h2.8l-.4 2.9h-2.3v7C18.3 21.1 22 17 22 12c0-5.5-4.5-10-10-10z\"><\/path><\/svg><span class=\"wp-block-social-link-label screen-reader-text\">Facebook<\/span><\/a><\/li>\n\n<li class=\"wp-social-link wp-social-link-mail wp-block-social-link\"><a href=\"mailto:&#112;&#114;&#101;&#115;i&#100;&#101;&#110;ci&#097;&#046;vi&#108;l&#097;al&#100;&#097;m&#097;&#050;6.29&#064;g&#109;&#097;il.com\" class=\"wp-block-social-link-anchor\"><svg width=\"24\" height=\"24\" viewBox=\"0 0 24 24\" version=\"1.1\" xmlns=\"http:\/\/www.w3.org\/2000\/svg\" aria-hidden=\"true\" focusable=\"false\"><path d=\"M19,5H5c-1.1,0-2,.9-2,2v10c0,1.1.9,2,2,2h14c1.1,0,2-.9,2-2V7c0-1.1-.9-2-2-2zm.5,12c0,.3-.2.5-.5.5H5c-.3,0-.5-.2-.5-.5V9.8l7.5,5.6,7.5-5.6V17zm0-9.1L12,13.6,4.5,7.9V7c0-.3.2-.5.5-.5h14c.3,0,.5.2.5.5v.9z\"><\/path><\/svg><span class=\"wp-block-social-link-label screen-reader-text\">Correo electr\u00f3nico<\/span><\/a><\/li><\/ul>\n<\/div>\n<\/div>\n\n\n<nav class=\"items-justified-center wp-block-navigation is-content-justification-center is-layout-flex wp-container-core-navigation-is-layout-77d81a43 wp-block-navigation-is-layout-flex\" aria-label=\"Navigation\"><ul class=\"wp-block-navigation__container items-justified-center wp-block-navigation\"><li style=\"font-style:normal;font-weight:500\" class=\"wp-block-navigation-item wp-block-navigation-link has-medium-font-size\"><a class=\"wp-block-navigation-item__content\"  href=\"https:\/\/municipiodevillaaldamaver.gob.mx\/\"><span class=\"wp-block-navigation-item__label\"><strong>Inicio<\/strong><\/span><\/a><\/li><li style=\"font-style:normal;font-weight:500\" class=\"wp-block-navigation-item wp-block-navigation-link has-medium-font-size\"><a class=\"wp-block-navigation-item__content\"  href=\"https:\/\/municipiodevillaaldamaver.gob.mx\/?page_id=222\"><span class=\"wp-block-navigation-item__label\"><strong>Informaci\u00f3n Financiera<\/strong><\/span><\/a><\/li><li style=\"font-style:normal;font-weight:500\" class=\"wp-block-navigation-item wp-block-navigation-link has-medium-font-size\"><a class=\"wp-block-navigation-item__content\"  href=\"https:\/\/municipiodevillaaldamaver.gob.mx\/?page_id=154\"><span class=\"wp-block-navigation-item__label\"><strong>Notificaciones<\/strong><\/span><\/a><\/li><li data-wp-context=\"{ &quot;submenuOpenedBy&quot;: { &quot;click&quot;: false, &quot;hover&quot;: false, &quot;focus&quot;: false }, &quot;type&quot;: &quot;submenu&quot;, &quot;modal&quot;: null, &quot;previousFocus&quot;: null }\" data-wp-interactive=\"core\/navigation\" data-wp-on--focusout=\"actions.handleMenuFocusout\" data-wp-on--keydown=\"actions.handleMenuKeydown\" data-wp-on--pointerenter=\"actions.openMenuOnHover\" data-wp-on--pointerleave=\"actions.closeMenuOnHover\" data-wp-watch=\"callbacks.initMenu\" tabindex=\"-1\" style=\"font-style:normal;font-weight:500\" class=\"wp-block-navigation-item has-child open-on-hover-click wp-block-navigation-submenu has-medium-font-size\"><a class=\"wp-block-navigation-item__content\" href=\"https:\/\/municipiodevillaaldamaver.gob.mx\/?page_id=1300\"><span class=\"wp-block-navigation-item__label\"><strong>Transparencia<\/strong><\/span><\/a><button data-wp-bind--aria-expanded=\"state.isSubmenuOpen\" data-wp-on--click=\"actions.toggleMenuOnClick\" aria-label=\"Submen\u00fa de Transparencia\" class=\"wp-block-navigation__submenu-icon wp-block-navigation-submenu__toggle\" ><svg xmlns=\"http:\/\/www.w3.org\/2000\/svg\" width=\"12\" height=\"12\" viewBox=\"0 0 12 12\" fill=\"none\" aria-hidden=\"true\" focusable=\"false\"><path d=\"M1.50002 4L6.00002 8L10.5 4\" stroke-width=\"1.5\"><\/path><\/svg><\/button><ul data-wp-on--focus=\"actions.openMenuOnFocus\" style=\"font-style:normal;font-weight:500\" class=\"wp-block-navigation__submenu-container wp-block-navigation-submenu has-medium-font-size\"><li data-wp-context=\"{ &quot;submenuOpenedBy&quot;: { &quot;click&quot;: false, &quot;hover&quot;: false, &quot;focus&quot;: false }, &quot;type&quot;: &quot;submenu&quot;, &quot;modal&quot;: null, &quot;previousFocus&quot;: null }\" data-wp-interactive=\"core\/navigation\" data-wp-on--focusout=\"actions.handleMenuFocusout\" data-wp-on--keydown=\"actions.handleMenuKeydown\" data-wp-on--pointerenter=\"actions.openMenuOnHover\" data-wp-on--pointerleave=\"actions.closeMenuOnHover\" data-wp-watch=\"callbacks.initMenu\" tabindex=\"-1\" class=\"wp-block-navigation-item has-child open-on-hover-click wp-block-navigation-submenu has-medium-font-size\"><a class=\"wp-block-navigation-item__content\"><span class=\"wp-block-navigation-item__label\">2026-2029<\/span><\/a><button data-wp-bind--aria-expanded=\"state.isSubmenuOpen\" data-wp-on--click=\"actions.toggleMenuOnClick\" aria-label=\"Submen\u00fa de 2026-2029\" class=\"wp-block-navigation__submenu-icon wp-block-navigation-submenu__toggle\" ><svg xmlns=\"http:\/\/www.w3.org\/2000\/svg\" width=\"12\" height=\"12\" viewBox=\"0 0 12 12\" fill=\"none\" aria-hidden=\"true\" focusable=\"false\"><path d=\"M1.50002 4L6.00002 8L10.5 4\" stroke-width=\"1.5\"><\/path><\/svg><\/button><ul data-wp-on--focus=\"actions.openMenuOnFocus\" class=\"wp-block-navigation__submenu-container wp-block-navigation-submenu has-medium-font-size\"><li class=\"wp-block-navigation-item wp-block-navigation-link\"><a class=\"wp-block-navigation-item__content\"  href=\"https:\/\/municipiodevillaaldamaver.gob.mx\/?page_id=144\"><span class=\"wp-block-navigation-item__label\"><strong>Transparencia Municipal de Villa Aldama (Art. 15)<\/strong><\/span><\/a><\/li><li class=\"wp-block-navigation-item wp-block-navigation-link\"><a class=\"wp-block-navigation-item__content\"  href=\"https:\/\/municipiodevillaaldamaver.gob.mx\/?page_id=149\"><span class=\"wp-block-navigation-item__label\"><strong>Trasparencia Municipal de Villa Aldama (Art. 16)<\/strong><\/span><\/a><\/li><li class=\"wp-block-navigation-item wp-block-navigation-link\"><a class=\"wp-block-navigation-item__content\"  href=\"https:\/\/municipiodevillaaldamaver.gob.mx\/?page_id=188\"><span class=\"wp-block-navigation-item__label\"><strong>Avisos de Privacidad<\/strong><\/span><\/a><\/li><li class=\"wp-block-navigation-item wp-block-navigation-link\"><a class=\"wp-block-navigation-item__content\"  href=\"https:\/\/municipiodevillaaldamaver.gob.mx\/?page_id=408\"><span class=\"wp-block-navigation-item__label\"><strong>Actas del Comit\u00e9 de Transparencia<\/strong><\/span><\/a><\/li><li class=\"wp-block-navigation-item wp-block-navigation-link\"><a class=\"wp-block-navigation-item__content\"  href=\"https:\/\/municipiodevillaaldamaver.gob.mx\/?page_id=411\"><span class=\"wp-block-navigation-item__label\"><strong>Tablas de Aplicabilidad de las Obligaciones de Transparencia<\/strong><\/span><\/a><\/li><\/ul><\/li><\/ul><\/li><li data-wp-context=\"{ &quot;submenuOpenedBy&quot;: { &quot;click&quot;: false, &quot;hover&quot;: false, &quot;focus&quot;: false }, &quot;type&quot;: &quot;submenu&quot;, &quot;modal&quot;: null, &quot;previousFocus&quot;: null }\" data-wp-interactive=\"core\/navigation\" data-wp-on--focusout=\"actions.handleMenuFocusout\" data-wp-on--keydown=\"actions.handleMenuKeydown\" data-wp-on--pointerenter=\"actions.openMenuOnHover\" data-wp-on--pointerleave=\"actions.closeMenuOnHover\" data-wp-watch=\"callbacks.initMenu\" tabindex=\"-1\" style=\"font-style:normal;font-weight:500\" class=\"wp-block-navigation-item has-child open-on-hover-click wp-block-navigation-submenu has-medium-font-size\"><a class=\"wp-block-navigation-item__content\" href=\"https:\/\/municipiodevillaaldamaver.gob.mx\/?page_id=1316\"><span class=\"wp-block-navigation-item__label\"><strong>Gobierno<\/strong><\/span><\/a><button data-wp-bind--aria-expanded=\"state.isSubmenuOpen\" data-wp-on--click=\"actions.toggleMenuOnClick\" aria-label=\"Submen\u00fa de Gobierno\" class=\"wp-block-navigation__submenu-icon wp-block-navigation-submenu__toggle\" ><svg xmlns=\"http:\/\/www.w3.org\/2000\/svg\" width=\"12\" height=\"12\" viewBox=\"0 0 12 12\" fill=\"none\" aria-hidden=\"true\" focusable=\"false\"><path d=\"M1.50002 4L6.00002 8L10.5 4\" stroke-width=\"1.5\"><\/path><\/svg><\/button><ul data-wp-on--focus=\"actions.openMenuOnFocus\" style=\"font-style:normal;font-weight:500\" class=\"wp-block-navigation__submenu-container wp-block-navigation-submenu has-medium-font-size\"><li class=\"wp-block-navigation-item wp-block-navigation-link\"><a class=\"wp-block-navigation-item__content\"  href=\"https:\/\/municipiodevillaaldamaver.gob.mx\/?page_id=1317\"><span class=\"wp-block-navigation-item__label\">Ejes de Gobierno<\/span><\/a><\/li><li class=\"wp-block-navigation-item wp-block-navigation-link\"><a class=\"wp-block-navigation-item__content\"  href=\"https:\/\/municipiodevillaaldamaver.gob.mx\/?page_id=1318\"><span class=\"wp-block-navigation-item__label\">Misi\u00f3n, Visi\u00f3n y Valores<\/span><\/a><\/li><li class=\"wp-block-navigation-item wp-block-navigation-link\"><a class=\"wp-block-navigation-item__content\"  href=\"https:\/\/municipiodevillaaldamaver.gob.mx\/?page_id=1319\"><span class=\"wp-block-navigation-item__label\">Cabildo<\/span><\/a><\/li><li class=\"wp-block-navigation-item wp-block-navigation-link\"><a class=\"wp-block-navigation-item__content\"  href=\"https:\/\/municipiodevillaaldamaver.gob.mx\/?page_id=1320\"><span class=\"wp-block-navigation-item__label\">Directorio<\/span><\/a><\/li><li class=\"wp-block-navigation-item wp-block-navigation-link\"><a class=\"wp-block-navigation-item__content\"  href=\"https:\/\/municipiodevillaaldamaver.gob.mx\/?page_id=1321\"><span class=\"wp-block-navigation-item__label\">Plan Municipal de Desarrollo 2026-2029<\/span><\/a><\/li><li data-wp-context=\"{ &quot;submenuOpenedBy&quot;: { &quot;click&quot;: false, &quot;hover&quot;: false, &quot;focus&quot;: false }, &quot;type&quot;: &quot;submenu&quot;, &quot;modal&quot;: null, &quot;previousFocus&quot;: null }\" data-wp-interactive=\"core\/navigation\" data-wp-on--focusout=\"actions.handleMenuFocusout\" data-wp-on--keydown=\"actions.handleMenuKeydown\" data-wp-on--pointerenter=\"actions.openMenuOnHover\" data-wp-on--pointerleave=\"actions.closeMenuOnHover\" data-wp-watch=\"callbacks.initMenu\" tabindex=\"-1\" class=\"wp-block-navigation-item has-child open-on-hover-click wp-block-navigation-submenu\"><a class=\"wp-block-navigation-item__content\"><span class=\"wp-block-navigation-item__label\">Informes Mensuales<\/span><\/a><button data-wp-bind--aria-expanded=\"state.isSubmenuOpen\" data-wp-on--click=\"actions.toggleMenuOnClick\" aria-label=\"Submen\u00fa de Informes Mensuales\" class=\"wp-block-navigation__submenu-icon wp-block-navigation-submenu__toggle\" ><svg xmlns=\"http:\/\/www.w3.org\/2000\/svg\" width=\"12\" height=\"12\" viewBox=\"0 0 12 12\" fill=\"none\" aria-hidden=\"true\" focusable=\"false\"><path d=\"M1.50002 4L6.00002 8L10.5 4\" stroke-width=\"1.5\"><\/path><\/svg><\/button><ul data-wp-on--focus=\"actions.openMenuOnFocus\" class=\"wp-block-navigation__submenu-container wp-block-navigation-submenu\"><li class=\"wp-block-navigation-item wp-block-navigation-link\"><a class=\"wp-block-navigation-item__content\"  href=\"https:\/\/municipiodevillaaldamaver.gob.mx\/?page_id=946\"><span class=\"wp-block-navigation-item__label\">Informes Secretar\u00eda<\/span><\/a><\/li><\/ul><\/li><li data-wp-context=\"{ &quot;submenuOpenedBy&quot;: { &quot;click&quot;: false, &quot;hover&quot;: false, &quot;focus&quot;: false }, &quot;type&quot;: &quot;submenu&quot;, &quot;modal&quot;: null, &quot;previousFocus&quot;: null }\" data-wp-interactive=\"core\/navigation\" data-wp-on--focusout=\"actions.handleMenuFocusout\" data-wp-on--keydown=\"actions.handleMenuKeydown\" data-wp-on--pointerenter=\"actions.openMenuOnHover\" data-wp-on--pointerleave=\"actions.closeMenuOnHover\" data-wp-watch=\"callbacks.initMenu\" tabindex=\"-1\" class=\"wp-block-navigation-item has-child open-on-hover-click wp-block-navigation-submenu\"><a class=\"wp-block-navigation-item__content\"><span class=\"wp-block-navigation-item__label\">Convocatorias<\/span><\/a><button data-wp-bind--aria-expanded=\"state.isSubmenuOpen\" data-wp-on--click=\"actions.toggleMenuOnClick\" aria-label=\"Submen\u00fa de Convocatorias\" class=\"wp-block-navigation__submenu-icon wp-block-navigation-submenu__toggle\" ><svg xmlns=\"http:\/\/www.w3.org\/2000\/svg\" width=\"12\" height=\"12\" viewBox=\"0 0 12 12\" fill=\"none\" aria-hidden=\"true\" focusable=\"false\"><path d=\"M1.50002 4L6.00002 8L10.5 4\" stroke-width=\"1.5\"><\/path><\/svg><\/button><ul data-wp-on--focus=\"actions.openMenuOnFocus\" class=\"wp-block-navigation__submenu-container wp-block-navigation-submenu\"><li class=\"wp-block-navigation-item wp-block-navigation-link\"><a class=\"wp-block-navigation-item__content\"  href=\"https:\/\/municipiodevillaaldamaver.gob.mx\/?page_id=176\"><span class=\"wp-block-navigation-item__label\">COPLADEMUN<\/span><\/a><\/li><li class=\"wp-block-navigation-item wp-block-navigation-link\"><a class=\"wp-block-navigation-item__content\"  href=\"https:\/\/municipiodevillaaldamaver.gob.mx\/?page_id=181\"><span class=\"wp-block-navigation-item__label\">CDM<\/span><\/a><\/li><li class=\"wp-block-navigation-item wp-block-navigation-link\"><a class=\"wp-block-navigation-item__content\"  href=\"https:\/\/municipiodevillaaldamaver.gob.mx\/?page_id=233\"><span class=\"wp-block-navigation-item__label\">Cabildo Abierto<\/span><\/a><\/li><li class=\"wp-block-navigation-item wp-block-navigation-link\"><a class=\"wp-block-navigation-item__content\"  href=\"https:\/\/municipiodevillaaldamaver.gob.mx\/?page_id=604\"><span class=\"wp-block-navigation-item__label\">Jefas y Jefes de Manzana<\/span><\/a><\/li><\/ul><\/li><li class=\"wp-block-navigation-item wp-block-navigation-link\"><a class=\"wp-block-navigation-item__content\"  href=\"https:\/\/municipiodevillaaldamaver.gob.mx\/?page_id=1327\"><span class=\"wp-block-navigation-item__label\">Acta Circunstanciada de Entrega y Recepci\u00f3n 2022-2025<\/span><\/a><\/li><li class=\"wp-block-navigation-item wp-block-navigation-link\"><a class=\"wp-block-navigation-item__content\"  href=\"https:\/\/municipiodevillaaldamaver.gob.mx\/?page_id=1328\"><span class=\"wp-block-navigation-item__label\">Formato para Quejas y Denuncias<\/span><\/a><\/li><li class=\"wp-block-navigation-item wp-block-navigation-link\"><a class=\"wp-block-navigation-item__content\"  href=\"https:\/\/municipiodevillaaldamaver.gob.mx\/?page_id=795\"><span class=\"wp-block-navigation-item__label\">Leyes, Reglamentos y Ordenamientos<\/span><\/a><\/li><li class=\"wp-block-navigation-item wp-block-navigation-link\"><a class=\"wp-block-navigation-item__content\"  href=\"https:\/\/municipiodevillaaldamaver.gob.mx\/?page_id=1329\"><span class=\"wp-block-navigation-item__label\">Avisos y Comunicados<\/span><\/a><\/li><li data-wp-context=\"{ &quot;submenuOpenedBy&quot;: { &quot;click&quot;: false, &quot;hover&quot;: false, &quot;focus&quot;: false }, &quot;type&quot;: &quot;submenu&quot;, &quot;modal&quot;: null, &quot;previousFocus&quot;: null }\" data-wp-interactive=\"core\/navigation\" data-wp-on--focusout=\"actions.handleMenuFocusout\" data-wp-on--keydown=\"actions.handleMenuKeydown\" data-wp-on--pointerenter=\"actions.openMenuOnHover\" data-wp-on--pointerleave=\"actions.closeMenuOnHover\" data-wp-watch=\"callbacks.initMenu\" tabindex=\"-1\" class=\"wp-block-navigation-item has-child open-on-hover-click wp-block-navigation-submenu\"><a class=\"wp-block-navigation-item__content\"><span class=\"wp-block-navigation-item__label\">Plan de Trabajo<\/span><\/a><button data-wp-bind--aria-expanded=\"state.isSubmenuOpen\" data-wp-on--click=\"actions.toggleMenuOnClick\" aria-label=\"Submen\u00fa de Plan de Trabajo\" class=\"wp-block-navigation__submenu-icon wp-block-navigation-submenu__toggle\" ><svg xmlns=\"http:\/\/www.w3.org\/2000\/svg\" width=\"12\" height=\"12\" viewBox=\"0 0 12 12\" fill=\"none\" aria-hidden=\"true\" focusable=\"false\"><path d=\"M1.50002 4L6.00002 8L10.5 4\" stroke-width=\"1.5\"><\/path><\/svg><\/button><ul data-wp-on--focus=\"actions.openMenuOnFocus\" class=\"wp-block-navigation__submenu-container wp-block-navigation-submenu\"><li class=\"wp-block-navigation-item wp-block-navigation-link\"><a class=\"wp-block-navigation-item__content\"  href=\"https:\/\/municipiodevillaaldamaver.gob.mx\/?page_id=972\"><span class=\"wp-block-navigation-item__label\">Bliblioteca Municipal<\/span><\/a><\/li><\/ul><\/li><\/ul><\/li><\/ul><ul class=\"wp-block-navigation__container items-justified-center wp-block-navigation\"><li style=\"font-style:normal;font-weight:500\" class=\"wp-block-navigation-item wp-block-navigation-link has-medium-font-size\"><a class=\"wp-block-navigation-item__content\"  href=\"https:\/\/municipiodevillaaldamaver.gob.mx\/?page_id=498\"><span class=\"wp-block-navigation-item__label\"><strong>Obras P\u00fablicas<\/strong><\/span><\/a><\/li><li style=\"font-style:normal;font-weight:500\" class=\"wp-block-navigation-item wp-block-navigation-link has-medium-font-size\"><a class=\"wp-block-navigation-item__content\"  href=\"https:\/\/municipiodevillaaldamaver.gob.mx\/?page_id=888\"><span class=\"wp-block-navigation-item__label\"><strong>IMM<\/strong><\/span><\/a><\/li><\/ul><\/nav>\n\n\n<hr class=\"wp-block-separator has-alpha-channel-opacity\"\/>\n\n\n\n<p class=\"has-text-align-center is-style-text-annotation is-style-text-annotation--1 wp-block-paragraph\">En cumplimiento a lo establecido por los art\u00edculos 12, 13 y 15 de la Ley N\u00famero 250 de Transparencia y Acceso a la Informaci\u00f3n P\u00fablica para el Estado de Veracruz de Ignacio de la Llave, el <strong>H. Ayuntamiento de&nbsp;Villa Aldama, Ver.<\/strong> pone a su disposici\u00f3n la siguiente informaci\u00f3n p\u00fablica:<\/p>\n\n\n\n<p class=\"has-text-align-center is-style-text-annotation is-style-text-annotation--2 wp-block-paragraph\"><strong><kbd>Fracciones comunes<\/kbd><\/strong> (Art. 15)<\/p>\n\n\n\n<hr class=\"wp-block-separator has-alpha-channel-opacity\"\/>\n\n\n\n<details class=\"wp-block-details has-medium-font-size is-layout-flow wp-block-details-is-layout-flow\"><summary><strong>I. LA NORMATIVIDAD APLICABLE<\/strong><\/summary>\n<details class=\"wp-block-details is-layout-flow wp-block-details-is-layout-flow\"><summary>2026<\/summary>\n<details class=\"wp-block-details is-layout-flow wp-block-details-is-layout-flow\"><summary>PRIMER TRIMESTRE<\/summary>\n<div class=\"wp-block-file\"><a id=\"wp-block-file--media-bb19f672-cd16-4808-bb77-8032d321ad6a\" href=\"https:\/\/municipiodevillaaldamaver.gob.mx\/wp-content\/uploads\/2026\/06\/1.-LTAIPVIL15I-Normatividad-Aplicable.xlsx\">1. LTAIPVIL15I         Normatividad Aplicable<\/a><\/div>\n<\/details>\n\n\n\n<details class=\"wp-block-details is-layout-flow wp-block-details-is-layout-flow\"><summary>SEGUNDO TRIMESTRE<\/summary>\n<div class=\"wp-block-file\"><a id=\"wp-block-file--media-06998e98-1e53-4424-9f06-79e9c205485f\" href=\"https:\/\/municipiodevillaaldamaver.gob.mx\/wp-content\/uploads\/2026\/07\/1.-LTAIPVIL15I-Normatividad-Aplicable-1.xlsx\">1. LTAIPVIL15I         Normatividad Aplicable<\/a><\/div>\n<\/details>\n<\/details>\n<\/details>\n\n\n\n<hr class=\"wp-block-separator has-alpha-channel-opacity\"\/>\n\n\n\n<details class=\"wp-block-details has-medium-font-size is-layout-flow wp-block-details-is-layout-flow\"><summary><strong>II. SU ESTRUCTURA ORGANICA COMPLETA<\/strong><\/summary>\n<details class=\"wp-block-details is-layout-flow wp-block-details-is-layout-flow\"><summary>INCISO A<\/summary>\n<details class=\"wp-block-details is-layout-flow wp-block-details-is-layout-flow\"><summary>2026<\/summary>\n<details class=\"wp-block-details is-layout-flow wp-block-details-is-layout-flow\"><summary>PRIMER TRIMESTRE<\/summary>\n<div class=\"wp-block-file\"><a id=\"wp-block-file--media-65a953f9-46e0-4b2b-ad09-0f354c181d66\" href=\"https:\/\/municipiodevillaaldamaver.gob.mx\/wp-content\/uploads\/2026\/06\/2.-LTAIPVIL15IIa-Estructura-Organica.xlsx\">2. LTAIPVIL15IIa      Estructura Organica<\/a><\/div>\n<\/details>\n\n\n\n<details class=\"wp-block-details is-layout-flow wp-block-details-is-layout-flow\"><summary>SEGUNDO TRIMESTRE<\/summary>\n<div class=\"wp-block-file\"><a id=\"wp-block-file--media-d5826350-e2b6-4467-a9c2-27b77e2ec7eb\" href=\"https:\/\/municipiodevillaaldamaver.gob.mx\/wp-content\/uploads\/2026\/07\/2.-LTAIPVIL15IIa-Estructura-Organica.xlsx\">2. LTAIPVIL15IIa      Estructura Organica<\/a><\/div>\n<\/details>\n<\/details>\n<\/details>\n\n\n\n<details class=\"wp-block-details is-layout-flow wp-block-details-is-layout-flow\"><summary>INCISO B<\/summary>\n<details class=\"wp-block-details is-layout-flow wp-block-details-is-layout-flow\"><summary>2026<\/summary>\n<details class=\"wp-block-details is-layout-flow wp-block-details-is-layout-flow\"><summary>PRIMER TRIMESTRE<\/summary>\n<div class=\"wp-block-file\"><a id=\"wp-block-file--media-afcb2539-0503-41b1-9b6a-e516231957b6\" href=\"https:\/\/municipiodevillaaldamaver.gob.mx\/wp-content\/uploads\/2026\/06\/3.-LTAIPVIL15IIb-Estructura-Organica-Organigrama.xlsx\">3. LTAIPVIL15IIb      Estructura Organica-Organigrama<\/a><\/div>\n<\/details>\n\n\n\n<details class=\"wp-block-details is-layout-flow wp-block-details-is-layout-flow\"><summary>SEGUNDO TRIMESTRE<\/summary>\n<div class=\"wp-block-file\"><a id=\"wp-block-file--media-e0ce7e06-a43d-4dc2-b22d-c694b3630870\" href=\"https:\/\/municipiodevillaaldamaver.gob.mx\/wp-content\/uploads\/2026\/07\/3.-LTAIPVIL15IIb-Estructura-Organica-Organigrama.xlsx\">3. LTAIPVIL15IIb      Estructura Organica-Organigrama<\/a><\/div>\n<\/details>\n<\/details>\n<\/details>\n<\/details>\n\n\n\n<hr class=\"wp-block-separator has-alpha-channel-opacity\"\/>\n\n\n\n<details class=\"wp-block-details has-medium-font-size is-layout-flow wp-block-details-is-layout-flow\"><summary><strong>III. FACULTADES DE CADA AREA<\/strong><\/summary>\n<details class=\"wp-block-details is-layout-flow wp-block-details-is-layout-flow\"><summary>2026<\/summary>\n<details class=\"wp-block-details is-layout-flow wp-block-details-is-layout-flow\"><summary>PRIMER TRIMESTRE<\/summary>\n<div class=\"wp-block-file\"><a id=\"wp-block-file--media-cc7ebefe-5ad1-4cf0-84f2-ecb763e87578\" href=\"https:\/\/municipiodevillaaldamaver.gob.mx\/wp-content\/uploads\/2026\/06\/4.-LTAIPVIL15III-Facultades-de-Cada-Area.xlsx\">4. LTAIPVIL15III       Facultades de Cada \u00c1rea.<\/a><\/div>\n<\/details>\n\n\n\n<details class=\"wp-block-details is-layout-flow wp-block-details-is-layout-flow\"><summary>SEGUNDO TRIMESTRE<\/summary>\n<div class=\"wp-block-file\"><a id=\"wp-block-file--media-2e764839-fdad-4ed0-b556-e5e0c76c4212\" href=\"https:\/\/municipiodevillaaldamaver.gob.mx\/wp-content\/uploads\/2026\/07\/4.-LTAIPVIL15III-Facultades-de-Cada-Area.xlsx\">4. LTAIPVIL15III       Facultades de Cada \u00c1rea.<\/a><\/div>\n<\/details>\n<\/details>\n<\/details>\n\n\n\n<hr class=\"wp-block-separator has-alpha-channel-opacity\"\/>\n\n\n\n<details class=\"wp-block-details has-medium-font-size is-layout-flow wp-block-details-is-layout-flow\"><summary><strong>IV. OBJETIVOS Y METAS INSTITUCIONALES<\/strong><\/summary>\n<details class=\"wp-block-details is-layout-flow wp-block-details-is-layout-flow\"><summary>2026<\/summary>\n<details class=\"wp-block-details is-layout-flow wp-block-details-is-layout-flow\"><summary>PRIMER TRIMESTRE<\/summary>\n<div class=\"wp-block-file\"><a id=\"wp-block-file--media-704ada5f-b52e-4013-b238-c77dc7e15369\" href=\"https:\/\/municipiodevillaaldamaver.gob.mx\/wp-content\/uploads\/2026\/06\/5.-LTAIPVIL15IV-Objetivos-y-Metas-Intitucionales.xlsx\">5. LTAIPVIL15IV      Objetivos y Metas Intitucionales<\/a><\/div>\n<\/details>\n\n\n\n<details class=\"wp-block-details is-layout-flow wp-block-details-is-layout-flow\"><summary>SEGUNDO TRIMESTRE<\/summary>\n<div class=\"wp-block-file\"><a id=\"wp-block-file--media-5a4172a0-53df-44b9-a142-5553de82c59e\" href=\"https:\/\/municipiodevillaaldamaver.gob.mx\/wp-content\/uploads\/2026\/07\/5.-LTAIPVIL15IV-Objetivos-y-Metas-Institucionales.xlsx\">5. LTAIPVIL15IV      Objetivos y Metas Institucionales<\/a><\/div>\n<\/details>\n<\/details>\n<\/details>\n\n\n\n<hr class=\"wp-block-separator has-alpha-channel-opacity\"\/>\n\n\n\n<details class=\"wp-block-details has-medium-font-size is-layout-flow wp-block-details-is-layout-flow\"><summary><strong>V. INDICADORES DE INTERES P\u00daBLICO<\/strong><\/summary>\n<details class=\"wp-block-details is-layout-flow wp-block-details-is-layout-flow\"><summary>2026<\/summary>\n<details class=\"wp-block-details is-layout-flow wp-block-details-is-layout-flow\"><summary>PRIMER TRIMESTRE<\/summary>\n<div class=\"wp-block-file\"><a id=\"wp-block-file--media-7d1e737a-74b6-46dc-9595-b710524566c0\" href=\"https:\/\/municipiodevillaaldamaver.gob.mx\/wp-content\/uploads\/2026\/06\/6.-LTAIPVIL15V-Indicadores-de-Interes-Publico.xlsx\">6. LTAIPVIL15V       Indicadores de Inter\u00e9s P\u00fablico<\/a><\/div>\n<\/details>\n\n\n\n<details class=\"wp-block-details is-layout-flow wp-block-details-is-layout-flow\"><summary>SEGUNDO TRIMESTRE<\/summary>\n<div class=\"wp-block-file\"><a id=\"wp-block-file--media-f7247acd-ba62-47e8-864c-6997e988bf8c\" href=\"https:\/\/municipiodevillaaldamaver.gob.mx\/wp-content\/uploads\/2026\/07\/6.-LTAIPVIL15V-Indicadores-de-Interes-Publico.xlsx\">6. LTAIPVIL15V       Indicadores de Inter\u00e9s P\u00fablico<\/a><\/div>\n<\/details>\n<\/details>\n<\/details>\n\n\n\n<hr class=\"wp-block-separator has-alpha-channel-opacity\"\/>\n\n\n\n<details class=\"wp-block-details has-medium-font-size is-layout-flow wp-block-details-is-layout-flow\"><summary><strong>VI. INDICADORES DE RESULTADOS<\/strong><\/summary>\n<details class=\"wp-block-details is-layout-flow wp-block-details-is-layout-flow\"><summary>2026<\/summary>\n<details class=\"wp-block-details is-layout-flow wp-block-details-is-layout-flow\"><summary>PRIMER TRIMESTRE<\/summary>\n<div class=\"wp-block-file\"><a id=\"wp-block-file--media-a4a21289-dfd5-4852-8a99-5bf93c5f3207\" href=\"https:\/\/municipiodevillaaldamaver.gob.mx\/wp-content\/uploads\/2026\/06\/7.-LTAIPVIL15VI-Indicadores-de-Resultados.xlsx\">7. LTAIPVIL15VI      Indicadores de Resultados<\/a><\/div>\n<\/details>\n\n\n\n<details class=\"wp-block-details is-layout-flow wp-block-details-is-layout-flow\"><summary>SEGUNDO TRIMESTRE<\/summary>\n<div class=\"wp-block-file\"><a id=\"wp-block-file--media-16ea699f-f7b0-434b-8af5-1fd192048924\" href=\"https:\/\/municipiodevillaaldamaver.gob.mx\/wp-content\/uploads\/2026\/07\/7.-LTAIPVIL15VI-Indicadores-de-Resultados.xlsx\">7. LTAIPVIL15VI      Indicadores de Resultados<\/a><\/div>\n<\/details>\n<\/details>\n<\/details>\n\n\n\n<hr class=\"wp-block-separator has-alpha-channel-opacity\"\/>\n\n\n\n<details class=\"wp-block-details has-medium-font-size is-layout-flow wp-block-details-is-layout-flow\"><summary><strong>VII. DIRECTORIO<\/strong><\/summary>\n<details class=\"wp-block-details is-layout-flow wp-block-details-is-layout-flow\"><summary>2026<\/summary>\n<details class=\"wp-block-details is-layout-flow wp-block-details-is-layout-flow\"><summary>PRIMER TRIMESTRE<\/summary>\n<div class=\"wp-block-file\"><a id=\"wp-block-file--media-abdca80b-5c5d-4395-b7a2-8046c2b8e0b2\" href=\"https:\/\/municipiodevillaaldamaver.gob.mx\/wp-content\/uploads\/2026\/06\/8.-LTAIPVIL15VII-Directorio.xlsx\">8. LTAIPVIL15VII     Directorio<\/a><\/div>\n<\/details>\n\n\n\n<details class=\"wp-block-details is-layout-flow wp-block-details-is-layout-flow\"><summary>SEGUNDO TRIMESTRE<\/summary>\n<div class=\"wp-block-file\"><a id=\"wp-block-file--media-adfede50-6e6a-43b0-b608-c42f663e7310\" href=\"https:\/\/municipiodevillaaldamaver.gob.mx\/wp-content\/uploads\/2026\/07\/8.-LTAIPVIL15VII-Directorio.xlsx\">8. LTAIPVIL15VII     Directorio<\/a><\/div>\n<\/details>\n<\/details>\n<\/details>\n\n\n\n<hr class=\"wp-block-separator has-alpha-channel-opacity\"\/>\n\n\n\n<details class=\"wp-block-details has-medium-font-size is-layout-flow wp-block-details-is-layout-flow\"><summary><strong>VIII. REMUNERACION BRUTA Y NETA DE TODOS LOS(LAS) SERVIDORES PUBLICOS(AS) DE BASE Y DE CONFIANZA<\/strong><\/summary>\n<details class=\"wp-block-details is-layout-flow wp-block-details-is-layout-flow\"><summary>VIII<\/summary>\n<details class=\"wp-block-details is-layout-flow wp-block-details-is-layout-flow\"><summary>2026<\/summary>\n<details class=\"wp-block-details is-layout-flow wp-block-details-is-layout-flow\"><summary>PRIMER TRIMESTRE<\/summary>\n<div class=\"wp-block-file\"><a id=\"wp-block-file--media-31e4dc4d-6eb6-4589-b1cb-194b267dca20\" href=\"https:\/\/municipiodevillaaldamaver.gob.mx\/wp-content\/uploads\/2026\/06\/9.-LTAIPVIL15VIII-2018-2020-La-remuneracion-bruta-y-neta-de-todos-los-servidores-publicos-de-base-o-de-confianza-de-todas-las-percepciones.xlsx\">9. LTAIPVIL15VIII    2018-2020 La remuneraci\u00f3n bruta y neta de todos los servidores p\u00fablicos de base o de confianza, de todas las percepciones<\/a><\/div>\n\n\n\n<details class=\"wp-block-details is-layout-flow wp-block-details-is-layout-flow\"><summary>SEGUNDO TRIMESTRE<\/summary>\n<div class=\"wp-block-file\"><a id=\"wp-block-file--media-0986799a-dbf3-48b3-9d9a-a201d27dbc40\" href=\"https:\/\/municipiodevillaaldamaver.gob.mx\/wp-content\/uploads\/2026\/07\/9.-LTAIPVIL15VIII-2018-2020-La-remuneracion-bruta-y-neta-de-todos-los-servidores-publicos-1.xlsx\">9. LTAIPVIL15VIII    2018-2020 La remuneraci\u00f3n bruta y neta de todos los servidores p\u00fablicos<\/a><\/div>\n<\/details>\n<\/details>\n<\/details>\n<\/details>\n\n\n\n<details class=\"wp-block-details is-layout-flow wp-block-details-is-layout-flow\"><summary>INCISO A<\/summary>\n<details class=\"wp-block-details is-layout-flow wp-block-details-is-layout-flow\"><summary>2026<\/summary>\n<details class=\"wp-block-details is-layout-flow wp-block-details-is-layout-flow\"><summary>PRIMER TRIMESTRE<\/summary>\n<div class=\"wp-block-file\"><a id=\"wp-block-file--media-a13d97a2-bfe8-4608-b1e8-b3a73fbe9f0a\" href=\"https:\/\/municipiodevillaaldamaver.gob.mx\/wp-content\/uploads\/2026\/06\/10.-LTAIPVIL15VIIIa-Remuneraciones-brutas-y-netas-de-todas-las-personas-servidoras-publicas-de-base-y-de-confianza.xlsx\">10. LTAIPVIL15VIIIa  Remuneraciones brutas y netas de todas las personas servidoras p\u00fablicas de base y de confianza<\/a><\/div>\n<\/details>\n\n\n\n<details class=\"wp-block-details is-layout-flow wp-block-details-is-layout-flow\"><summary>SEGUNDO TRIMESTRE<\/summary>\n<div class=\"wp-block-file\"><a id=\"wp-block-file--media-8c4b8f49-177b-4b0e-98b5-eb858a3cdb82\" href=\"https:\/\/municipiodevillaaldamaver.gob.mx\/wp-content\/uploads\/2026\/07\/10.-LTAIPVIL15VIIIa-Remun.-bruta-y-neta-de-todas-las-personas-servidoras-publicas-de-base-y-de-confianza.xlsx\">10. LTAIPVIL15VIIIa  Remun. bruta y neta de todas las personas servidoras p\u00fablicas de base y de confianza<\/a><\/div>\n<\/details>\n<\/details>\n<\/details>\n\n\n\n<details class=\"wp-block-details is-layout-flow wp-block-details-is-layout-flow\"><summary>INCISO B<\/summary>\n<details class=\"wp-block-details is-layout-flow wp-block-details-is-layout-flow\"><summary>2026<\/summary>\n<details class=\"wp-block-details is-layout-flow wp-block-details-is-layout-flow\"><summary>PRIMER TRIMESTRE<\/summary>\n<div class=\"wp-block-file\"><a id=\"wp-block-file--media-e5446b74-13bd-4108-809f-c5686162225b\" href=\"https:\/\/municipiodevillaaldamaver.gob.mx\/wp-content\/uploads\/2026\/06\/11.-LTAIPVIL15VIIIb-Tabulador-de-sueldos-y-salarios.xlsx\">11. LTAIPVIL15VIIIb Tabulador de sueldos y salarios<\/a><\/div>\n<\/details>\n\n\n\n<details class=\"wp-block-details is-layout-flow wp-block-details-is-layout-flow\"><summary>SEGUNDO TRIMESTRE<\/summary>\n<div class=\"wp-block-file\"><a id=\"wp-block-file--media-9baf90c9-cae6-4da5-a426-569e85c50389\" href=\"https:\/\/municipiodevillaaldamaver.gob.mx\/wp-content\/uploads\/2026\/07\/11.-LTAIPVIL15VIIIb-Tabulador-de-sueldos-y-salarios.xlsx\">11. LTAIPVIL15VIIIb Tabulador de sueldos y salarios<\/a><\/div>\n<\/details>\n<\/details>\n<\/details>\n<\/details>\n\n\n\n<hr class=\"wp-block-separator has-alpha-channel-opacity\"\/>\n\n\n\n<details class=\"wp-block-details has-medium-font-size is-layout-flow wp-block-details-is-layout-flow\"><summary><strong>IX. GASTOS POR CONCEPTO DE VIATICOS Y GASTROS DE REPRESENTACION<\/strong><\/summary>\n<details class=\"wp-block-details is-layout-flow wp-block-details-is-layout-flow\"><summary>2026<\/summary>\n<details class=\"wp-block-details is-layout-flow wp-block-details-is-layout-flow\"><summary>PRIMER TRIMESTRE<\/summary>\n<div class=\"wp-block-file\"><a id=\"wp-block-file--media-5a870d9b-e06c-4dbb-8e86-4bb84d0e4ca6\" href=\"https:\/\/municipiodevillaaldamaver.gob.mx\/wp-content\/uploads\/2026\/06\/12.-LTAIPVIL15IX-Gastos-por-concepto-de-viaticos-y-representacion.xlsx\">12. LTAIPVIL15IX     Gastos por concepto de vi\u00e1ticos y representaci\u00f3n<\/a><\/div>\n<\/details>\n\n\n\n<details class=\"wp-block-details is-layout-flow wp-block-details-is-layout-flow\"><summary>SEGUNDO TRIMESTRE<\/summary>\n<div class=\"wp-block-file\"><a id=\"wp-block-file--media-65f6f11c-e60a-46d4-9115-f27e7869b9dd\" href=\"https:\/\/municipiodevillaaldamaver.gob.mx\/wp-content\/uploads\/2026\/07\/12.-LTAIPVIL15IX-Gastos-por-concepto-de-viaticos-y-representacion.xlsx\">12. LTAIPVIL15IX     Gastos por concepto de vi\u00e1ticos y representaci\u00f3n<\/a><\/div>\n<\/details>\n<\/details>\n<\/details>\n\n\n\n<hr class=\"wp-block-separator has-alpha-channel-opacity\"\/>\n\n\n\n<details class=\"wp-block-details has-medium-font-size is-layout-flow wp-block-details-is-layout-flow\"><summary><strong>X. PLAZAS VACANTES Y OCUPADAS<\/strong><\/summary>\n<details class=\"wp-block-details is-layout-flow wp-block-details-is-layout-flow\"><summary>INCISO A<\/summary>\n<details class=\"wp-block-details is-layout-flow wp-block-details-is-layout-flow\"><summary>2026<\/summary>\n<details class=\"wp-block-details is-layout-flow wp-block-details-is-layout-flow\"><summary>PRIMER TRIMESTRE<\/summary>\n<div class=\"wp-block-file\"><a id=\"wp-block-file--media-391cd84e-b81c-4690-9662-127867d7af38\" href=\"https:\/\/municipiodevillaaldamaver.gob.mx\/wp-content\/uploads\/2026\/06\/13.-LTAIPVIL15Xa-Plazas-vacantes-y-ocupadas.xlsx\">13. LTAIPVIL15Xa    Plazas vacantes y ocupadas<\/a><\/div>\n<\/details>\n\n\n\n<details class=\"wp-block-details is-layout-flow wp-block-details-is-layout-flow\"><summary>SEGUNDO TRIMESTRE<\/summary>\n<div class=\"wp-block-file\"><a id=\"wp-block-file--media-13123d26-4e10-4265-bf90-3cfc5e4b1faf\" href=\"https:\/\/municipiodevillaaldamaver.gob.mx\/wp-content\/uploads\/2026\/07\/13.-LTAIPVIL15Xa-Plazas-vacantes-y-ocupadas.xlsx\">13. LTAIPVIL15Xa    Plazas vacantes y ocupadas<\/a><\/div>\n<\/details>\n<\/details>\n<\/details>\n\n\n\n<details class=\"wp-block-details is-layout-flow wp-block-details-is-layout-flow\"><summary>INCISO B<\/summary>\n<details class=\"wp-block-details is-layout-flow wp-block-details-is-layout-flow\"><summary>2026<\/summary>\n<details class=\"wp-block-details is-layout-flow wp-block-details-is-layout-flow\"><summary>PRIMER TRIMESTRE<\/summary>\n<div class=\"wp-block-file\"><a id=\"wp-block-file--media-4ac52b40-e1a8-43c4-b72a-79119f459f55\" href=\"https:\/\/municipiodevillaaldamaver.gob.mx\/wp-content\/uploads\/2026\/06\/14.-LTAIPVIL15Xb-Total-de-plazas-vacantes-y-ocupadas.xlsx\">14. LTAIPVIL15Xb   Total de plazas vacantes y ocupadas<\/a><\/div>\n<\/details>\n\n\n\n<details class=\"wp-block-details is-layout-flow wp-block-details-is-layout-flow\"><summary>SEGUNDO TRIMESTRE<\/summary>\n<div class=\"wp-block-file\"><a id=\"wp-block-file--media-d8537f0e-44dd-49f6-9f86-50d43b3afb43\" href=\"https:\/\/municipiodevillaaldamaver.gob.mx\/wp-content\/uploads\/2026\/07\/14.-LTAIPVIL15Xb-Total-de-plazas-vacantes-y-ocupadas.xlsx\">14. LTAIPVIL15Xb   Total de plazas vacantes y ocupadas<\/a><\/div>\n<\/details>\n<\/details>\n<\/details>\n<\/details>\n\n\n\n<hr class=\"wp-block-separator has-alpha-channel-opacity\"\/>\n\n\n\n<details class=\"wp-block-details has-medium-font-size is-layout-flow wp-block-details-is-layout-flow\"><summary><strong>XI. PERSONAL CONTRATADO POR HONORARIOS<\/strong><\/summary>\n<details class=\"wp-block-details is-layout-flow wp-block-details-is-layout-flow\"><summary>2026<\/summary>\n<details class=\"wp-block-details is-layout-flow wp-block-details-is-layout-flow\"><summary>PRIMER TRIMESTRE<\/summary>\n<div class=\"wp-block-file\"><a id=\"wp-block-file--media-8206a40e-a89c-4906-93cc-50decd48612d\" href=\"https:\/\/municipiodevillaaldamaver.gob.mx\/wp-content\/uploads\/2026\/06\/15.-LTAIPVIL15XI-Personal-contratado-por-honorarios.xlsx\">15. LTAIPVIL15XI    Personal contratado por honorarios<\/a><\/div>\n<\/details>\n\n\n\n<details class=\"wp-block-details is-layout-flow wp-block-details-is-layout-flow\"><summary>SEGUNDO TRIMESTRE<\/summary>\n<div class=\"wp-block-file\"><a id=\"wp-block-file--media-34a2ebda-34c6-4a6f-a67f-4ea132586434\" href=\"https:\/\/municipiodevillaaldamaver.gob.mx\/wp-content\/uploads\/2026\/07\/15.-LTAIPVIL15XI-Personal-contratado-por-honorarios.xlsx\">15. LTAIPVIL15XI    Personal contratado por honorarios<\/a><\/div>\n<\/details>\n<\/details>\n<\/details>\n\n\n\n<hr class=\"wp-block-separator has-alpha-channel-opacity\"\/>\n\n\n\n<details class=\"wp-block-details has-medium-font-size is-layout-flow wp-block-details-is-layout-flow\"><summary><strong>XII. DECLARACIONES DE SITUACION PATRIMONIAL DE LOS(AS) SERVIDORES(AS) PUBLICOS(AS)<\/strong><\/summary>\n<details class=\"wp-block-details is-layout-flow wp-block-details-is-layout-flow\"><summary>INCISO A<\/summary>\n<details class=\"wp-block-details is-layout-flow wp-block-details-is-layout-flow\"><summary>2026<\/summary>\n<details class=\"wp-block-details is-layout-flow wp-block-details-is-layout-flow\"><summary>PRIMER TRIMESTRE<\/summary>\n<div class=\"wp-block-file\"><a id=\"wp-block-file--media-611dbdbf-5dec-4749-854f-c42f467abcd6\" href=\"https:\/\/municipiodevillaaldamaver.gob.mx\/wp-content\/uploads\/2026\/06\/16.-LTAIPVIL15XIIa-Declaraciones-de-Situacion-Patrimonial-de-las-personas-servidoras-publicas.xlsx\">16. LTAIPVIL15XIIa  Declaraciones de Situaci\u00f3n Patrimonial de las personas servidoras p\u00fablicas<\/a><\/div>\n<\/details>\n\n\n\n<details class=\"wp-block-details is-layout-flow wp-block-details-is-layout-flow\"><summary>SEGUNDO TRIMESTRE<\/summary>\n<div class=\"wp-block-file\"><a id=\"wp-block-file--media-6b2e59d7-0a6b-4cf4-8798-dc80da8a4a83\" href=\"https:\/\/municipiodevillaaldamaver.gob.mx\/wp-content\/uploads\/2026\/07\/16.-LTAIPVIL15XIIa-Declaraciones-de-Situacion-Patrimonial-de-las-personas-servidoras-publicas.xlsx\">16. LTAIPVIL15XIIa  Declaraciones de Situaci\u00f3n Patrimonial de las personas servidoras p\u00fablicas<\/a><\/div>\n<\/details>\n<\/details>\n<\/details>\n\n\n\n<details class=\"wp-block-details is-layout-flow wp-block-details-is-layout-flow\"><summary>INCISO B<\/summary>\n<details class=\"wp-block-details is-layout-flow wp-block-details-is-layout-flow\"><summary>2026<\/summary>\n<details class=\"wp-block-details is-layout-flow wp-block-details-is-layout-flow\"><summary>PRIMER TRIMESTRE<\/summary>\n<div class=\"wp-block-file\"><a id=\"wp-block-file--media-6758f93a-ce5e-4177-8b03-401412b29e3f\" href=\"https:\/\/municipiodevillaaldamaver.gob.mx\/wp-content\/uploads\/2026\/06\/17.-LTAIPVIL15XIIb-Declaraciones-fiscales-de-los-servidores-publicos.xlsx\">17. LTAIPVIL15XIIb  Declaraciones fiscales de los servidores p\u00fablicos<\/a><\/div>\n<\/details>\n\n\n\n<details class=\"wp-block-details is-layout-flow wp-block-details-is-layout-flow\"><summary>SEGUNDO TRIMESTRE<\/summary>\n<div class=\"wp-block-file\"><a id=\"wp-block-file--media-de56a56a-e36b-4401-abdb-e81d7cc8d14b\" href=\"https:\/\/municipiodevillaaldamaver.gob.mx\/wp-content\/uploads\/2026\/07\/17.-LTAIPVIL15XIIb-Declaraciones-fiscales-de-los-servidores-publicos.xlsx\">17. LTAIPVIL15XIIb  Declaraciones fiscales de los servidores p\u00fablicos<\/a><\/div>\n<\/details>\n<\/details>\n<\/details>\n\n\n\n<details class=\"wp-block-details is-layout-flow wp-block-details-is-layout-flow\"><summary>INCISO C<\/summary>\n<details class=\"wp-block-details is-layout-flow wp-block-details-is-layout-flow\"><summary>2026<\/summary>\n<details class=\"wp-block-details is-layout-flow wp-block-details-is-layout-flow\"><summary>PRIMER TRIMESTRE<\/summary>\n<div class=\"wp-block-file\"><a id=\"wp-block-file--media-37c5a316-8553-4591-a4ec-e15f0ec72872\" href=\"https:\/\/municipiodevillaaldamaver.gob.mx\/wp-content\/uploads\/2026\/06\/18.-LTAIPVIL15XIIc-Declaraciones-de-intereses-de-servidores-publicos.xlsx\">18. LTAIPVIL15XIIc  Declaraciones de intereses de servidores p\u00fablicos<\/a><\/div>\n<\/details>\n\n\n\n<details class=\"wp-block-details is-layout-flow wp-block-details-is-layout-flow\"><summary>SEGUNDO TRIMESTRE<\/summary>\n<div class=\"wp-block-file\"><a id=\"wp-block-file--media-124657f8-3185-4bc0-82de-ef61c313ebb1\" href=\"https:\/\/municipiodevillaaldamaver.gob.mx\/wp-content\/uploads\/2026\/07\/18.-LTAIPVIL15XIIc-Declaraciones-de-intereses-de-servidores-publicos.xlsx\">18. LTAIPVIL15XIIc  Declaraciones de intereses de servidores p\u00fablicos<\/a><\/div>\n<\/details>\n<\/details>\n<\/details>\n<\/details>\n\n\n\n<hr class=\"wp-block-separator has-alpha-channel-opacity\"\/>\n\n\n\n<details class=\"wp-block-details has-medium-font-size is-layout-flow wp-block-details-is-layout-flow\"><summary><strong>XIII. EL DOMICILIO DE LA UNIDAD DE TRANSPARENCIA<\/strong><\/summary>\n<details class=\"wp-block-details is-layout-flow wp-block-details-is-layout-flow\"><summary>2026<\/summary>\n<details class=\"wp-block-details is-layout-flow wp-block-details-is-layout-flow\"><summary>PRIMER TRIMESTRE<\/summary>\n<div class=\"wp-block-file\"><a id=\"wp-block-file--media-de90cff7-93ad-4aeb-a9e4-7b1faf615a6a\" href=\"https:\/\/municipiodevillaaldamaver.gob.mx\/wp-content\/uploads\/2026\/06\/19.-LTAIPVIL15XIII-Unidad-de-Transparencia-UT.xlsx\">19.  LTAIPVIL15XIII  Unidad de Transparencia (UT)<\/a><\/div>\n<\/details>\n\n\n\n<details class=\"wp-block-details is-layout-flow wp-block-details-is-layout-flow\"><summary>SEGUNDO TRIMESTRE<\/summary>\n<div class=\"wp-block-file\"><a id=\"wp-block-file--media-2a93dd14-6cb5-4ceb-9980-5d845366ae4c\" href=\"https:\/\/municipiodevillaaldamaver.gob.mx\/wp-content\/uploads\/2026\/07\/19.-LTAIPVIL15XIII-Unidad-de-Transparencia-UT.xlsx\">19.  LTAIPVIL15XIII  Unidad de Transparencia (UT)<\/a><\/div>\n<\/details>\n<\/details>\n<\/details>\n\n\n\n<hr class=\"wp-block-separator has-alpha-channel-opacity\"\/>\n\n\n\n<details class=\"wp-block-details has-medium-font-size is-layout-flow wp-block-details-is-layout-flow\"><summary><strong>XIV. DE LAS CONVOCATORIAS PARA OCUPAR CARGOS PUBLICOS Y LOS RESULTADOS DE LOS MISMOS<\/strong><\/summary>\n<details class=\"wp-block-details is-layout-flow wp-block-details-is-layout-flow\"><summary>2026<\/summary>\n<details class=\"wp-block-details is-layout-flow wp-block-details-is-layout-flow\"><summary>PRIMER TRIMESTRE<\/summary>\n<div class=\"wp-block-file\"><a id=\"wp-block-file--media-1b142e7d-4670-4285-af44-6ffe98900b2c\" href=\"https:\/\/municipiodevillaaldamaver.gob.mx\/wp-content\/uploads\/2026\/06\/20.-LTAIPVIL15XIV-Concursos-para-ocupar-cargos-publicos.xlsx\">20. LTAIPVIL15XIV  Concursos para ocupar cargos p\u00fablicos<\/a><\/div>\n<\/details>\n\n\n\n<details class=\"wp-block-details is-layout-flow wp-block-details-is-layout-flow\"><summary>SEGUNDO TRIMESTRE<\/summary>\n<div class=\"wp-block-file\"><a id=\"wp-block-file--media-2f92f361-1904-4142-acc9-a66852f01b18\" href=\"https:\/\/municipiodevillaaldamaver.gob.mx\/wp-content\/uploads\/2026\/07\/20.-LTAIPVIL15XIV-Concursos-para-ocupar-cargos-publicos.xlsx\">20. LTAIPVIL15XIV  Concursos para ocupar cargos p\u00fablicos<\/a><\/div>\n<\/details>\n<\/details>\n<\/details>\n\n\n\n<hr class=\"wp-block-separator has-alpha-channel-opacity\"\/>\n\n\n\n<details class=\"wp-block-details has-medium-font-size is-layout-flow wp-block-details-is-layout-flow\"><summary><strong>XV. LA INFORMACI\u00d3N DE LOS PORGRAMAS DE SUBSIDIOS, ESTIMULOS Y APOYOS<\/strong><\/summary>\n<details class=\"wp-block-details is-layout-flow wp-block-details-is-layout-flow\"><summary>INCISO A<\/summary>\n<details class=\"wp-block-details is-layout-flow wp-block-details-is-layout-flow\"><summary>2026<\/summary>\n<details class=\"wp-block-details is-layout-flow wp-block-details-is-layout-flow\"><summary>PRIMER TRIMESTRE<\/summary>\n<div class=\"wp-block-file\"><a id=\"wp-block-file--media-2c3d0ec0-e421-4ccc-8f0f-e786163e3cba\" href=\"https:\/\/municipiodevillaaldamaver.gob.mx\/wp-content\/uploads\/2026\/06\/21.-LTAIPVIL15XVa-Programas-sociales.xlsx\">21. LTAIPVIL15XVa  Programas sociales<\/a><\/div>\n<\/details>\n\n\n\n<details class=\"wp-block-details is-layout-flow wp-block-details-is-layout-flow\"><summary>SEGUNDO TRIMESTRE<\/summary>\n<div class=\"wp-block-file\"><a id=\"wp-block-file--media-95c1a307-7c03-41d6-94c3-b50bf2820d1e\" href=\"https:\/\/municipiodevillaaldamaver.gob.mx\/wp-content\/uploads\/2026\/07\/21.-LTAIPVIL15XVa-Programas-sociales.xlsx\">21. LTAIPVIL15XVa  Programas sociales<\/a><\/div>\n<\/details>\n<\/details>\n<\/details>\n\n\n\n<details class=\"wp-block-details is-layout-flow wp-block-details-is-layout-flow\"><summary>INCISO B<\/summary>\n<details class=\"wp-block-details is-layout-flow wp-block-details-is-layout-flow\"><summary>2026<\/summary>\n<details class=\"wp-block-details is-layout-flow wp-block-details-is-layout-flow\"><summary>PRIMER TRIMESTRE<\/summary>\n<div class=\"wp-block-file\"><a id=\"wp-block-file--media-b11c299c-23c3-45df-9978-23eedce2b76a\" href=\"https:\/\/municipiodevillaaldamaver.gob.mx\/wp-content\/uploads\/2026\/06\/22.-LTAIPVIL15XVb-Padron-de-personas-beneficiarias.xlsx\">22. LTAIPVIL15XVb  Padr\u00f3n de personas beneficiarias<\/a><\/div>\n<\/details>\n\n\n\n<details class=\"wp-block-details is-layout-flow wp-block-details-is-layout-flow\"><summary>SEGUNDO TRIMESTRE<\/summary>\n<div class=\"wp-block-file\"><a id=\"wp-block-file--media-2fc81644-d885-43b5-9ef6-2b1f21d22ca8\" href=\"https:\/\/municipiodevillaaldamaver.gob.mx\/wp-content\/uploads\/2026\/07\/22.-LTAIPVIL15XVb-Padron-de-personas-beneficiarias.xlsx\">22. LTAIPVIL15XVb  Padr\u00f3n de personas beneficiarias<\/a><\/div>\n<\/details>\n<\/details>\n<\/details>\n<\/details>\n\n\n\n<hr class=\"wp-block-separator has-alpha-channel-opacity\"\/>\n\n\n\n<details class=\"wp-block-details has-medium-font-size is-layout-flow wp-block-details-is-layout-flow\"><summary><strong>XVI. LAS CONDICIONES GENERALES DE TRABAJO<\/strong><\/summary>\n<details class=\"wp-block-details is-layout-flow wp-block-details-is-layout-flow\"><summary>INCISO A<\/summary>\n<details class=\"wp-block-details is-layout-flow wp-block-details-is-layout-flow\"><summary>2026<\/summary>\n<details class=\"wp-block-details is-layout-flow wp-block-details-is-layout-flow\"><summary>PRIMER TRIMESTRE<\/summary>\n<div class=\"wp-block-file\"><a id=\"wp-block-file--media-007e2cb0-2c99-4c4f-9be9-76debb2ff58f\" href=\"https:\/\/municipiodevillaaldamaver.gob.mx\/wp-content\/uploads\/2026\/06\/23.-LTAIPVIL15XVIa-Condiciones-generales-de-trabajo-y-sindicatos_Normatividad-laboral.xlsx\">23. LTAIPVIL15XVIa  Condiciones generales de trabajo y sindicatos_Normatividad laboral<\/a><\/div>\n<\/details>\n\n\n\n<details class=\"wp-block-details is-layout-flow wp-block-details-is-layout-flow\"><summary>SEGUNDO TRIMESTRE<\/summary>\n<div class=\"wp-block-file\"><a id=\"wp-block-file--media-ed37d881-af41-419e-9f00-2a4eff3fc76d\" href=\"https:\/\/municipiodevillaaldamaver.gob.mx\/wp-content\/uploads\/2026\/07\/23.-LTAIPVIL15XVIa-Condiciones-generales-de-trabajo-y-sindicatos_Normatividad-laboral.xlsx\">23. LTAIPVIL15XVIa  Condiciones generales de trabajo y sindicatos_Normatividad laboral<\/a><\/div>\n<\/details>\n<\/details>\n<\/details>\n\n\n\n<details class=\"wp-block-details is-layout-flow wp-block-details-is-layout-flow\"><summary>INCISO B<\/summary>\n<details class=\"wp-block-details is-layout-flow wp-block-details-is-layout-flow\"><summary>2026<\/summary>\n<details class=\"wp-block-details is-layout-flow wp-block-details-is-layout-flow\"><summary>PRIMER TRIMESTRE<\/summary>\n<div class=\"wp-block-file\"><a id=\"wp-block-file--media-55a78847-405f-47cb-9769-37841ca1d998\" href=\"https:\/\/municipiodevillaaldamaver.gob.mx\/wp-content\/uploads\/2026\/06\/24.-LTAIPVIL15XVIb-Condiciones-generales-de-trabajo-y-sindicatos_Recursos-publicos-entregados-a-sindicatos.xlsx\">24. LTAIPVIL15XVIb  Condiciones generales de trabajo y sindicatos_Recursos p\u00fablicos entregados a sindicatos<\/a><\/div>\n<\/details>\n\n\n\n<details class=\"wp-block-details is-layout-flow wp-block-details-is-layout-flow\"><summary>SEGUNDO TRIMESTRE<\/summary>\n<div class=\"wp-block-file\"><a id=\"wp-block-file--media-d05f893f-9209-48d6-8213-06fb73194439\" href=\"https:\/\/municipiodevillaaldamaver.gob.mx\/wp-content\/uploads\/2026\/07\/24.-LTAIPVIL15XVIb-Condiciones-generales-de-trabajo-y-sindicatos_Rec.-publicos-entregados-a-sindicatos.xlsx\">24. LTAIPVIL15XVIb  Condiciones generales de trabajo y sindicatos_Rec. p\u00fablicos entregados a sindicatos<\/a><\/div>\n<\/details>\n<\/details>\n<\/details>\n<\/details>\n\n\n\n<hr class=\"wp-block-separator has-alpha-channel-opacity\"\/>\n\n\n\n<details class=\"wp-block-details has-medium-font-size is-layout-flow wp-block-details-is-layout-flow\"><summary><strong>XVII. LA INFORMACION CURRICULAR DESDE EL NIVEL DE JEFE DE DEPARTAMENTO O EQUIVALENTE<\/strong><\/summary>\n<details class=\"wp-block-details is-layout-flow wp-block-details-is-layout-flow\"><summary>2026<\/summary>\n<details class=\"wp-block-details is-layout-flow wp-block-details-is-layout-flow\"><summary>PRIMER TRIMESTRE<\/summary>\n<div class=\"wp-block-file\"><a id=\"wp-block-file--media-a2030dee-fb51-42af-85af-e5d3aa03aa27\" href=\"https:\/\/municipiodevillaaldamaver.gob.mx\/wp-content\/uploads\/2026\/06\/25.-LTAIPVIL15XVII-Informacion-curricular-y-las-sanciones-administrativas-definitivas-de-las-personas-servidoras-publicas.xlsx\">25. LTAIPVIL15XVII  Informaci\u00f3n curricular y las sanciones administrativas definitivas de las personas servidoras p\u00fablicas<\/a><\/div>\n<\/details>\n\n\n\n<details class=\"wp-block-details is-layout-flow wp-block-details-is-layout-flow\"><summary>SEGUNDO TRIMESTRE<\/summary>\n<div class=\"wp-block-file\"><a id=\"wp-block-file--media-d6333578-374d-4b30-b61f-65744e655521\" href=\"https:\/\/municipiodevillaaldamaver.gob.mx\/wp-content\/uploads\/2026\/07\/25.-LTAIPVIL15XVII-Inf.-curricular-y-las-sanciones-adm.-definitivas-de-las-personas-servidoras-publicas.xlsx\">25. LTAIPVIL15XVII  Inf. curricular y las sanciones adm. definitivas de las personas servidoras p\u00fablicas<\/a><a href=\"https:\/\/municipiodevillaaldamaver.gob.mx\/wp-content\/uploads\/2026\/07\/25.-LTAIPVIL15XVII-Inf.-curricular-y-las-sanciones-adm.-definitivas-de-las-personas-servidoras-publicas.xlsx\" class=\"wp-block-file__button wp-element-button\" download aria-describedby=\"wp-block-file--media-d6333578-374d-4b30-b61f-65744e655521\">Descarga<\/a><\/div>\n<\/details>\n<\/details>\n<\/details>\n\n\n\n<hr class=\"wp-block-separator has-alpha-channel-opacity\"\/>\n\n\n\n<details class=\"wp-block-details has-medium-font-size is-layout-flow wp-block-details-is-layout-flow\"><summary><strong>XVIII. EL LISTADO DE SERVIDORES PUBLICOS CON SANCIONES ADMINISTRATIVAS DEFINITIVAS<\/strong><\/summary>\n<details class=\"wp-block-details is-layout-flow wp-block-details-is-layout-flow\"><summary>2026<\/summary>\n<details class=\"wp-block-details is-layout-flow wp-block-details-is-layout-flow\"><summary>PRIMER TRIMESTRE<\/summary>\n<div class=\"wp-block-file\"><a id=\"wp-block-file--media-bc4c0b7f-fd42-4e5d-9c4d-c1724c9bb2a7\" href=\"https:\/\/municipiodevillaaldamaver.gob.mx\/wp-content\/uploads\/2026\/06\/26.-LTAIPVIL15XVIII-Sanciones-administrativas-a-las-personas-servidoras-publicas.xlsx\">26. LTAIPVIL15XVIII  Sanciones administrativas a las personas servidoras p\u00fablicas<\/a><\/div>\n<\/details>\n\n\n\n<details class=\"wp-block-details is-layout-flow wp-block-details-is-layout-flow\"><summary>SEGUNDO TRIMESTRE<\/summary>\n<div class=\"wp-block-file\"><a id=\"wp-block-file--media-092d0a97-c09c-4f47-a133-c1aee293f1e7\" href=\"https:\/\/municipiodevillaaldamaver.gob.mx\/wp-content\/uploads\/2026\/07\/26.-LTAIPVIL15XVIII-Sanciones-administrativas-a-las-personas-servidoras-publicas.xlsx\">26. LTAIPVIL15XVIII  Sanciones administrativas a las personas servidoras p\u00fablicas<\/a><\/div>\n<\/details>\n<\/details>\n<\/details>\n\n\n\n<hr class=\"wp-block-separator has-alpha-channel-opacity\"\/>\n\n\n\n<details class=\"wp-block-details has-medium-font-size is-layout-flow wp-block-details-is-layout-flow\"><summary><strong>XIX. LOS SERVICIOS QUE OFRECEN SE\u00d1ALANDO LOS REQUISITOS PARA ACCEDER A ELLOS<\/strong><\/summary>\n<details class=\"wp-block-details is-layout-flow wp-block-details-is-layout-flow\"><summary>2026<\/summary>\n<details class=\"wp-block-details is-layout-flow wp-block-details-is-layout-flow\"><summary>PRIMER TRIMESTRE<\/summary>\n<div class=\"wp-block-file\"><a id=\"wp-block-file--media-504e6814-3c47-48c8-a0bc-b240367e6ab6\" href=\"https:\/\/municipiodevillaaldamaver.gob.mx\/wp-content\/uploads\/2026\/06\/27.-LTAIPVIL15XIX-Servicios-ofrecidos.xlsx\">27. LTAIPVIL15XIX  Servicios ofrecidos<\/a><\/div>\n<\/details>\n\n\n\n<details class=\"wp-block-details is-layout-flow wp-block-details-is-layout-flow\"><summary>SEGUNDO TRIMESTRE<\/summary>\n<div class=\"wp-block-file\"><a id=\"wp-block-file--media-b3bf97e2-fb82-4d61-a34f-28d1098bfe85\" href=\"https:\/\/municipiodevillaaldamaver.gob.mx\/wp-content\/uploads\/2026\/07\/27.-LTAIPVIL15XIX-Servicios-ofrecidos.xlsx\">27. LTAIPVIL15XIX  Servicios ofrecidos<\/a><\/div>\n<\/details>\n<\/details>\n<\/details>\n\n\n\n<hr class=\"wp-block-separator has-alpha-channel-opacity\"\/>\n\n\n\n<details class=\"wp-block-details has-medium-font-size is-layout-flow wp-block-details-is-layout-flow\"><summary><strong>XX. LOS TRAMITES, REQUISITOS Y FORMATOS QUE OFRECEN<\/strong><\/summary>\n<details class=\"wp-block-details is-layout-flow wp-block-details-is-layout-flow\"><summary>2026<\/summary>\n<details class=\"wp-block-details is-layout-flow wp-block-details-is-layout-flow\"><summary>PRIMER TRIMESTRE<\/summary>\n<div class=\"wp-block-file\"><a id=\"wp-block-file--media-9c1b2d88-a2b5-4189-868b-3eced7e36f85\" href=\"https:\/\/municipiodevillaaldamaver.gob.mx\/wp-content\/uploads\/2026\/06\/28.-LTAIPVIL15XX-Tramites-ofrecidos.xlsx\">28. LTAIPVIL15XX  Tr\u00e1mites ofrecidos<\/a><\/div>\n<\/details>\n\n\n\n<details class=\"wp-block-details is-layout-flow wp-block-details-is-layout-flow\"><summary>SEGUNDO TRIMESTRE<\/summary>\n<div class=\"wp-block-file\"><a id=\"wp-block-file--media-d432db5e-c219-4f1f-b163-97feb6d18bac\" href=\"https:\/\/municipiodevillaaldamaver.gob.mx\/wp-content\/uploads\/2026\/07\/28.-LTAIPVIL15XX-Tramites-ofrecidos.xlsx\">28. LTAIPVIL15XX  Tr\u00e1mites ofrecidos<\/a><\/div>\n<\/details>\n<\/details>\n<\/details>\n\n\n\n<hr class=\"wp-block-separator has-alpha-channel-opacity\"\/>\n\n\n\n<details class=\"wp-block-details has-medium-font-size is-layout-flow wp-block-details-is-layout-flow\"><summary><strong>XXI. LA INFORMACI\u00d3N FINANCIERA SOBRE EL PRESUPUESTO ASIGNADO<\/strong><\/summary>\n<details class=\"wp-block-details is-layout-flow wp-block-details-is-layout-flow\"><summary>INCISO A<\/summary>\n<details class=\"wp-block-details is-layout-flow wp-block-details-is-layout-flow\"><summary>2026<\/summary>\n<details class=\"wp-block-details is-layout-flow wp-block-details-is-layout-flow\"><summary>PRIMER TRIMESTRE<\/summary>\n<div class=\"wp-block-file\"><a id=\"wp-block-file--media-8b916d54-f781-43bc-90f8-3af129d97c8e\" href=\"https:\/\/municipiodevillaaldamaver.gob.mx\/wp-content\/uploads\/2026\/06\/29.-LTAIPVIL15XXIa-Presupuesto-asignado_Presupuesto-asignado-anual.xlsx\">29. LTAIPVIL15XXIa Presupuesto asignado_Presupuesto asignado anual<\/a><\/div>\n<\/details>\n\n\n\n<details class=\"wp-block-details is-layout-flow wp-block-details-is-layout-flow\"><summary>SEGUNDO TRIMESTRE<\/summary>\n<div class=\"wp-block-file\"><a id=\"wp-block-file--media-31999a13-e2ab-4dcc-9c1a-379a39d69bbc\" href=\"https:\/\/municipiodevillaaldamaver.gob.mx\/wp-content\/uploads\/2026\/07\/29.-LTAIPVIL15XXIa-Presupuesto-asignado_Presupuesto-asignado-anual.xlsx\">29. LTAIPVIL15XXIa Presupuesto asignado_Presupuesto asignado anual<\/a><\/div>\n<\/details>\n<\/details>\n<\/details>\n\n\n\n<details class=\"wp-block-details is-layout-flow wp-block-details-is-layout-flow\"><summary>INCISO B<\/summary>\n<details class=\"wp-block-details is-layout-flow wp-block-details-is-layout-flow\"><summary>2026<\/summary>\n<details class=\"wp-block-details is-layout-flow wp-block-details-is-layout-flow\"><summary>PRIMER TRIMESTRE<\/summary>\n<div class=\"wp-block-file\"><a id=\"wp-block-file--media-9d9fae51-1fea-44c4-aa7f-f5404676c5ff\" href=\"https:\/\/municipiodevillaaldamaver.gob.mx\/wp-content\/uploads\/2026\/06\/30.-LTAIPVIL15XXIb-Presupuesto-asignado_Ejercicio-de-los-egresos-presupuestarios.xlsx\">30. LTAIPVIL15XXIb  Presupuesto asignado_Ejercicio de los egresos presupuestarios<\/a><\/div>\n<\/details>\n\n\n\n<details class=\"wp-block-details is-layout-flow wp-block-details-is-layout-flow\"><summary>SEGUNDO TRIMESTRE<\/summary>\n<div class=\"wp-block-file\"><a id=\"wp-block-file--media-d2f1ff7a-24e2-4b9b-879c-899127a7bd9f\" href=\"https:\/\/municipiodevillaaldamaver.gob.mx\/wp-content\/uploads\/2026\/07\/30.-LTAIPVIL15XXIb-Presupuesto-asignado_Ejercicio-de-los-egresos-presupuestarios.xlsx\">30. LTAIPVIL15XXIb  Presupuesto asignado_Ejercicio de los egresos presupuestarios<\/a><\/div>\n<\/details>\n<\/details>\n<\/details>\n\n\n\n<details class=\"wp-block-details is-layout-flow wp-block-details-is-layout-flow\"><summary>INCISO C<\/summary>\n<details class=\"wp-block-details is-layout-flow wp-block-details-is-layout-flow\"><summary>2026<\/summary>\n<details class=\"wp-block-details is-layout-flow wp-block-details-is-layout-flow\"><summary>PRIMER TRIMESTRE<\/summary>\n<div class=\"wp-block-file\"><a id=\"wp-block-file--media-411b6016-e919-4c95-8edd-82a34b6065de\" href=\"https:\/\/municipiodevillaaldamaver.gob.mx\/wp-content\/uploads\/2026\/06\/31.-LTAIPVIL15XXIc-Presupuesto-asignado_Cuenta-publica.xlsx\">31. LTAIPVIL15XXIc  Presupuesto asignado_Cuenta p\u00fablica<\/a><\/div>\n<\/details>\n\n\n\n<details class=\"wp-block-details is-layout-flow wp-block-details-is-layout-flow\"><summary>SEGUNDO TRIMESTRE<\/summary>\n<div class=\"wp-block-file\"><a id=\"wp-block-file--media-98993488-89e4-4d4d-a203-2615e237641d\" href=\"https:\/\/municipiodevillaaldamaver.gob.mx\/wp-content\/uploads\/2026\/07\/31.-LTAIPVIL15XXIc-Presupuesto-asignado_Cuenta-publica.xlsx\">31. LTAIPVIL15XXIc  Presupuesto asignado_Cuenta p\u00fablica<\/a><\/div>\n<\/details>\n<\/details>\n<\/details>\n<\/details>\n\n\n\n<hr class=\"wp-block-separator has-alpha-channel-opacity\"\/>\n\n\n\n<details class=\"wp-block-details has-medium-font-size is-layout-flow wp-block-details-is-layout-flow\"><summary><strong>XXII. LA INFORMACI\u00d3N RELATIVA A LA DEUDA PUBLICA, EN TERMINOS DE LA NORMATIVIDAD APLICABLE<\/strong><\/summary>\n<details class=\"wp-block-details is-layout-flow wp-block-details-is-layout-flow\"><summary>2026<\/summary>\n<details class=\"wp-block-details is-layout-flow wp-block-details-is-layout-flow\"><summary>PRIMER TRIMESTRE<\/summary>\n<div class=\"wp-block-file\"><a id=\"wp-block-file--media-e23121c3-2271-4e9d-995a-5327248b974a\" href=\"https:\/\/municipiodevillaaldamaver.gob.mx\/wp-content\/uploads\/2026\/06\/32.-LTAIPVIL15XXII-Deuda-Publica.xlsx\">32. LTAIPVIL15XXII  Deuda P\u00fablica<\/a><\/div>\n<\/details>\n\n\n\n<details class=\"wp-block-details is-layout-flow wp-block-details-is-layout-flow\"><summary>SEGUNDO TRIMESTRE<\/summary>\n<div class=\"wp-block-file\"><a id=\"wp-block-file--media-dcca4ef9-158a-4251-89f4-2b376cd16825\" href=\"https:\/\/municipiodevillaaldamaver.gob.mx\/wp-content\/uploads\/2026\/07\/32.-LTAIPVIL15XXII-Deuda-Publica.xlsx\">32. LTAIPVIL15XXII  Deuda P\u00fablica<\/a><\/div>\n<\/details>\n<\/details>\n<\/details>\n\n\n\n<hr class=\"wp-block-separator has-alpha-channel-opacity\"\/>\n\n\n\n<details class=\"wp-block-details has-medium-font-size is-layout-flow wp-block-details-is-layout-flow\"><summary><strong>XXIII. LOS MONTOS DESTINADOS A GASTOS RELATIVOS A COMUNICACI\u00d3N LABORAL Y PUBLICIDAD OFICIAL<\/strong><\/summary>\n<details class=\"wp-block-details is-layout-flow wp-block-details-is-layout-flow\"><summary>INCISO A<\/summary>\n<details class=\"wp-block-details is-layout-flow wp-block-details-is-layout-flow\"><summary>2026<\/summary>\n<details class=\"wp-block-details is-layout-flow wp-block-details-is-layout-flow\"><summary>PRIMER TRIMESTRE<\/summary>\n<div class=\"wp-block-file\"><a id=\"wp-block-file--media-f82078cb-6005-45b7-a56f-a1b2deffbc93\" href=\"https:\/\/municipiodevillaaldamaver.gob.mx\/wp-content\/uploads\/2026\/06\/33.-LTAIPVIL15XXIIIa-Gastos-de-publicidad-oficial_Programa-Anual-de-Comunicacion-Social-o-equivalente.xlsx\">33. LTAIPVIL15XXIIIa  Gastos de publicidad oficial_Programa Anual de Comunicaci\u00f3n Social o equivalente<\/a><\/div>\n<\/details>\n\n\n\n<details class=\"wp-block-details is-layout-flow wp-block-details-is-layout-flow\"><summary>SEGUNDO TRIMESTRE<\/summary>\n<div class=\"wp-block-file\"><a id=\"wp-block-file--media-d32a27c9-a373-47e9-84e1-4bab9f189dfa\" href=\"https:\/\/municipiodevillaaldamaver.gob.mx\/wp-content\/uploads\/2026\/07\/33.-LTAIPVIL15XXIIIa-Gastos-de-publicidad-oficial_Prog.-Anual-de-Com.-Social-o-equivalente.xlsx\">33. LTAIPVIL15XXIIIa  Gastos de publicidad oficial_Prog. Anual de Com. Social o equivalente<\/a><\/div>\n<\/details>\n<\/details>\n<\/details>\n\n\n\n<details class=\"wp-block-details is-layout-flow wp-block-details-is-layout-flow\"><summary>INCISO B<\/summary>\n<details class=\"wp-block-details is-layout-flow wp-block-details-is-layout-flow\"><summary>2026<\/summary>\n<details class=\"wp-block-details is-layout-flow wp-block-details-is-layout-flow\"><summary>PRIMER TRIMESTRE<\/summary>\n<div class=\"wp-block-file\"><a id=\"wp-block-file--media-cb39afa3-a4f4-4941-8e3d-32956431654c\" href=\"https:\/\/municipiodevillaaldamaver.gob.mx\/wp-content\/uploads\/2026\/06\/34.-LTAIPVIL15XXIIIb-Gastos-de-publicidad-oficial_Contratacion-de-servicios-de-publicidad-oficial.xlsx\">34. LTAIPVIL15XXIIIb  Gastos de publicidad oficial_Contrataci\u00f3n de servicios de publicidad oficial<\/a><\/div>\n<\/details>\n\n\n\n<details class=\"wp-block-details is-layout-flow wp-block-details-is-layout-flow\"><summary>SEGUNDO TRIMESTRE<\/summary>\n<div class=\"wp-block-file\"><a id=\"wp-block-file--media-90e87683-7e51-4e06-80b8-b783f8a0d544\" href=\"https:\/\/municipiodevillaaldamaver.gob.mx\/wp-content\/uploads\/2026\/07\/34.-LTAIPVIL15XXIIIb-Gastos-de-publicidad-oficial_Contratacion-de-servicios-de-publicidad-oficial.xlsx\">34. LTAIPVIL15XXIIIb  Gastos de publicidad oficial_Contrataci\u00f3n de servicios de publicidad oficial<\/a><\/div>\n<\/details>\n<\/details>\n<\/details>\n\n\n\n<details class=\"wp-block-details is-layout-flow wp-block-details-is-layout-flow\"><summary>INCISO C<\/summary>\n<details class=\"wp-block-details is-layout-flow wp-block-details-is-layout-flow\"><summary>2026<\/summary>\n<details class=\"wp-block-details is-layout-flow wp-block-details-is-layout-flow\"><summary>PRIMER TRIMESTRE<\/summary>\n<div class=\"wp-block-file\"><a id=\"wp-block-file--media-1a6670aa-65bc-46e9-9ed3-7ffc15fbd82a\" href=\"https:\/\/municipiodevillaaldamaver.gob.mx\/wp-content\/uploads\/2026\/06\/35.-LTAIPVIL15XXIIIc-Gastos-de-publicidad-oficial_Utilizacion-de-los-tiempos-oficiales-en-radio-y-tv.xlsx\">35. LTAIPVIL15XXIIIc  Gastos de publicidad oficial_Utilizaci\u00f3n de los tiempos oficiales en radio y tv<\/a><\/div>\n<\/details>\n\n\n\n<details class=\"wp-block-details is-layout-flow wp-block-details-is-layout-flow\"><summary>SEGUNDO TRIMESTRE<\/summary>\n<div class=\"wp-block-file\"><a id=\"wp-block-file--media-44756811-9552-44e3-9a34-3030f77bfad9\" href=\"https:\/\/municipiodevillaaldamaver.gob.mx\/wp-content\/uploads\/2026\/07\/35.-LTAIPVIL15XXIIIc-Gastos-de-pub.-oficial_Utilizacion-de-los-tiempos-oficiales-en-radio-y-tv.xlsx\">35. LTAIPVIL15XXIIIc  Gastos de pub. oficial_Utilizaci\u00f3n de los tiempos oficiales en radio y tv<\/a><\/div>\n<\/details>\n<\/details>\n<\/details>\n<\/details>\n\n\n\n<hr class=\"wp-block-separator has-alpha-channel-opacity\"\/>\n\n\n\n<details class=\"wp-block-details has-medium-font-size is-layout-flow wp-block-details-is-layout-flow\"><summary><strong>XXIV. LOS INFORMES DE RESULTADOS DE LAS AUDITORIAS AL EJERCICIO PRESUPUESTAL DE CADA SUJETO OBLIGADO QUE REALICEN<\/strong><\/summary>\n<details class=\"wp-block-details is-layout-flow wp-block-details-is-layout-flow\"><summary>2026<\/summary>\n<details class=\"wp-block-details is-layout-flow wp-block-details-is-layout-flow\"><summary>PRIMER TRIMESTRE<\/summary>\n<div class=\"wp-block-file\"><a id=\"wp-block-file--media-a187902f-f817-4664-bd2d-09c6daf2b361\" href=\"https:\/\/municipiodevillaaldamaver.gob.mx\/wp-content\/uploads\/2026\/06\/36.-LTAIPVIL15XXIV-Resultados-de-auditorias-realizadas-1.xlsx\">36. LTAIPVIL15XXIV  Resultados de auditor\u00edas realizadas<\/a><\/div>\n<\/details>\n\n\n\n<details class=\"wp-block-details is-layout-flow wp-block-details-is-layout-flow\"><summary>SEGUNDO TRIMESTRE<\/summary>\n<div class=\"wp-block-file\"><a id=\"wp-block-file--media-52472526-fd17-4cc6-97f2-8a98a0a85caa\" href=\"https:\/\/municipiodevillaaldamaver.gob.mx\/wp-content\/uploads\/2026\/07\/36.-LTAIPVIL15XXIV-Resultados-de-auditorias-realizadas-1.xlsx\">36. LTAIPVIL15XXIV  Resultados de auditor\u00edas realizadas<\/a><\/div>\n<\/details>\n<\/details>\n<\/details>\n\n\n\n<hr class=\"wp-block-separator has-alpha-channel-opacity\"\/>\n\n\n\n<details class=\"wp-block-details has-medium-font-size is-layout-flow wp-block-details-is-layout-flow\"><summary><strong>XXV. EL RESULTADO DE LA DICTAMINACION DE LOS ESTADOS FINANCIEROS<\/strong><\/summary>\n<details class=\"wp-block-details is-layout-flow wp-block-details-is-layout-flow\"><summary>2026<\/summary>\n<details class=\"wp-block-details is-layout-flow wp-block-details-is-layout-flow\"><summary>PRIMER TRIMESTRE<\/summary>\n<div class=\"wp-block-file\"><a id=\"wp-block-file--media-91831546-9d44-48f9-8c9a-b44f47f848cc\" href=\"https:\/\/municipiodevillaaldamaver.gob.mx\/wp-content\/uploads\/2026\/06\/37.-LTAIPVIL15XXV-Resultados-de-la-dictaminacion-de-los-estados-financieros.xlsx\">37. LTAIPVIL15XXV  Resultados de la dictaminaci\u00f3n de los estados financieros<\/a><\/div>\n<\/details>\n\n\n\n<details class=\"wp-block-details is-layout-flow wp-block-details-is-layout-flow\"><summary>SEGUNDO TRIMESTRE<\/summary>\n<div class=\"wp-block-file\"><a id=\"wp-block-file--media-62ff2433-e267-4c5f-b41d-a6c8f654747a\" href=\"https:\/\/municipiodevillaaldamaver.gob.mx\/wp-content\/uploads\/2026\/07\/37.-LTAIPVIL15XXV-Resultados-de-la-dictaminacion-de-los-estados-financieros.xlsx\">37. LTAIPVIL15XXV  Resultados de la dictaminaci\u00f3n de los estados financieros<\/a><\/div>\n<\/details>\n<\/details>\n<\/details>\n\n\n\n<hr class=\"wp-block-separator has-alpha-channel-opacity\"\/>\n\n\n\n<details class=\"wp-block-details has-medium-font-size is-layout-flow wp-block-details-is-layout-flow\"><summary><strong>XXVI. LOS MONTOS, CRITERIOS, CONVOCATORIAS Y LISTADO DE PERSONAS FISICAS O MORALES<\/strong><\/summary>\n<details class=\"wp-block-details is-layout-flow wp-block-details-is-layout-flow\"><summary>2026<\/summary>\n<details class=\"wp-block-details is-layout-flow wp-block-details-is-layout-flow\"><summary>PRIMER TRIMESTRE<\/summary>\n<div class=\"wp-block-file\"><a id=\"wp-block-file--media-5d224d32-ab75-469e-9b01-31bf5599a7b2\" href=\"https:\/\/municipiodevillaaldamaver.gob.mx\/wp-content\/uploads\/2026\/06\/38.-LTAIPVIL15XXVI-Personas-que-usan-recursos-publicos.xlsx\">38. LTAIPVIL15XXVI Personas que usan recursos p\u00fablicos<\/a><\/div>\n<\/details>\n\n\n\n<details class=\"wp-block-details is-layout-flow wp-block-details-is-layout-flow\"><summary>SEGUNDO TRIMESTRE<\/summary>\n<div class=\"wp-block-file\"><a id=\"wp-block-file--media-a7a435e1-9a07-47e7-81f8-93612aeca260\" href=\"https:\/\/municipiodevillaaldamaver.gob.mx\/wp-content\/uploads\/2026\/07\/38.-LTAIPVIL15XXVI-Personas-que-usan-recursos-publicos.xlsx\">38. LTAIPVIL15XXVI Personas que usan recursos p\u00fablicos<\/a><\/div>\n<\/details>\n<\/details>\n<\/details>\n\n\n\n<hr class=\"wp-block-separator has-alpha-channel-opacity\"\/>\n\n\n\n<details class=\"wp-block-details has-medium-font-size is-layout-flow wp-block-details-is-layout-flow\"><summary><strong>XXVII. LAS CONCESIONES, CONTRATOS CONVENIOS, PERMISOS, LICENCIAS O AUTORIZACIONES OTORGADOS<\/strong><\/summary>\n<details class=\"wp-block-details is-layout-flow wp-block-details-is-layout-flow\"><summary>2026<\/summary>\n<details class=\"wp-block-details is-layout-flow wp-block-details-is-layout-flow\"><summary>PRIMER TRIMESTRE<\/summary>\n<div class=\"wp-block-file\"><a id=\"wp-block-file--media-42154752-db6f-4c4c-800e-ef7fe5b502c9\" href=\"https:\/\/municipiodevillaaldamaver.gob.mx\/wp-content\/uploads\/2026\/06\/39.-LTAIPVIL15XXVII-Las-concesiones-contratos-convenios-permisos-licencias-o-autorizaciones-otorgadas.xlsx\">39. LTAIPVIL15XXVII  Las concesiones, contratos, convenios, permisos, licencias o autorizaciones otorgadas<\/a><\/div>\n<\/details>\n\n\n\n<details class=\"wp-block-details is-layout-flow wp-block-details-is-layout-flow\"><summary>SEGUNDO TRIMESTRE<\/summary>\n<div class=\"wp-block-file\"><a id=\"wp-block-file--media-003768db-43e8-4114-b583-5969e2fcc059\" href=\"https:\/\/municipiodevillaaldamaver.gob.mx\/wp-content\/uploads\/2026\/07\/39.-LTAIPVIL15XXVII-Las-concesiones-contratos-convenios-permisos.xlsx\">39. LTAIPVIL15XXVII  Las concesiones, contratos, convenios, permisos<\/a><\/div>\n<\/details>\n<\/details>\n<\/details>\n\n\n\n<hr class=\"wp-block-separator has-alpha-channel-opacity\"\/>\n\n\n\n<details class=\"wp-block-details has-medium-font-size is-layout-flow wp-block-details-is-layout-flow\"><summary><strong>XXVIII. LA INFORMACI\u00d3N SOBRE LOS RESULTADOS SOBRE PROCEDIMIENTOS DE ADJUDICACION DIRECTA<\/strong><\/summary>\n<details class=\"wp-block-details is-layout-flow wp-block-details-is-layout-flow\"><summary>2026<\/summary>\n<details class=\"wp-block-details is-layout-flow wp-block-details-is-layout-flow\"><summary>PRIMER TRIMESTRE<\/summary>\n<div class=\"wp-block-file\"><a id=\"wp-block-file--media-2b33ee2a-db5b-46bb-9330-14fbfef4cac6\" href=\"https:\/\/municipiodevillaaldamaver.gob.mx\/wp-content\/uploads\/2026\/06\/40.-28-LGT_Art_70_Fr_XXVIII-Resultados-de-procedimientos-de-adjudicacion-directa-licitacion-publica-e-invitacion-restringida.xlsx\">40. 28-LGT_Art_70_Fr_XXVIII Resultados de procedimientos de adjudicaci\u00f3n directa, licitaci\u00f3n p\u00fablica e invitaci\u00f3n restringida<\/a><\/div>\n<\/details>\n\n\n\n<details class=\"wp-block-details is-layout-flow wp-block-details-is-layout-flow\"><summary>SEGUNDO TRIMESTRE<\/summary>\n<div class=\"wp-block-file\"><a id=\"wp-block-file--media-af83a99e-1074-4b59-81d7-c6ef556f7ee3\" href=\"https:\/\/municipiodevillaaldamaver.gob.mx\/wp-content\/uploads\/2026\/07\/28-LGT_Art_70_Fr_XXVIII-1-1.xlsx\">28-LGT_Art_70_Fr_XXVIII (1)<\/a><\/div>\n<\/details>\n<\/details>\n<\/details>\n\n\n\n<hr class=\"wp-block-separator has-alpha-channel-opacity\"\/>\n\n\n\n<details class=\"wp-block-details has-medium-font-size is-layout-flow wp-block-details-is-layout-flow\"><summary><strong>XXIX LOS INFORMES QUE POR DISPOSICION LEGAL GENEREN LOS SUJETOS OBLIGADOS<\/strong><\/summary>\n<details class=\"wp-block-details is-layout-flow wp-block-details-is-layout-flow\"><summary>2026<\/summary>\n<details class=\"wp-block-details is-layout-flow wp-block-details-is-layout-flow\"><summary>PRIMER TRIMESTRE<\/summary>\n<div class=\"wp-block-file\"><a id=\"wp-block-file--media-9f0a1d22-b102-4bfb-bee2-fad4d496ff33\" href=\"https:\/\/municipiodevillaaldamaver.gob.mx\/wp-content\/uploads\/2026\/06\/41.-LTAIPVIL15XXIX-Informes-emitidos.xlsx\">41. LTAIPVIL15XXIX  Informes emitidos<\/a><\/div>\n<\/details>\n\n\n\n<details class=\"wp-block-details is-layout-flow wp-block-details-is-layout-flow\"><summary>SEGUNDO TRIMESTRE<\/summary>\n<div class=\"wp-block-file\"><a id=\"wp-block-file--media-5fe1743c-8798-4dcf-ad4d-26424ea510d4\" href=\"https:\/\/municipiodevillaaldamaver.gob.mx\/wp-content\/uploads\/2026\/07\/41.-LTAIPVIL15XXIX-Informes-emitidos.xlsx\">41. LTAIPVIL15XXIX  Informes emitidos<\/a><\/div>\n<\/details>\n<\/details>\n<\/details>\n\n\n\n<hr class=\"wp-block-separator has-alpha-channel-opacity\"\/>\n\n\n\n<details class=\"wp-block-details has-medium-font-size is-layout-flow wp-block-details-is-layout-flow\"><summary><strong>XXX. LAS ESTADISTICAS QUE GENEREN EN CUMPLIMIENTO DE SUS FACULTADES, COMPETENCIAS O FUNCIONES<\/strong><\/summary>\n<details class=\"wp-block-details is-layout-flow wp-block-details-is-layout-flow\"><summary>2026<\/summary>\n<details class=\"wp-block-details is-layout-flow wp-block-details-is-layout-flow\"><summary>PRIMER TRIMESTRE<\/summary>\n<div class=\"wp-block-file\"><a id=\"wp-block-file--media-b9df3592-46d6-4bb6-a54c-02228c102252\" href=\"https:\/\/municipiodevillaaldamaver.gob.mx\/wp-content\/uploads\/2026\/06\/42.-LTAIPVIL15XXX-Estadisticas-generadas-TRANSPARENCIA.xlsx\">42. LTAIPVIL15XXX  Estad\u00edsticas generadas TRANSPARENCIA<\/a><\/div>\n<\/details>\n\n\n\n<details class=\"wp-block-details is-layout-flow wp-block-details-is-layout-flow\"><summary>SEGUNDO TRIMESTRE<\/summary>\n<div class=\"wp-block-file\"><a id=\"wp-block-file--media-3614a713-eb7c-4428-9ac7-a18c0eaab14f\" href=\"https:\/\/municipiodevillaaldamaver.gob.mx\/wp-content\/uploads\/2026\/07\/42.-LTAIPVIL15XXX-Estadisticas-generadas-TRANSPARENCIA.xlsx\">42. LTAIPVIL15XXX  Estad\u00edsticas generadas TRANSPARENCIA<\/a><\/div>\n<\/details>\n<\/details>\n<\/details>\n\n\n\n<hr class=\"wp-block-separator has-alpha-channel-opacity\"\/>\n\n\n\n<details class=\"wp-block-details has-medium-font-size is-layout-flow wp-block-details-is-layout-flow\"><summary><strong>XXXI. INFORME DE AVANCES PROGRAMATICOS O PRESUPUESTALES, BALANCES GENERALES Y SU ESTADO FINANCIERO<\/strong><\/summary>\n<details class=\"wp-block-details is-layout-flow wp-block-details-is-layout-flow\"><summary>INCISO A<\/summary>\n<details class=\"wp-block-details is-layout-flow wp-block-details-is-layout-flow\"><summary>2026<\/summary>\n<details class=\"wp-block-details is-layout-flow wp-block-details-is-layout-flow\"><summary>PRIMER TRIMESTRE<\/summary>\n<div class=\"wp-block-file\"><a id=\"wp-block-file--media-f5775113-8294-43ab-a136-00c156c9ff6e\" href=\"https:\/\/municipiodevillaaldamaver.gob.mx\/wp-content\/uploads\/2026\/06\/43.-LTAIPVIL15XXXIa-Gasto-por-Capitulo-Concepto-y-Partida.xlsx\">43. LTAIPVIL15XXXIa  Gasto por Cap\u00edtulo, Concepto y Partida<\/a><\/div>\n<\/details>\n\n\n\n<details class=\"wp-block-details is-layout-flow wp-block-details-is-layout-flow\"><summary>SEGUNDO TRIMESTRE<\/summary>\n<div class=\"wp-block-file\"><a id=\"wp-block-file--media-d1d26bca-cf41-4c7b-9d54-75341c9b60f2\" href=\"https:\/\/municipiodevillaaldamaver.gob.mx\/wp-content\/uploads\/2026\/07\/43.-LTAIPVIL15XXXIa-Gasto-por-Capitulo-Concepto-y-Partida.xlsx\">43. LTAIPVIL15XXXIa  Gasto por Cap\u00edtulo, Concepto y Partida<\/a><\/div>\n<\/details>\n<\/details>\n<\/details>\n\n\n\n<details class=\"wp-block-details is-layout-flow wp-block-details-is-layout-flow\"><summary>INCISO B<\/summary>\n<details class=\"wp-block-details is-layout-flow wp-block-details-is-layout-flow\"><summary>2026<\/summary>\n<details class=\"wp-block-details is-layout-flow wp-block-details-is-layout-flow\"><summary>PRIMER TRIMESTRE<\/summary>\n<div class=\"wp-block-file\"><a id=\"wp-block-file--media-2db49215-7eea-463a-a777-f411be3cf5a2\" href=\"https:\/\/municipiodevillaaldamaver.gob.mx\/wp-content\/uploads\/2026\/06\/44.-LTAIPVIL15XXXIb-Informe-financiero_Informes-financieros-contables-presupuestales-y-programaticos.xlsx\">44. LTAIPVIL15XXXIb  Informe financiero_Informes financieros contables, presupuestales y program\u00e1ticos<\/a><\/div>\n<\/details>\n\n\n\n<details class=\"wp-block-details is-layout-flow wp-block-details-is-layout-flow\"><summary>SEGUNDO TRIMESTRE<\/summary>\n<div class=\"wp-block-file\"><a id=\"wp-block-file--media-a6c84c1c-b83c-4283-8903-269eb4d8d74c\" href=\"https:\/\/municipiodevillaaldamaver.gob.mx\/wp-content\/uploads\/2026\/07\/44.-LTAIPVIL15XXXIb-Inf.-financiero_Inf.-financieros-contables-presupuestales-y-programaticos.xlsx\">44. LTAIPVIL15XXXIb  Inf. financiero_Inf. financieros contables, presupuestales y program\u00e1ticos<\/a><\/div>\n<\/details>\n<\/details>\n<\/details>\n<\/details>\n\n\n\n<hr class=\"wp-block-separator has-alpha-channel-opacity\"\/>\n\n\n\n<details class=\"wp-block-details has-medium-font-size is-layout-flow wp-block-details-is-layout-flow\"><summary><strong>XXXII. PADRON DE PROVEEDORES Y CONTRATISTAS<\/strong><\/summary>\n<details class=\"wp-block-details is-layout-flow wp-block-details-is-layout-flow\"><summary>2026<\/summary>\n<details class=\"wp-block-details is-layout-flow wp-block-details-is-layout-flow\"><summary>PRIMER TRIMESTRE<\/summary>\n<div class=\"wp-block-file\"><a id=\"wp-block-file--media-499eed2a-c8ad-4d07-9008-8529885064f5\" href=\"https:\/\/municipiodevillaaldamaver.gob.mx\/wp-content\/uploads\/2026\/06\/45.-LTAIPVIL15XXXII-Padron-de-personas-proveedoras-y-contratistas.xlsx\">45. LTAIPVIL15XXXII  Padr\u00f3n de personas proveedoras y contratistas<\/a><\/div>\n<\/details>\n\n\n\n<details class=\"wp-block-details is-layout-flow wp-block-details-is-layout-flow\"><summary>SEGUNDO TRIMESTRE<\/summary>\n<div class=\"wp-block-file\"><a id=\"wp-block-file--media-c6f63fd8-b5a1-4312-a30d-39b3b888a84d\" href=\"https:\/\/municipiodevillaaldamaver.gob.mx\/wp-content\/uploads\/2026\/07\/45.-LTAIPVIL15XXXII-Padron-de-personas-proveedoras-y-contratistas.xlsx\">45. LTAIPVIL15XXXII  Padr\u00f3n de personas proveedoras y contratistas<\/a><\/div>\n<\/details>\n<\/details>\n<\/details>\n\n\n\n<hr class=\"wp-block-separator has-alpha-channel-opacity\"\/>\n\n\n\n<details class=\"wp-block-details has-medium-font-size is-layout-flow wp-block-details-is-layout-flow\"><summary><strong>XXXIII. LOS CONVENIOS DE COORDINACION DE CONCENTRACION CON LOS SECTORES SOCIAL Y PRIVADO<\/strong><\/summary>\n<details class=\"wp-block-details is-layout-flow wp-block-details-is-layout-flow\"><summary>2026<\/summary>\n<details class=\"wp-block-details is-layout-flow wp-block-details-is-layout-flow\"><summary>PRIMER TRIMESTRE<\/summary>\n<div class=\"wp-block-file\"><a id=\"wp-block-file--media-9430178b-2428-4d88-a353-2fbb53efbdec\" href=\"https:\/\/municipiodevillaaldamaver.gob.mx\/wp-content\/uploads\/2026\/06\/46.-LTAIPVIL15XXXIII-Convenios-de-coordinacion-de-concertacion-con-el-sector-social-o-privado.xlsx\">46. LTAIPVIL15XXXIII Convenios de coordinaci\u00f3n, de concertaci\u00f3n con el sector social o privado<\/a><\/div>\n<\/details>\n\n\n\n<details class=\"wp-block-details is-layout-flow wp-block-details-is-layout-flow\"><summary>SEGUNDO TRIMESTRE<\/summary>\n<div class=\"wp-block-file\"><a id=\"wp-block-file--media-2862f0bb-37a8-4fd8-a756-658681347bb3\" href=\"https:\/\/municipiodevillaaldamaver.gob.mx\/wp-content\/uploads\/2026\/07\/46.-LTAIPVIL15XXXIII-Convenios-de-coordinacion-de-concertacion-con-el-sector-social-o-privado.xlsx\">46. LTAIPVIL15XXXIII Convenios de coordinaci\u00f3n, de concertaci\u00f3n con el sector social o privado<\/a><\/div>\n<\/details>\n<\/details>\n<\/details>\n\n\n\n<hr class=\"wp-block-separator has-alpha-channel-opacity\"\/>\n\n\n\n<details class=\"wp-block-details has-medium-font-size is-layout-flow wp-block-details-is-layout-flow\"><summary><strong>XXXIV. EL INVENTARIO DE BIENES MUEBLES E INMUEBLES EN POSESION Y PROPIEDAD<\/strong><\/summary>\n<details class=\"wp-block-details is-layout-flow wp-block-details-is-layout-flow\"><summary>INCISO A<\/summary>\n<details class=\"wp-block-details is-layout-flow wp-block-details-is-layout-flow\"><summary>2026<\/summary>\n<details class=\"wp-block-details is-layout-flow wp-block-details-is-layout-flow\"><summary>PRIMER TRIMESTRE<\/summary>\n<div class=\"wp-block-file\"><a id=\"wp-block-file--media-924bf8b9-947b-4482-942d-0f1ac886023c\" href=\"https:\/\/municipiodevillaaldamaver.gob.mx\/wp-content\/uploads\/2026\/06\/47.-LTAIPVIL15XXXIVa-Inventario_Inventario-de-bienes-muebles.xlsx\">47. LTAIPVIL15XXXIVa  Inventario_Inventario de bienes muebles<\/a><\/div>\n<\/details>\n\n\n\n<details class=\"wp-block-details is-layout-flow wp-block-details-is-layout-flow\"><summary>SEGUNDO TRIMESTRE<\/summary>\n<div class=\"wp-block-file\"><a id=\"wp-block-file--media-3887e8fb-5706-4d0b-93db-b11770c110b0\" href=\"https:\/\/municipiodevillaaldamaver.gob.mx\/wp-content\/uploads\/2026\/07\/47.-LTAIPVIL15XXXIVa-Inventario_Inventario-de-bienes-muebles.xlsx\">47. LTAIPVIL15XXXIVa  Inventario_Inventario de bienes muebles<\/a><\/div>\n<\/details>\n<\/details>\n<\/details>\n\n\n\n<details class=\"wp-block-details is-layout-flow wp-block-details-is-layout-flow\"><summary>INCISO G<\/summary>\n<details class=\"wp-block-details is-layout-flow wp-block-details-is-layout-flow\"><summary>2026<\/summary>\n<details class=\"wp-block-details is-layout-flow wp-block-details-is-layout-flow\"><summary>PRIMER TRIMESTRE<\/summary>\n<div class=\"wp-block-file\"><a id=\"wp-block-file--media-bb99341b-4f61-46c6-9931-f19419cbeee0\" href=\"https:\/\/municipiodevillaaldamaver.gob.mx\/wp-content\/uploads\/2026\/06\/53.-LTAIPVIL15XXXIVg-Inventario-de-bienes-muebles-e-inmuebles-donados.xlsx\">53. LTAIPVIL15XXXIVg  Inventario de bienes muebles e inmuebles donados<\/a><\/div>\n<\/details>\n\n\n\n<details class=\"wp-block-details is-layout-flow wp-block-details-is-layout-flow\"><summary>SEGUNDO TRIMESTRE<\/summary>\n<div class=\"wp-block-file\"><a id=\"wp-block-file--media-b42579a1-350e-41ad-aa5d-cc9816c813cf\" href=\"https:\/\/municipiodevillaaldamaver.gob.mx\/wp-content\/uploads\/2026\/07\/53.-LTAIPVIL15XXXIVg-Inventario-de-bienes-muebles-e-inmuebles-donados.xlsx\">53. LTAIPVIL15XXXIVg  Inventario de bienes muebles e inmuebles donados<\/a><\/div>\n<\/details>\n<\/details>\n<\/details>\n<\/details>\n\n\n\n<hr class=\"wp-block-separator has-alpha-channel-opacity\"\/>\n\n\n\n<details class=\"wp-block-details has-medium-font-size is-layout-flow wp-block-details-is-layout-flow\"><summary><strong>XXXV. LAS RECOMENDACIONES EMITIDAS POR LOS \u00d3RGANOS P\u00daBLICOS<\/strong><\/summary>\n<details class=\"wp-block-details is-layout-flow wp-block-details-is-layout-flow\"><summary>INCISO A<\/summary>\n<details class=\"wp-block-details is-layout-flow wp-block-details-is-layout-flow\"><summary>2026<\/summary>\n<details class=\"wp-block-details is-layout-flow wp-block-details-is-layout-flow\"><summary>PRIMER TRIMESTRE<\/summary>\n<div class=\"wp-block-file\"><a id=\"wp-block-file--media-596a9310-31e0-4227-9c58-93e5de6d1f38\" href=\"https:\/\/municipiodevillaaldamaver.gob.mx\/wp-content\/uploads\/2026\/06\/54.-LTAIPVIL15XXXVa-Recomendaciones-derechos-humanos_Recomendaciones-de-organismos-garantes-de-derechos-humanos.xlsx\">54. LTAIPVIL15XXXVa  Recomendaciones derechos humanos_Recomendaciones de organismos garantes de derechos humanos<\/a><\/div>\n<\/details>\n\n\n\n<details class=\"wp-block-details is-layout-flow wp-block-details-is-layout-flow\"><summary>SEGUNDO TRIMESTRE<\/summary>\n<div class=\"wp-block-file\"><a id=\"wp-block-file--media-1d3f5ae3-d103-4496-b05d-ccaccbd99460\" href=\"https:\/\/municipiodevillaaldamaver.gob.mx\/wp-content\/uploads\/2026\/07\/54.-LTAIPVIL15XXXVa-Recomendaciones-derechos-humanos_Recomendaciones-de-organismos-garantes-de-derechos-humanos.xlsx\">54. LTAIPVIL15XXXVa  Recomendaciones derechos humanos_Recomendaciones de organismos garantes de derechos humanos<\/a><\/div>\n<\/details>\n<\/details>\n<\/details>\n\n\n\n<details class=\"wp-block-details is-layout-flow wp-block-details-is-layout-flow\"><summary>INCISO B<\/summary>\n<details class=\"wp-block-details is-layout-flow wp-block-details-is-layout-flow\"><summary>2026<\/summary>\n<details class=\"wp-block-details is-layout-flow wp-block-details-is-layout-flow\"><summary>PRIMER TRIMESTRE<\/summary>\n<div class=\"wp-block-file\"><a id=\"wp-block-file--media-95d1d07e-13c2-4760-ae32-a13349b72cd4\" href=\"https:\/\/municipiodevillaaldamaver.gob.mx\/wp-content\/uploads\/2026\/06\/55.-LTAIPVIL15XXXVb-Recomendaciones-derechos-humanos_Casos-especiales-de-organismos-garantes-de-derechos-humanos.xlsx\">55. LTAIPVIL15XXXVb  Recomendaciones derechos humanos_Casos especiales de organismos garantes de derechos humanos<\/a><\/div>\n<\/details>\n\n\n\n<details class=\"wp-block-details is-layout-flow wp-block-details-is-layout-flow\"><summary>SEGUNDO TRIMESTRE<\/summary>\n<div class=\"wp-block-file\"><a id=\"wp-block-file--media-df5d8cd0-0a7f-4071-af9d-3e914c531235\" href=\"https:\/\/municipiodevillaaldamaver.gob.mx\/wp-content\/uploads\/2026\/07\/55.-LTAIPVIL15XXXVb-Recomendaciones-derechos-humanos_Casos-especiales-de-organismos-garantes-de-derechos-humanos.xlsx\">55. LTAIPVIL15XXXVb  Recomendaciones derechos humanos_Casos especiales de organismos garantes de derechos humanos<\/a><\/div>\n<\/details>\n<\/details>\n<\/details>\n\n\n\n<details class=\"wp-block-details is-layout-flow wp-block-details-is-layout-flow\"><summary>INCISO C<\/summary>\n<details class=\"wp-block-details is-layout-flow wp-block-details-is-layout-flow\"><summary>2026<\/summary>\n<details class=\"wp-block-details is-layout-flow wp-block-details-is-layout-flow\"><summary>PRIMER TRIMESTRE<\/summary>\n<div class=\"wp-block-file\"><a id=\"wp-block-file--media-019edef6-d6c4-4fcb-9a0f-7fb02c4fe6d6\" href=\"https:\/\/municipiodevillaaldamaver.gob.mx\/wp-content\/uploads\/2026\/06\/56.-LTAIPVIL15XXXVc-Recomendaciones-derechos-humanos_Recomendaciones-de-organismos-internacionales-de-derechos-humanos.xlsx\">56. LTAIPVIL15XXXVc  Recomendaciones derechos humanos_Recomendaciones de organismos internacionales de derechos humanos<\/a><\/div>\n<\/details>\n\n\n\n<details class=\"wp-block-details is-layout-flow wp-block-details-is-layout-flow\"><summary>SEGUNDO TRIMESTRE<\/summary>\n<div class=\"wp-block-file\"><a id=\"wp-block-file--media-09b9d6c2-776d-4584-ba96-f2a0d996a4a6\" href=\"https:\/\/municipiodevillaaldamaver.gob.mx\/wp-content\/uploads\/2026\/07\/56.-LTAIPVIL15XXXVc-Recomendaciones-derechos-humanos_Recomendaciones-de-organismos-internacionales-de-derechos-humanos.xlsx\">56. LTAIPVIL15XXXVc  Recomendaciones derechos humanos_Recomendaciones de organismos internacionales de derechos humanos<\/a><\/div>\n<\/details>\n<\/details>\n<\/details>\n<\/details>\n\n\n\n<hr class=\"wp-block-separator has-alpha-channel-opacity\"\/>\n\n\n\n<details class=\"wp-block-details has-medium-font-size is-layout-flow wp-block-details-is-layout-flow\"><summary><strong>XXXVI. LAS RESOLUCIONES Y LAUDOS QUE SE EMITAN EN PROCESOS O PROCEDIMIENTOS SEGUIDOS EN FORMA DE JUICIO<\/strong><\/summary>\n<details class=\"wp-block-details is-layout-flow wp-block-details-is-layout-flow\"><summary>2026<\/summary>\n<details class=\"wp-block-details is-layout-flow wp-block-details-is-layout-flow\"><summary>PRIMER TRIMESTRE<\/summary>\n<div class=\"wp-block-file\"><a id=\"wp-block-file--media-ab0b43dd-1810-437a-87d7-1459c9025ba9\" href=\"https:\/\/municipiodevillaaldamaver.gob.mx\/wp-content\/uploads\/2026\/06\/57.-LTAIPVIL15XXXVI-Resoluciones-y-laudos-emitidos.xlsx\">57. LTAIPVIL15XXXVI  Resoluciones y laudos emitidos<\/a><\/div>\n<\/details>\n\n\n\n<details class=\"wp-block-details is-layout-flow wp-block-details-is-layout-flow\"><summary>SEGUNDO TRIMESTRE<\/summary>\n<div class=\"wp-block-file\"><a id=\"wp-block-file--media-f5f94481-a294-4442-99ad-fed4b86f93bb\" href=\"https:\/\/municipiodevillaaldamaver.gob.mx\/wp-content\/uploads\/2026\/07\/57.-LTAIPVIL15XXXVI-Resoluciones-y-laudos-emitidos.xlsx\">57. LTAIPVIL15XXXVI  Resoluciones y laudos emitidos<\/a><\/div>\n<\/details>\n<\/details>\n<\/details>\n\n\n\n<hr class=\"wp-block-separator has-alpha-channel-opacity\"\/>\n\n\n\n<details class=\"wp-block-details has-medium-font-size is-layout-flow wp-block-details-is-layout-flow\"><summary><strong>XXXVII. LOS MECANISMOS DE PARTICION CIUDADANA<\/strong><\/summary>\n<details class=\"wp-block-details is-layout-flow wp-block-details-is-layout-flow\"><summary>INCISO A<\/summary>\n<details class=\"wp-block-details is-layout-flow wp-block-details-is-layout-flow\"><summary>2026<\/summary>\n<details class=\"wp-block-details is-layout-flow wp-block-details-is-layout-flow\"><summary>PRIMER TRIMESTRE<\/summary>\n<div class=\"wp-block-file\"><a id=\"wp-block-file--media-e561ff3b-eb1b-4fba-a4af-670b56f76bb6\" href=\"https:\/\/municipiodevillaaldamaver.gob.mx\/wp-content\/uploads\/2026\/06\/58.-LTAIPVIL15XXXVIIa-Participacion-ciudadana_Mecanismos-de-participacion-ciudadana.xlsx\">58. LTAIPVIL15XXXVIIa  Participaci\u00f3n ciudadana_Mecanismos de participaci\u00f3n ciudadana<\/a><\/div>\n<\/details>\n\n\n\n<details class=\"wp-block-details is-layout-flow wp-block-details-is-layout-flow\"><summary>SEGUNDO TRIMESTRE<\/summary>\n<div class=\"wp-block-file\"><a id=\"wp-block-file--media-0a77f799-48ab-4d68-9062-d949402db916\" href=\"https:\/\/municipiodevillaaldamaver.gob.mx\/wp-content\/uploads\/2026\/07\/58.-LTAIPVIL15XXXVlIa-Participacion-ciudadana_Mecanismos-de-participacion-ciudadana.xlsx\">58. LTAIPVIL15XXXVlIa  Participaci\u00f3n ciudadana_Mecanismos de participaci\u00f3n ciudadana<\/a><\/div>\n<\/details>\n<\/details>\n<\/details>\n\n\n\n<details class=\"wp-block-details is-layout-flow wp-block-details-is-layout-flow\"><summary>INCISO B<\/summary>\n<details class=\"wp-block-details is-layout-flow wp-block-details-is-layout-flow\"><summary>2026<\/summary>\n<details class=\"wp-block-details is-layout-flow wp-block-details-is-layout-flow\"><summary>PRIMER TRIMESTRE<\/summary>\n<div class=\"wp-block-file\"><a id=\"wp-block-file--media-aec18537-4006-4a83-8a5d-2b1400e579e7\" href=\"https:\/\/municipiodevillaaldamaver.gob.mx\/wp-content\/uploads\/2026\/06\/59.-LTAIPVIL15XXXVIIb-Participacion-ciudadana_Resultado-de-los-mecanismos-de-participacion.xlsx\">59. LTAIPVIL15XXXVIIb  Participaci\u00f3n ciudadana_Resultado de los mecanismos de participaci\u00f3n<\/a><\/div>\n<\/details>\n\n\n\n<details class=\"wp-block-details is-layout-flow wp-block-details-is-layout-flow\"><summary>SEGUNDO TRIMESTRE<\/summary>\n<div class=\"wp-block-file\"><a id=\"wp-block-file--media-dda44565-8574-4f12-8878-74cee48f3476\" href=\"https:\/\/municipiodevillaaldamaver.gob.mx\/wp-content\/uploads\/2026\/07\/59.-LTAIPVIL15XXXVIIb-Participacion-ciudadana_Resultado-de-los-mecanismos-de-participacion.xlsx\">59. LTAIPVIL15XXXVIIb  Participaci\u00f3n ciudadana_Resultado de los mecanismos de participaci\u00f3n<\/a><\/div>\n<\/details>\n<\/details>\n<\/details>\n<\/details>\n\n\n\n<hr class=\"wp-block-separator has-alpha-channel-opacity\"\/>\n\n\n\n<details class=\"wp-block-details has-medium-font-size is-layout-flow wp-block-details-is-layout-flow\"><summary><strong>XXXVIII. LOS PROGRAMAS QUE OFRECEN, INCLUYENDO INFORMACION SOBRE LA POBLACION, OBJETIVO Y DESTINO<\/strong><\/summary>\n<details class=\"wp-block-details is-layout-flow wp-block-details-is-layout-flow\"><summary>INCISO A<\/summary>\n<details class=\"wp-block-details is-layout-flow wp-block-details-is-layout-flow\"><summary>2026<\/summary>\n<details class=\"wp-block-details is-layout-flow wp-block-details-is-layout-flow\"><summary>PRIMER TRIMESTRE<\/summary>\n<div class=\"wp-block-file\"><a id=\"wp-block-file--media-8b5ed5e0-818f-4a3f-955d-439510fb5fec\" href=\"https:\/\/municipiodevillaaldamaver.gob.mx\/wp-content\/uploads\/2026\/06\/60.-LTAIPVIL15XXXVIIIa-Otros-programas_Programas-que-ofrecen.xlsx\">60. LTAIPVIL15XXXVIIIa  Otros programas_Programas que ofrecen<\/a><\/div>\n<\/details>\n\n\n\n<details class=\"wp-block-details is-layout-flow wp-block-details-is-layout-flow\"><summary>SEGUNDO TRIMESTRE<\/summary>\n<div class=\"wp-block-file\"><a id=\"wp-block-file--media-0959068e-a7ba-463d-97db-56f93669d9c3\" href=\"https:\/\/municipiodevillaaldamaver.gob.mx\/wp-content\/uploads\/2026\/07\/60.-LTAIPVIL15XXXVIIIa-Otros-programas_Programas-que-ofrecen.xlsx\">60. LTAIPVIL15XXXVIIIa  Otros programas_Programas que ofrecen<\/a><\/div>\n<\/details>\n<\/details>\n<\/details>\n\n\n\n<details class=\"wp-block-details is-layout-flow wp-block-details-is-layout-flow\"><summary>INCISO B<\/summary>\n<details class=\"wp-block-details is-layout-flow wp-block-details-is-layout-flow\"><summary>2026<\/summary>\n<details class=\"wp-block-details is-layout-flow wp-block-details-is-layout-flow\"><summary>PRIMER TRIMESTRE<\/summary>\n<div class=\"wp-block-file\"><a id=\"wp-block-file--media-a534f9b6-fdb9-42b6-904d-0f3b8c2801d4\" href=\"https:\/\/municipiodevillaaldamaver.gob.mx\/wp-content\/uploads\/2026\/06\/61.-LTAIPVIL15XXXVIIIb-Otros-programas_Tramites-para-acceder-a-programas-que-ofrecen.xlsx\">61. LTAIPVIL15XXXVIIIb  Otros programas_Tr\u00e1mites para acceder a programas que ofrecen<\/a><\/div>\n<\/details>\n\n\n\n<details class=\"wp-block-details is-layout-flow wp-block-details-is-layout-flow\"><summary>SEGUNDO TRIMESTRE<\/summary>\n<div class=\"wp-block-file\"><a id=\"wp-block-file--media-656244e5-4ea3-4db5-b55b-02720ccf2f8d\" href=\"https:\/\/municipiodevillaaldamaver.gob.mx\/wp-content\/uploads\/2026\/07\/61.-LTAIPVIL15XXXVIIIb-Otros-programas_Tramites-para-acceder-a-programas-que-ofrecen.xlsx\">61. LTAIPVIL15XXXVIIIb  Otros programas_Tr\u00e1mites para acceder a programas que ofrecen<\/a><\/div>\n<\/details>\n<\/details>\n<\/details>\n<\/details>\n\n\n\n<hr class=\"wp-block-separator has-alpha-channel-opacity\"\/>\n\n\n\n<details class=\"wp-block-details has-medium-font-size is-layout-flow wp-block-details-is-layout-flow\"><summary><strong>XXXIX. RESOLUCIONES EN MATERIA DE ACCESO A LA INFORMACION<\/strong><\/summary>\n<details class=\"wp-block-details is-layout-flow wp-block-details-is-layout-flow\"><summary>INCISO A<\/summary>\n<details class=\"wp-block-details is-layout-flow wp-block-details-is-layout-flow\"><summary>2026<\/summary>\n<details class=\"wp-block-details is-layout-flow wp-block-details-is-layout-flow\"><summary>PRIMER TRIMESTRE<\/summary>\n<div class=\"wp-block-file\"><a id=\"wp-block-file--media-ab97958b-e370-4d5d-9093-692769bc4aa0\" href=\"https:\/\/municipiodevillaaldamaver.gob.mx\/wp-content\/uploads\/2026\/06\/62.-LTAIPVIL15XXXIXa-Resoluciones-en-materia-de-acceso-a-la-informacion-del-Comite-de-Transparencia.xlsx\">62. LTAIPVIL15XXXIXa Resoluciones en materia de acceso a la informaci\u00f3n del Comit\u00e9 de Transparencia<\/a><\/div>\n<\/details>\n\n\n\n<details class=\"wp-block-details is-layout-flow wp-block-details-is-layout-flow\"><summary>SEGUNDO TRIMESTRE<\/summary>\n<div class=\"wp-block-file\"><a id=\"wp-block-file--media-6880a134-420d-4c67-8efb-11f57de6a423\" href=\"https:\/\/municipiodevillaaldamaver.gob.mx\/wp-content\/uploads\/2026\/07\/62.-LTAIPVIL15XXXIXa-Resoluciones-en-materia-de-acceso-a-la-informacion-del-Comite-de-Transparencia.xlsx\">62. LTAIPVIL15XXXIXa Resoluciones en materia de acceso a la informaci\u00f3n del Comit\u00e9 de Transparencia<\/a><\/div>\n<\/details>\n<\/details>\n<\/details>\n\n\n\n<details class=\"wp-block-details is-layout-flow wp-block-details-is-layout-flow\"><summary>INCISO B<\/summary>\n<details class=\"wp-block-details is-layout-flow wp-block-details-is-layout-flow\"><summary>2026<\/summary>\n<details class=\"wp-block-details is-layout-flow wp-block-details-is-layout-flow\"><summary>PRIMER TRIMESTRE<\/summary>\n<div class=\"wp-block-file\"><a id=\"wp-block-file--media-b29dff01-491e-49e4-b967-93082ca076a7\" href=\"https:\/\/municipiodevillaaldamaver.gob.mx\/wp-content\/uploads\/2026\/06\/63.-LTAIPVIL15XXXIXb-Resoluciones-de-las-acciones-y-politicas-del-Comite-de-Transparencia.xlsx\">63. LTAIPVIL15XXXIXb  Resoluciones de las acciones y pol\u00edticas del Comit\u00e9 de Transparencia<\/a><\/div>\n<\/details>\n\n\n\n<details class=\"wp-block-details is-layout-flow wp-block-details-is-layout-flow\"><summary>SEGUNDO TRIMESTRE<\/summary>\n<div class=\"wp-block-file\"><a id=\"wp-block-file--media-d32a5806-2c6f-4f1b-b6df-bd97dfbe6895\" href=\"https:\/\/municipiodevillaaldamaver.gob.mx\/wp-content\/uploads\/2026\/07\/63.-LTAIPVIL15XXXIXb-Resoluciones-de-las-acciones-y-politicas-del-Comite-de-Transparencia.xlsx\">63. LTAIPVIL15XXXIXb  Resoluciones de las acciones y pol\u00edticas del Comit\u00e9 de Transparencia<\/a><\/div>\n<\/details>\n<\/details>\n<\/details>\n\n\n\n<details class=\"wp-block-details is-layout-flow wp-block-details-is-layout-flow\"><summary>INCISO C<\/summary>\n<details class=\"wp-block-details is-layout-flow wp-block-details-is-layout-flow\"><summary>2026<\/summary>\n<details class=\"wp-block-details is-layout-flow wp-block-details-is-layout-flow\"><summary>PRIMER TRIMESTRE<\/summary>\n<div class=\"wp-block-file\"><a id=\"wp-block-file--media-947bd1df-0e28-4d52-a9e2-670f09223d86\" href=\"https:\/\/municipiodevillaaldamaver.gob.mx\/wp-content\/uploads\/2026\/06\/64.-LTAIPVIL15XXXIXc-Actas-y-resoluciones-Comite-de-Transparencia_Integrantes-del-Comite-de-Transparencia.xlsx\">64. LTAIPVIL15XXXIXc Actas y resoluciones Comit\u00e9 de Transparencia_Integrantes del Comit\u00e9 de Transparencia<\/a><\/div>\n<\/details>\n\n\n\n<details class=\"wp-block-details is-layout-flow wp-block-details-is-layout-flow\"><summary>SEGUNDO TRIMESTRE<\/summary>\n<div class=\"wp-block-file\"><a id=\"wp-block-file--media-06477f17-ec87-4528-8119-52e9bcba95b3\" href=\"https:\/\/municipiodevillaaldamaver.gob.mx\/wp-content\/uploads\/2026\/07\/64.-LTAIPVIL15XXXIXc-Actas-y-resoluciones-Comite-de-Transparencia_Integrantes-del-Comite-de-Transparencia.xlsx\">64. LTAIPVIL15XXXIXc Actas y resoluciones Comit\u00e9 de Transparencia_Integrantes del Comit\u00e9 de Transparencia<\/a><\/div>\n<\/details>\n<\/details>\n<\/details>\n\n\n\n<details class=\"wp-block-details is-layout-flow wp-block-details-is-layout-flow\"><summary>INCISO D1<\/summary>\n<details class=\"wp-block-details is-layout-flow wp-block-details-is-layout-flow\"><summary>2026<\/summary>\n<details class=\"wp-block-details is-layout-flow wp-block-details-is-layout-flow\"><summary>PRIMER TRIMESTRE<\/summary>\n<div class=\"wp-block-file\"><a id=\"wp-block-file--media-e837154d-edff-4707-b24f-a3b3d8406830\" href=\"https:\/\/municipiodevillaaldamaver.gob.mx\/wp-content\/uploads\/2026\/06\/65.-LTAIPVIL15XXXIXd1-Calendario-de-sesiones-y-actas-del-Comite-de-Transparencia.xlsx\">65. LTAIPVIL15XXXIXd1 Calendario de sesiones y actas del Comit\u00e9 de Transparencia<\/a><\/div>\n<\/details>\n\n\n\n<details class=\"wp-block-details is-layout-flow wp-block-details-is-layout-flow\"><summary>SEGUNDO TRIMESTRE<\/summary>\n<div class=\"wp-block-file\"><a id=\"wp-block-file--media-be8a45ff-8806-4e0a-b83b-f6857e2e825d\" href=\"https:\/\/municipiodevillaaldamaver.gob.mx\/wp-content\/uploads\/2026\/07\/65.-LTAIPVIL15XXXIXd1-Calendario-de-sesiones-y-actas-del-Comite-de-Transparencia.xlsx\">65. LTAIPVIL15XXXIXd1 Calendario de sesiones y actas del Comit\u00e9 de Transparencia<\/a><\/div>\n<\/details>\n<\/details>\n<\/details>\n\n\n\n<details class=\"wp-block-details is-layout-flow wp-block-details-is-layout-flow\"><summary>INCISO D2<\/summary>\n<details class=\"wp-block-details is-layout-flow wp-block-details-is-layout-flow\"><summary>2026<\/summary>\n<details class=\"wp-block-details is-layout-flow wp-block-details-is-layout-flow\"><summary>PRIMER TRIMESTRE<\/summary>\n<div class=\"wp-block-file\"><a id=\"wp-block-file--media-12a78d56-34e8-4dc7-9fdb-912a612613f6\" href=\"https:\/\/municipiodevillaaldamaver.gob.mx\/wp-content\/uploads\/2026\/06\/66.-LTAIPVIL15XXXIXd2-Sesiones-ordinarias-y-extraordinarias.xlsx\">66. LTAIPVIL15XXXIXd2 Sesiones ordinarias y extraordinarias<\/a><\/div>\n<\/details>\n\n\n\n<details class=\"wp-block-details is-layout-flow wp-block-details-is-layout-flow\"><summary>SEGUNDO TRIMESTRE<\/summary>\n<div class=\"wp-block-file\"><a id=\"wp-block-file--media-2907bc81-2926-4962-bf1b-0f8d7f017bf7\" href=\"https:\/\/municipiodevillaaldamaver.gob.mx\/wp-content\/uploads\/2026\/07\/66.-LTAIPVIL15XXXIXd2-Sesiones-ordinarias-y-extraordinarias.xlsx\">66. LTAIPVIL15XXXIXd2 Sesiones ordinarias y extraordinarias<\/a><\/div>\n<\/details>\n<\/details>\n<\/details>\n<\/details>\n\n\n\n<hr class=\"wp-block-separator has-alpha-channel-opacity\"\/>\n\n\n\n<details class=\"wp-block-details has-medium-font-size is-layout-flow wp-block-details-is-layout-flow\"><summary><strong>XL. TODAS LAS EVALUACIONES Y ENCUESTAS QUE HAGAN LOS SUJETOS OBLIGADOS A PROGRAMAS FINANCIADOS CON RECURSOS PUBLICOS<\/strong><\/summary>\n<details class=\"wp-block-details is-layout-flow wp-block-details-is-layout-flow\"><summary>2026<\/summary>\n<details class=\"wp-block-details is-layout-flow wp-block-details-is-layout-flow\"><summary>PRIMER TRIMESTRE<\/summary>\n<div class=\"wp-block-file\"><a id=\"wp-block-file--media-d143359b-05e1-46b8-a6e7-3cc9b33bbff0\" href=\"https:\/\/municipiodevillaaldamaver.gob.mx\/wp-content\/uploads\/2026\/06\/67.-40-LGT_Art_70_Fr_XL-Evaluaciones-y-encuestas-a-programas-financiados-con-recursos-publicos.xlsx\">67. 40-LGT_Art_70_Fr_XL Evaluaciones y encuestas a programas financiados con recursos p\u00fablicos<\/a><\/div>\n<\/details>\n\n\n\n<details class=\"wp-block-details is-layout-flow wp-block-details-is-layout-flow\"><summary>SEGUNDO TRIMESTRE<\/summary>\n<div class=\"wp-block-file\"><a id=\"wp-block-file--media-1ac96bfc-168e-481b-9e1d-2289a2f3060f\" href=\"https:\/\/municipiodevillaaldamaver.gob.mx\/wp-content\/uploads\/2026\/07\/67.-40-LGT_Art_70_Fr_XL-Evaluaciones-y-encuestas-a-programas-financiados-con-recursos-publicos.xlsx\">67. 40-LGT_Art_70_Fr_XL Evaluaciones y encuestas a programas financiados con recursos p\u00fablicos<\/a><\/div>\n<\/details>\n<\/details>\n<\/details>\n\n\n\n<hr class=\"wp-block-separator has-alpha-channel-opacity\"\/>\n\n\n\n<details class=\"wp-block-details has-medium-font-size is-layout-flow wp-block-details-is-layout-flow\"><summary><strong>XLI. LOS ESTUDIOS FINANCIADOS CON RECURSOS PUBLICOS<\/strong><\/summary>\n<details class=\"wp-block-details is-layout-flow wp-block-details-is-layout-flow\"><summary>2026<\/summary>\n<details class=\"wp-block-details is-layout-flow wp-block-details-is-layout-flow\"><summary>PRIMER TRIMESTRE<\/summary>\n<div class=\"wp-block-file\"><a id=\"wp-block-file--media-c04b1975-90d9-49ed-b922-c13843922d15\" href=\"https:\/\/municipiodevillaaldamaver.gob.mx\/wp-content\/uploads\/2026\/06\/68.-LTAIPVIL15XLI-Estudios-financiados-con-recursos-publicos.xlsx\">68. LTAIPVIL15XLI Estudios financiados con recursos p\u00fablicos<\/a><\/div>\n<\/details>\n\n\n\n<details class=\"wp-block-details is-layout-flow wp-block-details-is-layout-flow\"><summary>SEGUNDO TRIMESTRE<\/summary>\n<div class=\"wp-block-file\"><a id=\"wp-block-file--media-ac8e745f-732d-47c2-8795-d959aaa31fd6\" href=\"https:\/\/municipiodevillaaldamaver.gob.mx\/wp-content\/uploads\/2026\/07\/68.-LTAIPVIL15XLI-Estudios-financiados-con-recursos-publicos.xlsx\">68. LTAIPVIL15XLI Estudios financiados con recursos p\u00fablicos<\/a><\/div>\n<\/details>\n<\/details>\n<\/details>\n\n\n\n<hr class=\"wp-block-separator has-alpha-channel-opacity\"\/>\n\n\n\n<details class=\"wp-block-details has-medium-font-size is-layout-flow wp-block-details-is-layout-flow\"><summary><strong>XLIII. LOS INGRESOS RECIBIDOS POR CUALQUIER CONCEPTO SE\u00d1ALADO AL NOMBRE DE LOS RESPONSABLES DE RECIBIRLOS<\/strong><\/summary>\n<details class=\"wp-block-details is-layout-flow wp-block-details-is-layout-flow\"><summary>INCISO A<\/summary>\n<details class=\"wp-block-details is-layout-flow wp-block-details-is-layout-flow\"><summary>2026<\/summary>\n<details class=\"wp-block-details is-layout-flow wp-block-details-is-layout-flow\"><summary>PRIMER TRIMESTRE<\/summary>\n<div class=\"wp-block-file\"><a id=\"wp-block-file--media-68497253-24f2-4178-82ce-423ee0cc2084\" href=\"https:\/\/municipiodevillaaldamaver.gob.mx\/wp-content\/uploads\/2026\/06\/69.-LTAIPVIL15XLIIIa-Ingresos_Ingresos-recibidos-por-cualquier-concepto-por-el-sujeto-obligado.xlsx\">69. LTAIPVIL15XLIIIa  Ingresos_Ingresos recibidos por cualquier concepto por el sujeto obligado<\/a><\/div>\n<\/details>\n\n\n\n<details class=\"wp-block-details is-layout-flow wp-block-details-is-layout-flow\"><summary>SEGUNDO TRIMESTRE<\/summary>\n<div class=\"wp-block-file\"><a id=\"wp-block-file--media-66ebe832-479a-4940-81f8-42b010e20297\" href=\"https:\/\/municipiodevillaaldamaver.gob.mx\/wp-content\/uploads\/2026\/07\/69.-LTAIPVIL15XLIIIa-Ingresos_Ingresos-recibidos-por-cualquier-concepto-por-el-sujeto-obligado.xlsx\">69. LTAIPVIL15XLIIIa  Ingresos_Ingresos recibidos por cualquier concepto por el sujeto obligado<\/a><\/div>\n<\/details>\n<\/details>\n<\/details>\n\n\n\n<details class=\"wp-block-details is-layout-flow wp-block-details-is-layout-flow\"><summary>INCISO B<\/summary>\n<details class=\"wp-block-details is-layout-flow wp-block-details-is-layout-flow\"><summary>2026<\/summary>\n<details class=\"wp-block-details is-layout-flow wp-block-details-is-layout-flow\"><summary>PRIMER TRIMESTRE<\/summary>\n<div class=\"wp-block-file\"><a id=\"wp-block-file--media-f7d74fcb-c9bd-4cb7-88cf-0e444ef29dfa\" href=\"https:\/\/municipiodevillaaldamaver.gob.mx\/wp-content\/uploads\/2026\/06\/70.-LTAIPVIL15XLIIIb-Ingresos_Responsables-de-recibir-administrar-y-ejercer-los-ingresos.xlsx\">70. LTAIPVIL15XLIIIb  Ingresos_Responsables de recibir, administrar y ejercer los ingresos<\/a><\/div>\n<\/details>\n\n\n\n<details class=\"wp-block-details is-layout-flow wp-block-details-is-layout-flow\"><summary>SEGUNDO TRIMESTRE<\/summary>\n<div class=\"wp-block-file\"><a id=\"wp-block-file--media-4c197c0d-e6fb-4312-a0fa-bcc00e730907\" href=\"https:\/\/municipiodevillaaldamaver.gob.mx\/wp-content\/uploads\/2026\/07\/70.-LTAIPVIL15XLIIIb-Ingresos_Responsables-de-recibir-administrar-y-ejercer-los-ingresos.xlsx\">70. LTAIPVIL15XLIIIb  Ingresos_Responsables de recibir, administrar y ejercer los ingresos<\/a><\/div>\n<\/details>\n<\/details>\n<\/details>\n<\/details>\n\n\n\n<hr class=\"wp-block-separator has-alpha-channel-opacity\"\/>\n\n\n\n<details class=\"wp-block-details has-medium-font-size is-layout-flow wp-block-details-is-layout-flow\"><summary><strong>XLIV. DONACIONES HECHAS A TERCEROS EN DINERO O EN ESPECIE<\/strong><\/summary>\n<details class=\"wp-block-details is-layout-flow wp-block-details-is-layout-flow\"><summary>2026<\/summary>\n<details class=\"wp-block-details is-layout-flow wp-block-details-is-layout-flow\"><summary>PRIMER TRIMESTRE<\/summary>\n<div class=\"wp-block-file\"><a id=\"wp-block-file--media-62c1e635-927b-4119-858c-e2bf29a00c51\" href=\"https:\/\/municipiodevillaaldamaver.gob.mx\/wp-content\/uploads\/2026\/06\/71.-44-LGT_Art_70_Fr_XLIV-Donaciones-en-dinero-y-en-especie-realizadas.xlsx\">71. 44-LGT_Art_70_Fr_XLIV  Donaciones en dinero y en especie realizadas<\/a><\/div>\n<\/details>\n\n\n\n<details class=\"wp-block-details is-layout-flow wp-block-details-is-layout-flow\"><summary>SEGUNDO TRIMESTRE<\/summary>\n<div class=\"wp-block-file\"><a id=\"wp-block-file--media-5f1a7dd2-0227-4872-bf11-24a314c27eec\" href=\"https:\/\/municipiodevillaaldamaver.gob.mx\/wp-content\/uploads\/2026\/07\/71.-44-LGT_Art_70_Fr_XLIV-Donaciones-en-dinero-y-en-especie-realizadas.xlsx\">71. 44-LGT_Art_70_Fr_XLIV  Donaciones en dinero y en especie realizadas<\/a><\/div>\n<\/details>\n<\/details>\n<\/details>\n\n\n\n<hr class=\"wp-block-separator has-alpha-channel-opacity\"\/>\n\n\n\n<details class=\"wp-block-details has-medium-font-size is-layout-flow wp-block-details-is-layout-flow\"><summary><strong>XLV. EL CATALOGO DE DISPOSICION Y GUIA DE ARCHIVO DOCUMENTAL<\/strong><\/summary>\n<details class=\"wp-block-details is-layout-flow wp-block-details-is-layout-flow\"><summary>XLV CLASIFICACI\u00d3N ARCHIVISTICA <\/summary>\n<details class=\"wp-block-details is-layout-flow wp-block-details-is-layout-flow\"><summary>2026<\/summary>\n<details class=\"wp-block-details is-layout-flow wp-block-details-is-layout-flow\"><summary>PRIMER TRIMESTRE<\/summary>\n<div class=\"wp-block-file\"><a id=\"wp-block-file--media-26028184-0b02-4670-9c12-8edcbe171ab6\" href=\"https:\/\/municipiodevillaaldamaver.gob.mx\/wp-content\/uploads\/2026\/06\/72.-45c-LGT_Art_70_Fr_XLV-Cuadro-General-de-clasificacion-archivistica.xlsx\">72. 45c-LGT_Art_70_Fr_XLV Cuadro General de clasificaci\u00f3n archivistica<\/a><\/div>\n<\/details>\n\n\n\n<details class=\"wp-block-details is-layout-flow wp-block-details-is-layout-flow\"><summary>SEGUNDO TRIMESTRE<\/summary>\n<div class=\"wp-block-file\"><a id=\"wp-block-file--media-725679c7-d2bf-4ecc-9e2f-796bc3985dec\" href=\"https:\/\/municipiodevillaaldamaver.gob.mx\/wp-content\/uploads\/2026\/07\/72.-45c-LGT_Art_70_Fr_XLV-Cuadro-General-de-clasificacion-archivistica.xlsx\">72. 45c-LGT_Art_70_Fr_XLV Cuadro General de clasificaci\u00f3n archivistica<\/a><\/div>\n<\/details>\n<\/details>\n<\/details>\n\n\n\n<details class=\"wp-block-details is-layout-flow wp-block-details-is-layout-flow\"><summary>XLV INVENTARIOS DOCUMENTALES <\/summary>\n<details class=\"wp-block-details is-layout-flow wp-block-details-is-layout-flow\"><summary>2026<\/summary>\n<details class=\"wp-block-details is-layout-flow wp-block-details-is-layout-flow\"><summary>PRIMER TRIMESTRE<\/summary>\n<div class=\"wp-block-file\"><a id=\"wp-block-file--media-fa614507-7433-450b-8506-a304592679af\" href=\"https:\/\/municipiodevillaaldamaver.gob.mx\/wp-content\/uploads\/2026\/06\/73.-45a-LGT_Art_70_Fr_XLV-Inventarios-documentales.xlsx\">73. 45a-LGT_Art_70_Fr_XLV Inventarios documentales<\/a><\/div>\n<\/details>\n\n\n\n<details class=\"wp-block-details is-layout-flow wp-block-details-is-layout-flow\"><summary>SEGUNDO TRIMESTRE<\/summary>\n<div class=\"wp-block-file\"><a id=\"wp-block-file--media-78ce6bc2-d0ad-49c7-bd55-daa3a55db985\" href=\"https:\/\/municipiodevillaaldamaver.gob.mx\/wp-content\/uploads\/2026\/07\/73.-45a-LGT_Art_70_Fr_XLV-Inventarios-documentales.xlsx\">73. 45a-LGT_Art_70_Fr_XLV Inventarios documentales<\/a><\/div>\n<\/details>\n<\/details>\n<\/details>\n\n\n\n<details class=\"wp-block-details is-layout-flow wp-block-details-is-layout-flow\"><summary>XLV EXPEDIENTES CLASIFICADOS CON RESERVADO<\/summary>\n<details class=\"wp-block-details is-layout-flow wp-block-details-is-layout-flow\"><summary>2026<\/summary>\n<details class=\"wp-block-details is-layout-flow wp-block-details-is-layout-flow\"><summary>PRIMER TRIMESTRE<\/summary>\n<div class=\"wp-block-file\"><a id=\"wp-block-file--media-4af509da-53f3-4ae6-bd08-04e0e1b95f4a\" href=\"https:\/\/municipiodevillaaldamaver.gob.mx\/wp-content\/uploads\/2026\/06\/74.-45b-LGT_Art_70_Fr_XLV-Indice-de-expedientes-clasificados-como-reservados.xlsx\">74. 45b-LGT_Art_70_Fr_XLV \u00cdndice de expedientes clasificados como reservados<\/a><\/div>\n<\/details>\n\n\n\n<details class=\"wp-block-details is-layout-flow wp-block-details-is-layout-flow\"><summary>SEGUNDO TRIMESTRE<\/summary>\n<div class=\"wp-block-file\"><a id=\"wp-block-file--media-3ffde931-6dea-4858-b10a-7697baa526b0\" href=\"https:\/\/municipiodevillaaldamaver.gob.mx\/wp-content\/uploads\/2026\/07\/74.-45b-LGT_Art_70_Fr_XLV-Indice-de-expedientes-clasificados-como-reservados.xlsx\">74. 45b-LGT_Art_70_Fr_XLV \u00cdndice de expedientes clasificados como reservados<\/a><\/div>\n<\/details>\n<\/details>\n<\/details>\n<\/details>\n\n\n\n<hr class=\"wp-block-separator has-alpha-channel-opacity\"\/>\n\n\n\n<details class=\"wp-block-details has-medium-font-size is-layout-flow wp-block-details-is-layout-flow\"><summary><strong>XLVI. LAS ACTAS DE SESIONES ORDINARIAS ORDINARIAS Y EXTRAORDINARIAS<\/strong><\/summary>\n<details class=\"wp-block-details is-layout-flow wp-block-details-is-layout-flow\"><summary>INCISO A<\/summary>\n<details class=\"wp-block-details is-layout-flow wp-block-details-is-layout-flow\"><summary>2026<\/summary>\n<details class=\"wp-block-details is-layout-flow wp-block-details-is-layout-flow\"><summary>PRIMER TRIMESTRE<\/summary>\n<div class=\"wp-block-file\"><a id=\"wp-block-file--media-5262bc35-7012-4cd6-9100-9496dc089506\" href=\"https:\/\/municipiodevillaaldamaver.gob.mx\/wp-content\/uploads\/2026\/06\/75.-LTAIPVIL15XLVIa-Actas-de-sesiones_Actas-del-Consejo-Consultivo.xlsx\">75. LTAIPVIL15XLVIa Actas de sesiones_Actas del Consejo Consultivo<\/a><\/div>\n<\/details>\n\n\n\n<details class=\"wp-block-details is-layout-flow wp-block-details-is-layout-flow\"><summary>SEGUNDO TRIMESTRE<\/summary>\n<div class=\"wp-block-file\"><a id=\"wp-block-file--media-4f720923-f106-46ac-9b19-e24a53ea47ec\" href=\"https:\/\/municipiodevillaaldamaver.gob.mx\/wp-content\/uploads\/2026\/07\/75.-LTAIPVIL15XLVIa-Actas-de-sesiones_Actas-del-Consejo-Consultivo.xlsx\">75. LTAIPVIL15XLVIa Actas de sesiones_Actas del Consejo Consultivo<\/a><\/div>\n<\/details>\n<\/details>\n<\/details>\n\n\n\n<details class=\"wp-block-details is-layout-flow wp-block-details-is-layout-flow\"><summary>INCISO B<\/summary>\n<details class=\"wp-block-details is-layout-flow wp-block-details-is-layout-flow\"><summary>2026<\/summary>\n<details class=\"wp-block-details is-layout-flow wp-block-details-is-layout-flow\"><summary>PRIMER TRIMESTRE<\/summary>\n<div class=\"wp-block-file\"><a id=\"wp-block-file--media-1c6df75b-8d96-4907-9f74-36505427ad13\" href=\"https:\/\/municipiodevillaaldamaver.gob.mx\/wp-content\/uploads\/2026\/06\/76.-LTAIPVIL15XLVIb-Actas-de-sesiones_Opiniones-y-recomendaciones-del-Consejo-Consultivo.xlsx\">76. LTAIPVIL15XLVIb  Actas de sesiones_Opiniones y recomendaciones del Consejo Consultivo<\/a><\/div>\n<\/details>\n\n\n\n<details class=\"wp-block-details is-layout-flow wp-block-details-is-layout-flow\"><summary>SEGUNDO TRIMESTRE<\/summary>\n<div class=\"wp-block-file\"><a id=\"wp-block-file--media-fbffad37-cd38-4043-9b82-140549ad7279\" href=\"https:\/\/municipiodevillaaldamaver.gob.mx\/wp-content\/uploads\/2026\/07\/76.-LTAIPVIL15XLVIb-Actas-de-sesiones_Opiniones-y-recomendaciones-del-Consejo-Consultivo.xlsx\">76. LTAIPVIL15XLVIb  Actas de sesiones_Opiniones y recomendaciones del Consejo Consultivo<\/a><\/div>\n<\/details>\n<\/details>\n<\/details>\n<\/details>\n\n\n\n<hr class=\"wp-block-separator has-alpha-channel-opacity\"\/>\n\n\n\n<details class=\"wp-block-details has-medium-font-size is-layout-flow wp-block-details-is-layout-flow\"><summary><strong>XLVIII. LAS ENAJENACIONES Y OTROS ACTOS JUR\u00cdDICOS RELACIONADOS CON LOS BIENES P\u00daBLICOS, INDICANDO LOS MOTIVOS, BENEFICIARIOS O ADQUIRIENTES, AS\u00cd COMO LOS MONTOS DE LAS OPERACIONES<\/strong><\/summary>\n<details class=\"wp-block-details is-layout-flow wp-block-details-is-layout-flow\"><summary>2026<\/summary>\n<details class=\"wp-block-details is-layout-flow wp-block-details-is-layout-flow\"><summary>PRIMER TRIMESTRE<\/summary>\n<div class=\"wp-block-file\"><a id=\"wp-block-file--media-39eb7df8-7bfa-4bd8-b42e-5b324d5d4265\" href=\"https:\/\/municipiodevillaaldamaver.gob.mx\/wp-content\/uploads\/2026\/06\/77.-LTAIPVIL15XLVIII-Las-enajenaciones-y-otros-actos-juridicos.xlsx\">77. LTAIPVIL15XLVIII Las enajenaciones y otros actos jur\u00eddicos<\/a><\/div>\n<\/details>\n\n\n\n<details class=\"wp-block-details is-layout-flow wp-block-details-is-layout-flow\"><summary>SEGUNDO TRIMESTRE<\/summary>\n<div class=\"wp-block-file\"><a id=\"wp-block-file--media-ab3f0ea7-e4bd-4d4c-8fa1-23dde6647e4a\" href=\"https:\/\/municipiodevillaaldamaver.gob.mx\/wp-content\/uploads\/2026\/07\/77.-LTAIPVIL15XLVIII-Las-enajenaciones-y-otros-actos-juridicos.xlsx\">77. LTAIPVIL15XLVIII Las enajenaciones y otros actos jur\u00eddicos<\/a><\/div>\n<\/details>\n<\/details>\n<\/details>\n\n\n\n<hr class=\"wp-block-separator has-alpha-channel-opacity\"\/>\n\n\n\n<details class=\"wp-block-details has-medium-font-size is-layout-flow wp-block-details-is-layout-flow\"><summary><strong>XLIX. LAS CUENTAS P\u00daBLICAS ESTATALES Y MUNICIPALES, AS\u00cd COMO LOS DOCUMENTOS RELATICOS, INCLUYENDO EL INFORME DEL RESULTADO DE SU REVISI\u00d3N Y SU DICTAMEN<\/strong><\/summary>\n<details class=\"wp-block-details is-layout-flow wp-block-details-is-layout-flow\"><summary>2026<\/summary>\n<details class=\"wp-block-details is-layout-flow wp-block-details-is-layout-flow\"><summary>PRIMER TRIMESTRE<\/summary>\n<div class=\"wp-block-file\"><a id=\"wp-block-file--media-471ad645-f521-4669-b33b-0d7aeb3cdde0\" href=\"https:\/\/municipiodevillaaldamaver.gob.mx\/wp-content\/uploads\/2026\/06\/78.-LTAIPVIL15XLIX-Las-cuentas-publicas-estatales-y-municipales.xlsx\">78. LTAIPVIL15XLIX  Las cuentas p\u00fablicas estatales y municipales<\/a><\/div>\n<\/details>\n\n\n\n<details class=\"wp-block-details is-layout-flow wp-block-details-is-layout-flow\"><summary>SEGUNDO TRIMESTRE<\/summary>\n<div class=\"wp-block-file\"><a id=\"wp-block-file--media-f55bb363-1a3d-4b06-b59a-27652c4d6e30\" href=\"https:\/\/municipiodevillaaldamaver.gob.mx\/wp-content\/uploads\/2026\/07\/78.-LTAIPVIL15XLIX-Las-cuentas-publicas-estatales-y-municipales.xlsx\">78. LTAIPVIL15XLIX  Las cuentas p\u00fablicas estatales y municipales<\/a><\/div>\n<\/details>\n<\/details>\n<\/details>\n\n\n\n<hr class=\"wp-block-separator has-alpha-channel-opacity\"\/>\n\n\n\n<details class=\"wp-block-details has-medium-font-size is-layout-flow wp-block-details-is-layout-flow\"><summary><strong>LI. UNA RELACI\u00d3N DE LOS SERVIDORES P\u00daBLICOS COMISIONADOS POR CUALQUIER CAUSA, INCLUSO DE CAR\u00c1CTER SINDICAL<\/strong><\/summary>\n<details class=\"wp-block-details is-layout-flow wp-block-details-is-layout-flow\"><summary>2026<\/summary>\n<details class=\"wp-block-details is-layout-flow wp-block-details-is-layout-flow\"><summary>PRIMER TRIMESTRE<\/summary>\n<div class=\"wp-block-file\"><a id=\"wp-block-file--media-d0bdc567-b053-4ef9-9554-70c2b8df2ffb\" href=\"https:\/\/municipiodevillaaldamaver.gob.mx\/wp-content\/uploads\/2026\/06\/79.-LTAIPVIL15LI-Relacion-de-los-servidores-publicos-comisionados.xlsx\">79. LTAIPVIL15LI    Relaci\u00f3n de los servidores p\u00fablicos comisionados<\/a><\/div>\n<\/details>\n\n\n\n<details class=\"wp-block-details is-layout-flow wp-block-details-is-layout-flow\"><summary>SEGUNDO TRIMESTRE<\/summary>\n<div class=\"wp-block-file\"><a id=\"wp-block-file--media-45774d64-0b53-4fc4-9872-6e37af7c394e\" href=\"https:\/\/municipiodevillaaldamaver.gob.mx\/wp-content\/uploads\/2026\/07\/79.-LTAIPVIL15LI-Relacion-de-los-servidores-publicos-comisionados.xlsx\">79. LTAIPVIL15LI    Relaci\u00f3n de los servidores p\u00fablicos comisionados<\/a><\/div>\n<\/details>\n<\/details>\n<\/details>\n\n\n\n<hr class=\"wp-block-separator has-alpha-channel-opacity\"\/>\n\n\n\n<details class=\"wp-block-details has-medium-font-size is-layout-flow wp-block-details-is-layout-flow\"><summary><strong>LII. LOS \u00cdNDICES DE EXPEDIENTES CLASIFICADOS COMO RESERVADOS, ELABORADOS SEMESTRALMENTE Y POR RUBROS TEM\u00c1TICOS<\/strong><\/summary>\n<details class=\"wp-block-details is-layout-flow wp-block-details-is-layout-flow\"><summary>2026<\/summary>\n<details class=\"wp-block-details is-layout-flow wp-block-details-is-layout-flow\"><summary>PRIMER TRIMESTRE<\/summary>\n<div class=\"wp-block-file\"><a id=\"wp-block-file--media-bc5a02b2-7635-499a-b920-12580ea692fa\" href=\"https:\/\/municipiodevillaaldamaver.gob.mx\/wp-content\/uploads\/2026\/06\/80.-LTAIPVIL15LII-Indices-de-expedientes-clasificados-como-reservado.xlsx\">80. LTAIPVIL15LII   \u00cdndices de expedientes clasificados como reservado<\/a><\/div>\n<\/details>\n\n\n\n<details class=\"wp-block-details is-layout-flow wp-block-details-is-layout-flow\"><summary>SEGUNDO TRIMESTRE<\/summary>\n<div class=\"wp-block-file\"><a id=\"wp-block-file--media-9c2c2bae-ad2d-4bfd-b4ef-ae982c0667ed\" href=\"https:\/\/municipiodevillaaldamaver.gob.mx\/wp-content\/uploads\/2026\/07\/80.-LTAIPVIL15LII-Indices-de-expedientes-clasificados-como-reservado.xlsx\">80. LTAIPVIL15LII   \u00cdndices de expedientes clasificados como reservado<\/a><\/div>\n<\/details>\n<\/details>\n<\/details>\n\n\n\n<hr class=\"wp-block-separator has-alpha-channel-opacity\"\/>\n\n\n\n<details class=\"wp-block-details has-medium-font-size is-layout-flow wp-block-details-is-layout-flow\"><summary><strong>LIII. LA INFORMACI\u00d3N DESCLASIFICADA, LA CUAL DEBER\u00c1 DE PERMANECER DOS A\u00d1O POSTERIORES A PARTIE DE QUE PERDI\u00d3 SU CLASIFICACI\u00d3N<\/strong><\/summary>\n<details class=\"wp-block-details is-layout-flow wp-block-details-is-layout-flow\"><summary>2026<\/summary>\n<details class=\"wp-block-details is-layout-flow wp-block-details-is-layout-flow\"><summary>PRIMER TRIMESTRE<\/summary>\n<div class=\"wp-block-file\"><a id=\"wp-block-file--media-0b7bedbc-5876-4eeb-84fa-43857243c254\" href=\"https:\/\/municipiodevillaaldamaver.gob.mx\/wp-content\/uploads\/2026\/06\/81.-LTAIPVIL15LIII-La-informacion-desclasificada.xlsx\">81. LTAIPVIL15LIII  La informaci\u00f3n desclasificada<\/a><\/div>\n<\/details>\n\n\n\n<details class=\"wp-block-details is-layout-flow wp-block-details-is-layout-flow\"><summary>SEGUNDO TRIMESTRE<\/summary>\n<div class=\"wp-block-file\"><a id=\"wp-block-file--media-18ce111c-6e0f-4f34-9677-bc2aef8051b8\" href=\"https:\/\/municipiodevillaaldamaver.gob.mx\/wp-content\/uploads\/2026\/07\/81.-LTAIPVIL15LIII-La-informacion-desclasificada.xlsx\">81. LTAIPVIL15LIII  La informaci\u00f3n desclasificada<\/a><\/div>\n<\/details>\n<\/details>\n<\/details>\n\n\n\n<hr class=\"wp-block-separator has-alpha-channel-opacity\"\/>\n\n\n\n<details class=\"wp-block-details has-medium-font-size is-layout-flow wp-block-details-is-layout-flow\"><summary><strong>LIV. CUALQUIER OTRA INFORMACI\u00d3N QUE SEA DE UTILIDAD O SE CONSIDERE RELEVANTE, ADEM\u00c1S DE LA QUE, CON BASE EN LA INFORMACI\u00d3N ESTAD\u00cdSTICA, RESPONSA A LAS PREGUNTAS HECHAS CON M\u00c1S FRECUENCIA POR EL P\u00daBLICO<\/strong><\/summary>\n<details class=\"wp-block-details is-layout-flow wp-block-details-is-layout-flow\"><summary>INCISO A<\/summary>\n<details class=\"wp-block-details is-layout-flow wp-block-details-is-layout-flow\"><summary>2026<\/summary>\n<details class=\"wp-block-details is-layout-flow wp-block-details-is-layout-flow\"><summary>PRIMER TRIMESTRE<\/summary>\n<div class=\"wp-block-file\"><a id=\"wp-block-file--media-6dd72c05-b455-4376-bff5-287db69c7031\" href=\"https:\/\/municipiodevillaaldamaver.gob.mx\/wp-content\/uploads\/2026\/06\/82.-LTAIPVIL15LIVa-Informacion-de-interes-publico.xlsx\">82. LTAIPVIL15LIVa Informaci\u00f3n de inter\u00e9s p\u00fablico<\/a><\/div>\n<\/details>\n\n\n\n<details class=\"wp-block-details is-layout-flow wp-block-details-is-layout-flow\"><summary>SEGUNDO TRIMESTRE<\/summary>\n<div class=\"wp-block-file\"><a id=\"wp-block-file--media-4f469247-fa65-423a-b4b0-482d79e528ea\" href=\"https:\/\/municipiodevillaaldamaver.gob.mx\/wp-content\/uploads\/2026\/07\/82.-LTAIPVIL15LIVa-Informacion-de-interes-publico.xlsx\">82. LTAIPVIL15LIVa Informaci\u00f3n de inter\u00e9s p\u00fablico<\/a><\/div>\n<\/details>\n<\/details>\n<\/details>\n\n\n\n<details class=\"wp-block-details is-layout-flow wp-block-details-is-layout-flow\"><summary>INCISO B<\/summary>\n<details class=\"wp-block-details is-layout-flow wp-block-details-is-layout-flow\"><summary>2026<\/summary>\n<details class=\"wp-block-details is-layout-flow wp-block-details-is-layout-flow\"><summary>PRIMER TRIMESTRE<\/summary>\n<div class=\"wp-block-file\"><a id=\"wp-block-file--media-d8a6a033-19ff-4210-aeca-043ec97d19e7\" href=\"https:\/\/municipiodevillaaldamaver.gob.mx\/wp-content\/uploads\/2026\/06\/83.-LTAIPVIL15LIVb-Mas-informacion-relacionada_Preguntas-frecuentes.xlsx\">83. LTAIPVIL15LIVb M\u00e1s informaci\u00f3n relacionada_Preguntas frecuentes<\/a><\/div>\n<\/details>\n\n\n\n<details class=\"wp-block-details is-layout-flow wp-block-details-is-layout-flow\"><summary>SEGUNDO TRIMESTRE<\/summary>\n<div class=\"wp-block-file\"><a id=\"wp-block-file--media-77a65245-b39c-4058-a443-553580fbffd2\" href=\"https:\/\/municipiodevillaaldamaver.gob.mx\/wp-content\/uploads\/2026\/07\/83.-LTAIPVIL15LIVb-Mas-informacion-relacionada_Preguntas-frecuentes.xlsx\">83. LTAIPVIL15LIVb M\u00e1s informaci\u00f3n relacionada_Preguntas frecuentes<\/a><\/div>\n<\/details>\n<\/details>\n<\/details>\n\n\n\n<details class=\"wp-block-details is-layout-flow wp-block-details-is-layout-flow\"><summary>INCISO C<\/summary>\n<details class=\"wp-block-details is-layout-flow wp-block-details-is-layout-flow\"><summary>2026<\/summary>\n<details class=\"wp-block-details is-layout-flow wp-block-details-is-layout-flow\"><summary>PRIMER TRIMESTRE<\/summary>\n<div class=\"wp-block-file\"><a id=\"wp-block-file--media-f49dbaa4-7014-462a-b476-9b8c5ca796e1\" href=\"https:\/\/municipiodevillaaldamaver.gob.mx\/wp-content\/uploads\/2026\/06\/84.-LTAIPVIL15LIVc-Mas-informacion-relacionada_Transparencia-proactiva.xlsx\">84. LTAIPVIL15LIVc  M\u00e1s informaci\u00f3n relacionada_Transparencia proactiva<\/a><\/div>\n<\/details>\n\n\n\n<details class=\"wp-block-details is-layout-flow wp-block-details-is-layout-flow\"><summary>SEGUNDO TRIMESTRE<\/summary>\n<div class=\"wp-block-file\"><a id=\"wp-block-file--media-39f43cc5-d4a3-4a11-9017-c703a6ca3792\" href=\"https:\/\/municipiodevillaaldamaver.gob.mx\/wp-content\/uploads\/2026\/07\/84.-LTAIPVIL15LIVc-Mas-informacion-relacionada_Transparencia-proactiva.xlsx\">84. LTAIPVIL15LIVc  M\u00e1s informaci\u00f3n relacionada_Transparencia proactiva<\/a><\/div>\n<\/details>\n<\/details>\n<\/details>\n<\/details>\n\n\n\n<hr class=\"wp-block-separator has-alpha-channel-opacity\"\/>\n\n\n\n<details class=\"wp-block-details has-medium-font-size is-layout-flow wp-block-details-is-layout-flow\"><summary><strong>LV. OBLIGACIONES APLICABLES<\/strong><\/summary>\n<details class=\"wp-block-details is-layout-flow wp-block-details-is-layout-flow\"><summary>2026<\/summary>\n<details class=\"wp-block-details is-layout-flow wp-block-details-is-layout-flow\"><summary>PRIMER TRIMESTRE<\/summary>\n<div class=\"wp-block-file\"><a id=\"wp-block-file--media-640ea6b8-aa5e-46d7-b90a-4c9563994e64\" href=\"https:\/\/municipiodevillaaldamaver.gob.mx\/wp-content\/uploads\/2026\/06\/85.-LTAIPVIL_-Tablas-de-aplicabilidad-y-de-actualizacion-de-las-obligaciones-de-transparencia.xlsx\">85. LTAIPVIL_         Tablas de aplicabilidad y de actualizaci\u00f3n de las obligaciones de transparencia<\/a><\/div>\n<\/details>\n\n\n\n<details class=\"wp-block-details is-layout-flow wp-block-details-is-layout-flow\"><summary>SEGUNDO TRIMESTRE<\/summary>\n<div class=\"wp-block-file\"><a id=\"wp-block-file--media-62419e47-b2dc-4ca5-85a3-777c6742de17\" href=\"https:\/\/municipiodevillaaldamaver.gob.mx\/wp-content\/uploads\/2026\/07\/85.-LTAIPVIL_-Tablas-de-aplicabilidad-y-de-actualizacion-de-las-obligaciones-de-transparencia.xlsx\">85. LTAIPVIL_         Tablas de aplicabilidad y de actualizaci\u00f3n de las obligaciones de transparencia<\/a><\/div>\n<\/details>\n<\/details>\n<\/details>\n\n\n\n<hr class=\"wp-block-separator has-alpha-channel-opacity\"\/>\n","protected":false},"excerpt":{"rendered":"<p>En cumplimiento a lo establecido por los art\u00edculos 12, 13 y 15 de la Ley N\u00famero 250 de Transparencia y Acceso a la Informaci\u00f3n P\u00fablica para el Estado de Veracruz de Ignacio de la Llave, el H. Ayuntamiento de&nbsp;Villa Aldama, Ver. pone a su disposici\u00f3n la siguiente informaci\u00f3n p\u00fablica: Fracciones comunes (Art. 15)<\/p>\n","protected":false},"author":1,"featured_media":0,"parent":0,"menu_order":0,"comment_status":"closed","ping_status":"closed","template":"","meta":{"pagelayer_contact_templates":[],"_pagelayer_content":"","footnotes":""},"class_list":["post-144","page","type-page","status-publish","hentry"],"_links":{"self":[{"href":"https:\/\/municipiodevillaaldamaver.gob.mx\/index.php?rest_route=\/wp\/v2\/pages\/144","targetHints":{"allow":["GET"]}}],"collection":[{"href":"https:\/\/municipiodevillaaldamaver.gob.mx\/index.php?rest_route=\/wp\/v2\/pages"}],"about":[{"href":"https:\/\/municipiodevillaaldamaver.gob.mx\/index.php?rest_route=\/wp\/v2\/types\/page"}],"author":[{"embeddable":true,"href":"https:\/\/municipiodevillaaldamaver.gob.mx\/index.php?rest_route=\/wp\/v2\/users\/1"}],"replies":[{"embeddable":true,"href":"https:\/\/municipiodevillaaldamaver.gob.mx\/index.php?rest_route=%2Fwp%2Fv2%2Fcomments&post=144"}],"version-history":[{"count":82,"href":"https:\/\/municipiodevillaaldamaver.gob.mx\/index.php?rest_route=\/wp\/v2\/pages\/144\/revisions"}],"predecessor-version":[{"id":1264,"href":"https:\/\/municipiodevillaaldamaver.gob.mx\/index.php?rest_route=\/wp\/v2\/pages\/144\/revisions\/1264"}],"wp:attachment":[{"href":"https:\/\/municipiodevillaaldamaver.gob.mx\/index.php?rest_route=%2Fwp%2Fv2%2Fmedia&parent=144"}],"curies":[{"name":"wp","href":"https:\/\/api.w.org\/{rel}","templated":true}]}}