{"id":149,"date":"2026-05-22T02:55:08","date_gmt":"2026-05-22T02:55:08","guid":{"rendered":"https:\/\/inicio.municipiodevillaaldamaver.gob.mx\/?page_id=149"},"modified":"2026-07-30T15:44:49","modified_gmt":"2026-07-30T15:44:49","slug":"trasparencia-municipal-de-villa-aldama-art-16","status":"publish","type":"page","link":"https:\/\/municipiodevillaaldamaver.gob.mx\/?page_id=149","title":{"rendered":"Trasparencia Municipal de Villa Aldama (Art. 16)"},"content":{"rendered":"\n<div class=\"wp-block-columns is-layout-flex wp-container-core-columns-is-layout-794e3cfa wp-block-columns-is-layout-flex\">\n<div class=\"wp-block-column is-layout-flow wp-block-column-is-layout-flow\" style=\"flex-basis:100%\">\n<ul class=\"wp-block-social-links alignright is-style-logos-only is-horizontal is-content-justification-center is-layout-flex wp-container-core-social-links-is-layout-af7b3680 wp-block-social-links-is-layout-flex\"><li class=\"wp-social-link wp-social-link-facebook wp-block-social-link\"><a href=\"https:\/\/www.facebook.com\/profile.php?id=61584919563661\" class=\"wp-block-social-link-anchor\"><svg width=\"24\" height=\"24\" viewBox=\"0 0 24 24\" version=\"1.1\" xmlns=\"http:\/\/www.w3.org\/2000\/svg\" aria-hidden=\"true\" focusable=\"false\"><path d=\"M12 2C6.5 2 2 6.5 2 12c0 5 3.7 9.1 8.4 9.9v-7H7.9V12h2.5V9.8c0-2.5 1.5-3.9 3.8-3.9 1.1 0 2.2.2 2.2.2v2.5h-1.3c-1.2 0-1.6.8-1.6 1.6V12h2.8l-.4 2.9h-2.3v7C18.3 21.1 22 17 22 12c0-5.5-4.5-10-10-10z\"><\/path><\/svg><span class=\"wp-block-social-link-label screen-reader-text\">Facebook<\/span><\/a><\/li>\n\n<li class=\"wp-social-link wp-social-link-mail wp-block-social-link\"><a href=\"mailto:&#112;&#114;&#101;&#115;i&#100;&#101;&#110;&#099;ia.&#118;i&#108;laa&#108;&#100;&#097;&#109;&#097;&#050;6.&#050;9&#064;&#103;ma&#105;&#108;&#046;&#099;o&#109;\" class=\"wp-block-social-link-anchor\"><svg width=\"24\" height=\"24\" viewBox=\"0 0 24 24\" version=\"1.1\" xmlns=\"http:\/\/www.w3.org\/2000\/svg\" aria-hidden=\"true\" focusable=\"false\"><path d=\"M19,5H5c-1.1,0-2,.9-2,2v10c0,1.1.9,2,2,2h14c1.1,0,2-.9,2-2V7c0-1.1-.9-2-2-2zm.5,12c0,.3-.2.5-.5.5H5c-.3,0-.5-.2-.5-.5V9.8l7.5,5.6,7.5-5.6V17zm0-9.1L12,13.6,4.5,7.9V7c0-.3.2-.5.5-.5h14c.3,0,.5.2.5.5v.9z\"><\/path><\/svg><span class=\"wp-block-social-link-label screen-reader-text\">Correo electr\u00f3nico<\/span><\/a><\/li><\/ul>\n<\/div>\n<\/div>\n\n\n<nav class=\"items-justified-center wp-block-navigation is-content-justification-center is-layout-flex wp-container-core-navigation-is-layout-77d81a43 wp-block-navigation-is-layout-flex\" aria-label=\"Navigation\"><ul class=\"wp-block-navigation__container items-justified-center wp-block-navigation\"><li style=\"font-style:normal;font-weight:500\" class=\"wp-block-navigation-item wp-block-navigation-link has-medium-font-size\"><a class=\"wp-block-navigation-item__content\"  href=\"https:\/\/municipiodevillaaldamaver.gob.mx\/\"><span class=\"wp-block-navigation-item__label\"><strong>Inicio<\/strong><\/span><\/a><\/li><li style=\"font-style:normal;font-weight:500\" class=\"wp-block-navigation-item wp-block-navigation-link has-medium-font-size\"><a class=\"wp-block-navigation-item__content\"  href=\"https:\/\/municipiodevillaaldamaver.gob.mx\/?page_id=222\"><span class=\"wp-block-navigation-item__label\"><strong>Informaci\u00f3n Financiera<\/strong><\/span><\/a><\/li><li style=\"font-style:normal;font-weight:500\" class=\"wp-block-navigation-item wp-block-navigation-link has-medium-font-size\"><a class=\"wp-block-navigation-item__content\"  href=\"https:\/\/municipiodevillaaldamaver.gob.mx\/?page_id=154\"><span class=\"wp-block-navigation-item__label\"><strong>Notificaciones<\/strong><\/span><\/a><\/li><li data-wp-context=\"{ &quot;submenuOpenedBy&quot;: { &quot;click&quot;: false, &quot;hover&quot;: false, &quot;focus&quot;: false }, &quot;type&quot;: &quot;submenu&quot;, &quot;modal&quot;: null, &quot;previousFocus&quot;: null }\" data-wp-interactive=\"core\/navigation\" data-wp-on--focusout=\"actions.handleMenuFocusout\" data-wp-on--keydown=\"actions.handleMenuKeydown\" data-wp-on--pointerenter=\"actions.openMenuOnHover\" data-wp-on--pointerleave=\"actions.closeMenuOnHover\" data-wp-watch=\"callbacks.initMenu\" tabindex=\"-1\" style=\"font-style:normal;font-weight:500\" class=\"wp-block-navigation-item has-child open-on-hover-click wp-block-navigation-submenu has-medium-font-size\"><a class=\"wp-block-navigation-item__content\" href=\"https:\/\/municipiodevillaaldamaver.gob.mx\/?page_id=1300\"><span class=\"wp-block-navigation-item__label\"><strong>Transparencia<\/strong><\/span><\/a><button data-wp-bind--aria-expanded=\"state.isSubmenuOpen\" data-wp-on--click=\"actions.toggleMenuOnClick\" aria-label=\"Submen\u00fa de Transparencia\" class=\"wp-block-navigation__submenu-icon wp-block-navigation-submenu__toggle\" ><svg xmlns=\"http:\/\/www.w3.org\/2000\/svg\" width=\"12\" height=\"12\" viewBox=\"0 0 12 12\" fill=\"none\" aria-hidden=\"true\" focusable=\"false\"><path d=\"M1.50002 4L6.00002 8L10.5 4\" stroke-width=\"1.5\"><\/path><\/svg><\/button><ul data-wp-on--focus=\"actions.openMenuOnFocus\" style=\"font-style:normal;font-weight:500\" class=\"wp-block-navigation__submenu-container wp-block-navigation-submenu has-medium-font-size\"><li data-wp-context=\"{ &quot;submenuOpenedBy&quot;: { &quot;click&quot;: false, &quot;hover&quot;: false, &quot;focus&quot;: false }, &quot;type&quot;: &quot;submenu&quot;, &quot;modal&quot;: null, &quot;previousFocus&quot;: null }\" data-wp-interactive=\"core\/navigation\" data-wp-on--focusout=\"actions.handleMenuFocusout\" data-wp-on--keydown=\"actions.handleMenuKeydown\" data-wp-on--pointerenter=\"actions.openMenuOnHover\" data-wp-on--pointerleave=\"actions.closeMenuOnHover\" data-wp-watch=\"callbacks.initMenu\" tabindex=\"-1\" class=\"wp-block-navigation-item has-child open-on-hover-click wp-block-navigation-submenu has-medium-font-size\"><a class=\"wp-block-navigation-item__content\"><span class=\"wp-block-navigation-item__label\">2026-2029<\/span><\/a><button data-wp-bind--aria-expanded=\"state.isSubmenuOpen\" data-wp-on--click=\"actions.toggleMenuOnClick\" aria-label=\"Submen\u00fa de 2026-2029\" class=\"wp-block-navigation__submenu-icon wp-block-navigation-submenu__toggle\" ><svg xmlns=\"http:\/\/www.w3.org\/2000\/svg\" width=\"12\" height=\"12\" viewBox=\"0 0 12 12\" fill=\"none\" aria-hidden=\"true\" focusable=\"false\"><path d=\"M1.50002 4L6.00002 8L10.5 4\" stroke-width=\"1.5\"><\/path><\/svg><\/button><ul data-wp-on--focus=\"actions.openMenuOnFocus\" class=\"wp-block-navigation__submenu-container wp-block-navigation-submenu has-medium-font-size\"><li class=\"wp-block-navigation-item wp-block-navigation-link\"><a class=\"wp-block-navigation-item__content\"  href=\"https:\/\/municipiodevillaaldamaver.gob.mx\/?page_id=144\"><span class=\"wp-block-navigation-item__label\"><strong>Transparencia Municipal de Villa Aldama (Art. 15)<\/strong><\/span><\/a><\/li><li class=\"wp-block-navigation-item wp-block-navigation-link\"><a class=\"wp-block-navigation-item__content\"  href=\"https:\/\/municipiodevillaaldamaver.gob.mx\/?page_id=149\"><span class=\"wp-block-navigation-item__label\"><strong>Trasparencia Municipal de Villa Aldama (Art. 16)<\/strong><\/span><\/a><\/li><li class=\"wp-block-navigation-item wp-block-navigation-link\"><a class=\"wp-block-navigation-item__content\"  href=\"https:\/\/municipiodevillaaldamaver.gob.mx\/?page_id=188\"><span class=\"wp-block-navigation-item__label\"><strong>Avisos de Privacidad<\/strong><\/span><\/a><\/li><li class=\"wp-block-navigation-item wp-block-navigation-link\"><a class=\"wp-block-navigation-item__content\"  href=\"https:\/\/municipiodevillaaldamaver.gob.mx\/?page_id=408\"><span class=\"wp-block-navigation-item__label\"><strong>Actas del Comit\u00e9 de Transparencia<\/strong><\/span><\/a><\/li><li class=\"wp-block-navigation-item wp-block-navigation-link\"><a class=\"wp-block-navigation-item__content\"  href=\"https:\/\/municipiodevillaaldamaver.gob.mx\/?page_id=411\"><span class=\"wp-block-navigation-item__label\"><strong>Tablas de Aplicabilidad de las Obligaciones de Transparencia<\/strong><\/span><\/a><\/li><\/ul><\/li><\/ul><\/li><li data-wp-context=\"{ &quot;submenuOpenedBy&quot;: { &quot;click&quot;: false, &quot;hover&quot;: false, &quot;focus&quot;: false }, &quot;type&quot;: &quot;submenu&quot;, &quot;modal&quot;: null, &quot;previousFocus&quot;: null }\" data-wp-interactive=\"core\/navigation\" data-wp-on--focusout=\"actions.handleMenuFocusout\" data-wp-on--keydown=\"actions.handleMenuKeydown\" data-wp-on--pointerenter=\"actions.openMenuOnHover\" data-wp-on--pointerleave=\"actions.closeMenuOnHover\" data-wp-watch=\"callbacks.initMenu\" tabindex=\"-1\" style=\"font-style:normal;font-weight:500\" class=\"wp-block-navigation-item has-child open-on-hover-click wp-block-navigation-submenu has-medium-font-size\"><a class=\"wp-block-navigation-item__content\" href=\"https:\/\/municipiodevillaaldamaver.gob.mx\/?page_id=1316\"><span class=\"wp-block-navigation-item__label\"><strong>Gobierno<\/strong><\/span><\/a><button data-wp-bind--aria-expanded=\"state.isSubmenuOpen\" data-wp-on--click=\"actions.toggleMenuOnClick\" aria-label=\"Submen\u00fa de Gobierno\" class=\"wp-block-navigation__submenu-icon wp-block-navigation-submenu__toggle\" ><svg xmlns=\"http:\/\/www.w3.org\/2000\/svg\" width=\"12\" height=\"12\" viewBox=\"0 0 12 12\" fill=\"none\" aria-hidden=\"true\" focusable=\"false\"><path d=\"M1.50002 4L6.00002 8L10.5 4\" stroke-width=\"1.5\"><\/path><\/svg><\/button><ul data-wp-on--focus=\"actions.openMenuOnFocus\" style=\"font-style:normal;font-weight:500\" class=\"wp-block-navigation__submenu-container wp-block-navigation-submenu has-medium-font-size\"><li class=\"wp-block-navigation-item wp-block-navigation-link\"><a class=\"wp-block-navigation-item__content\"  href=\"https:\/\/municipiodevillaaldamaver.gob.mx\/?page_id=1317\"><span class=\"wp-block-navigation-item__label\">Ejes de Gobierno<\/span><\/a><\/li><li class=\"wp-block-navigation-item wp-block-navigation-link\"><a class=\"wp-block-navigation-item__content\"  href=\"https:\/\/municipiodevillaaldamaver.gob.mx\/?page_id=1318\"><span class=\"wp-block-navigation-item__label\">Misi\u00f3n, Visi\u00f3n y Valores<\/span><\/a><\/li><li class=\"wp-block-navigation-item wp-block-navigation-link\"><a class=\"wp-block-navigation-item__content\"  href=\"https:\/\/municipiodevillaaldamaver.gob.mx\/?page_id=1319\"><span class=\"wp-block-navigation-item__label\">Cabildo<\/span><\/a><\/li><li class=\"wp-block-navigation-item wp-block-navigation-link\"><a class=\"wp-block-navigation-item__content\"  href=\"https:\/\/municipiodevillaaldamaver.gob.mx\/?page_id=1320\"><span class=\"wp-block-navigation-item__label\">Directorio<\/span><\/a><\/li><li class=\"wp-block-navigation-item wp-block-navigation-link\"><a class=\"wp-block-navigation-item__content\"  href=\"https:\/\/municipiodevillaaldamaver.gob.mx\/?page_id=1321\"><span class=\"wp-block-navigation-item__label\">Plan Municipal de Desarrollo 2026-2029<\/span><\/a><\/li><li data-wp-context=\"{ &quot;submenuOpenedBy&quot;: { &quot;click&quot;: false, &quot;hover&quot;: false, &quot;focus&quot;: false }, &quot;type&quot;: &quot;submenu&quot;, &quot;modal&quot;: null, &quot;previousFocus&quot;: null }\" data-wp-interactive=\"core\/navigation\" data-wp-on--focusout=\"actions.handleMenuFocusout\" data-wp-on--keydown=\"actions.handleMenuKeydown\" data-wp-on--pointerenter=\"actions.openMenuOnHover\" data-wp-on--pointerleave=\"actions.closeMenuOnHover\" data-wp-watch=\"callbacks.initMenu\" tabindex=\"-1\" class=\"wp-block-navigation-item has-child open-on-hover-click wp-block-navigation-submenu\"><a class=\"wp-block-navigation-item__content\"><span class=\"wp-block-navigation-item__label\">Informes Mensuales<\/span><\/a><button data-wp-bind--aria-expanded=\"state.isSubmenuOpen\" data-wp-on--click=\"actions.toggleMenuOnClick\" aria-label=\"Submen\u00fa de Informes Mensuales\" class=\"wp-block-navigation__submenu-icon wp-block-navigation-submenu__toggle\" ><svg xmlns=\"http:\/\/www.w3.org\/2000\/svg\" width=\"12\" height=\"12\" viewBox=\"0 0 12 12\" fill=\"none\" aria-hidden=\"true\" focusable=\"false\"><path d=\"M1.50002 4L6.00002 8L10.5 4\" stroke-width=\"1.5\"><\/path><\/svg><\/button><ul data-wp-on--focus=\"actions.openMenuOnFocus\" class=\"wp-block-navigation__submenu-container wp-block-navigation-submenu\"><li class=\"wp-block-navigation-item wp-block-navigation-link\"><a class=\"wp-block-navigation-item__content\"  href=\"https:\/\/municipiodevillaaldamaver.gob.mx\/?page_id=946\"><span class=\"wp-block-navigation-item__label\">Informes Secretar\u00eda<\/span><\/a><\/li><\/ul><\/li><li data-wp-context=\"{ &quot;submenuOpenedBy&quot;: { &quot;click&quot;: false, &quot;hover&quot;: false, &quot;focus&quot;: false }, &quot;type&quot;: &quot;submenu&quot;, &quot;modal&quot;: null, &quot;previousFocus&quot;: null }\" data-wp-interactive=\"core\/navigation\" data-wp-on--focusout=\"actions.handleMenuFocusout\" data-wp-on--keydown=\"actions.handleMenuKeydown\" data-wp-on--pointerenter=\"actions.openMenuOnHover\" data-wp-on--pointerleave=\"actions.closeMenuOnHover\" data-wp-watch=\"callbacks.initMenu\" tabindex=\"-1\" class=\"wp-block-navigation-item has-child open-on-hover-click wp-block-navigation-submenu\"><a class=\"wp-block-navigation-item__content\"><span class=\"wp-block-navigation-item__label\">Convocatorias<\/span><\/a><button data-wp-bind--aria-expanded=\"state.isSubmenuOpen\" data-wp-on--click=\"actions.toggleMenuOnClick\" aria-label=\"Submen\u00fa de Convocatorias\" class=\"wp-block-navigation__submenu-icon wp-block-navigation-submenu__toggle\" ><svg xmlns=\"http:\/\/www.w3.org\/2000\/svg\" width=\"12\" height=\"12\" viewBox=\"0 0 12 12\" fill=\"none\" aria-hidden=\"true\" focusable=\"false\"><path d=\"M1.50002 4L6.00002 8L10.5 4\" stroke-width=\"1.5\"><\/path><\/svg><\/button><ul data-wp-on--focus=\"actions.openMenuOnFocus\" class=\"wp-block-navigation__submenu-container wp-block-navigation-submenu\"><li class=\"wp-block-navigation-item wp-block-navigation-link\"><a class=\"wp-block-navigation-item__content\"  href=\"https:\/\/municipiodevillaaldamaver.gob.mx\/?page_id=176\"><span class=\"wp-block-navigation-item__label\">COPLADEMUN<\/span><\/a><\/li><li class=\"wp-block-navigation-item wp-block-navigation-link\"><a class=\"wp-block-navigation-item__content\"  href=\"https:\/\/municipiodevillaaldamaver.gob.mx\/?page_id=181\"><span class=\"wp-block-navigation-item__label\">CDM<\/span><\/a><\/li><li class=\"wp-block-navigation-item wp-block-navigation-link\"><a class=\"wp-block-navigation-item__content\"  href=\"https:\/\/municipiodevillaaldamaver.gob.mx\/?page_id=233\"><span class=\"wp-block-navigation-item__label\">Cabildo Abierto<\/span><\/a><\/li><li class=\"wp-block-navigation-item wp-block-navigation-link\"><a class=\"wp-block-navigation-item__content\"  href=\"https:\/\/municipiodevillaaldamaver.gob.mx\/?page_id=604\"><span class=\"wp-block-navigation-item__label\">Jefas y Jefes de Manzana<\/span><\/a><\/li><\/ul><\/li><li class=\"wp-block-navigation-item wp-block-navigation-link\"><a class=\"wp-block-navigation-item__content\"  href=\"https:\/\/municipiodevillaaldamaver.gob.mx\/?page_id=1327\"><span class=\"wp-block-navigation-item__label\">Acta Circunstanciada de Entrega y Recepci\u00f3n 2022-2025<\/span><\/a><\/li><li class=\"wp-block-navigation-item wp-block-navigation-link\"><a class=\"wp-block-navigation-item__content\"  href=\"https:\/\/municipiodevillaaldamaver.gob.mx\/?page_id=1328\"><span class=\"wp-block-navigation-item__label\">Formato para Quejas y Denuncias<\/span><\/a><\/li><li class=\"wp-block-navigation-item wp-block-navigation-link\"><a class=\"wp-block-navigation-item__content\"  href=\"https:\/\/municipiodevillaaldamaver.gob.mx\/?page_id=795\"><span class=\"wp-block-navigation-item__label\">Leyes, Reglamentos y Ordenamientos<\/span><\/a><\/li><li class=\"wp-block-navigation-item wp-block-navigation-link\"><a class=\"wp-block-navigation-item__content\"  href=\"https:\/\/municipiodevillaaldamaver.gob.mx\/?page_id=1329\"><span class=\"wp-block-navigation-item__label\">Avisos y Comunicados<\/span><\/a><\/li><li data-wp-context=\"{ &quot;submenuOpenedBy&quot;: { &quot;click&quot;: false, &quot;hover&quot;: false, &quot;focus&quot;: false }, &quot;type&quot;: &quot;submenu&quot;, &quot;modal&quot;: null, &quot;previousFocus&quot;: null }\" data-wp-interactive=\"core\/navigation\" data-wp-on--focusout=\"actions.handleMenuFocusout\" data-wp-on--keydown=\"actions.handleMenuKeydown\" data-wp-on--pointerenter=\"actions.openMenuOnHover\" data-wp-on--pointerleave=\"actions.closeMenuOnHover\" data-wp-watch=\"callbacks.initMenu\" tabindex=\"-1\" class=\"wp-block-navigation-item has-child open-on-hover-click wp-block-navigation-submenu\"><a class=\"wp-block-navigation-item__content\"><span class=\"wp-block-navigation-item__label\">Plan de Trabajo<\/span><\/a><button data-wp-bind--aria-expanded=\"state.isSubmenuOpen\" data-wp-on--click=\"actions.toggleMenuOnClick\" aria-label=\"Submen\u00fa de Plan de Trabajo\" class=\"wp-block-navigation__submenu-icon wp-block-navigation-submenu__toggle\" ><svg xmlns=\"http:\/\/www.w3.org\/2000\/svg\" width=\"12\" height=\"12\" viewBox=\"0 0 12 12\" fill=\"none\" aria-hidden=\"true\" focusable=\"false\"><path d=\"M1.50002 4L6.00002 8L10.5 4\" stroke-width=\"1.5\"><\/path><\/svg><\/button><ul data-wp-on--focus=\"actions.openMenuOnFocus\" class=\"wp-block-navigation__submenu-container wp-block-navigation-submenu\"><li class=\"wp-block-navigation-item wp-block-navigation-link\"><a class=\"wp-block-navigation-item__content\"  href=\"https:\/\/municipiodevillaaldamaver.gob.mx\/?page_id=972\"><span class=\"wp-block-navigation-item__label\">Bliblioteca Municipal<\/span><\/a><\/li><\/ul><\/li><\/ul><\/li><\/ul><ul class=\"wp-block-navigation__container items-justified-center wp-block-navigation\"><li style=\"font-style:normal;font-weight:500\" class=\"wp-block-navigation-item wp-block-navigation-link has-medium-font-size\"><a class=\"wp-block-navigation-item__content\"  href=\"https:\/\/municipiodevillaaldamaver.gob.mx\/?page_id=498\"><span class=\"wp-block-navigation-item__label\"><strong>Obras P\u00fablicas<\/strong><\/span><\/a><\/li><li style=\"font-style:normal;font-weight:500\" class=\"wp-block-navigation-item wp-block-navigation-link has-medium-font-size\"><a class=\"wp-block-navigation-item__content\"  href=\"https:\/\/municipiodevillaaldamaver.gob.mx\/?page_id=888\"><span class=\"wp-block-navigation-item__label\"><strong>IMM<\/strong><\/span><\/a><\/li><\/ul><\/nav>\n\n\n<hr class=\"wp-block-separator has-alpha-channel-opacity\"\/>\n\n\n\n<p class=\"has-text-align-center is-style-text-annotation is-style-text-annotation--1 wp-block-paragraph\">En cumplimiento a lo establecido por los art\u00edculos 12, 13 y 15 de la Ley N\u00famero 250 de Transparencia y Acceso a la Informaci\u00f3n P\u00fablica para el Estado de Veracruz de Ignacio de la Llave, el <strong>H. Ayuntamiento de&nbsp;Villa Aldama, Ver.<\/strong> pone a su disposici\u00f3n la siguiente informaci\u00f3n p\u00fablica:<\/p>\n\n\n\n<p class=\"has-text-align-center is-style-text-annotation is-style-text-annotation--2 wp-block-paragraph\"><strong><kbd>Fracciones especificas<\/kbd><\/strong> (Art. 16)<\/p>\n\n\n\n<hr class=\"wp-block-separator has-alpha-channel-opacity\"\/>\n\n\n\n<details class=\"wp-block-details has-medium-font-size is-layout-flow wp-block-details-is-layout-flow\"><summary>ART. 16 ESPECIFICAS<\/summary>\n<details class=\"wp-block-details is-layout-flow wp-block-details-is-layout-flow\"><summary>FRACCION II<\/summary>\n<details class=\"wp-block-details is-layout-flow wp-block-details-is-layout-flow\"><summary>A EL PLAN MUNICIPAL DE DESARROLLO<\/summary>\n<details class=\"wp-block-details is-layout-flow wp-block-details-is-layout-flow\"><summary>2026<\/summary>\n<details class=\"wp-block-details is-layout-flow wp-block-details-is-layout-flow\"><summary>PRIMER TRIMESTRE<\/summary>\n<div class=\"wp-block-file\"><a id=\"wp-block-file--media-b6a4b844-3966-48fa-b164-6e541559f1e7\" href=\"https:\/\/municipiodevillaaldamaver.gob.mx\/wp-content\/uploads\/2026\/06\/1.-LTAIPVIL16IIA-Plan-Municipal-de-Desarrollo.xlsx\">1. LTAIPVIL16IIA    Plan Municipal de Desarrollo<\/a><\/div>\n<\/details>\n\n\n\n<details class=\"wp-block-details is-layout-flow wp-block-details-is-layout-flow\"><summary>SEGUNDO TRIMESTRE<\/summary>\n<div class=\"wp-block-file\"><a id=\"wp-block-file--media-5f285a09-d6db-4c61-9549-4837b941aa7a\" href=\"https:\/\/municipiodevillaaldamaver.gob.mx\/wp-content\/uploads\/2026\/07\/1.-LTAIPVIL16IIA-Plan-Municipal-de-Desarrollo.xlsx\">1. LTAIPVIL16IIA    Plan Municipal de Desarrollo<\/a><\/div>\n<\/details>\n<\/details>\n<\/details>\n\n\n\n<details class=\"wp-block-details is-layout-flow wp-block-details-is-layout-flow\"><summary>B OBJETIVOS Y METAS INSTITUCIONALES <\/summary>\n<details class=\"wp-block-details is-layout-flow wp-block-details-is-layout-flow\"><summary>2026<\/summary>\n<details class=\"wp-block-details is-layout-flow wp-block-details-is-layout-flow\"><summary>PRIMER TRIMESTRE<\/summary>\n<div class=\"wp-block-file\"><a id=\"wp-block-file--media-764f04bd-bcab-4f10-b352-0e79cdc0d1a4\" href=\"https:\/\/municipiodevillaaldamaver.gob.mx\/wp-content\/uploads\/2026\/06\/2.-LTAIPVIL16IIB-Los-objetivos-metas-y-acciones.xlsx\">2. LTAIPVIL16IIB     Los objetivos, metas y acciones<\/a><\/div>\n<\/details>\n\n\n\n<details class=\"wp-block-details is-layout-flow wp-block-details-is-layout-flow\"><summary>SEGUNDO TRIMESTRE<\/summary>\n<div class=\"wp-block-file\"><a id=\"wp-block-file--media-1de80217-3389-4274-baea-96e10b7ee685\" href=\"https:\/\/municipiodevillaaldamaver.gob.mx\/wp-content\/uploads\/2026\/07\/2.-LTAIPVIL16IIB-Los-objetivos-metas-y-acciones.xlsx\">2. LTAIPVIL16IIB     Los objetivos, metas y acciones<\/a><\/div>\n<\/details>\n<\/details>\n<\/details>\n\n\n\n<details class=\"wp-block-details is-layout-flow wp-block-details-is-layout-flow\"><summary>C LA LEY DE INGRESOS Y EL PRESUPUESTO DE EGRESOS <\/summary>\n<details class=\"wp-block-details is-layout-flow wp-block-details-is-layout-flow\"><summary>2026<\/summary>\n<details class=\"wp-block-details is-layout-flow wp-block-details-is-layout-flow\"><summary>PRIMER TRIMESTRE<\/summary>\n<div class=\"wp-block-file\"><a id=\"wp-block-file--media-33d71e69-70b0-4d50-a72a-06749347aeb8\" href=\"https:\/\/municipiodevillaaldamaver.gob.mx\/wp-content\/uploads\/2026\/06\/3.-LTAIPVIL16IIC-La-Ley-de-Ingresos-y-el-presupuesto-de-egresos.xlsx\">3. LTAIPVIL16IIC     La Ley de Ingresos y el presupuesto de egresos<\/a><\/div>\n<\/details>\n\n\n\n<details class=\"wp-block-details is-layout-flow wp-block-details-is-layout-flow\"><summary>SEGUNDO TRIMESTRE<\/summary>\n<div class=\"wp-block-file\"><a id=\"wp-block-file--media-f4faf430-5152-4d93-aad8-4da322f90217\" href=\"https:\/\/municipiodevillaaldamaver.gob.mx\/wp-content\/uploads\/2026\/07\/3.-LTAIPVIL16IIC-La-Ley-de-Ingresos-y-el-presupuesto-de-egresos.xlsx\">3. LTAIPVIL16IIC     La Ley de Ingresos y el presupuesto de egresos<\/a><\/div>\n<\/details>\n<\/details>\n<\/details>\n\n\n\n<details class=\"wp-block-details is-layout-flow wp-block-details-is-layout-flow\"><summary>D EL NOMBRE, DENOMINACI\u00d3N O RAZ\u00d3N SOCIAL Y CLAVE DEL REGISTRO FEDERAL DE LOS CONTRIBUYENTES<\/summary>\n<details class=\"wp-block-details is-layout-flow wp-block-details-is-layout-flow\"><summary>2026 D1<\/summary>\n<details class=\"wp-block-details is-layout-flow wp-block-details-is-layout-flow\"><summary>PRIMER TRIMESTRE<\/summary>\n<div class=\"wp-block-file\"><a id=\"wp-block-file--media-94dd9445-dea2-4361-81a0-1c9f1f85cc7c\" href=\"https:\/\/municipiodevillaaldamaver.gob.mx\/wp-content\/uploads\/2026\/06\/4.-LTAIPVIL16IID1-Contribuyentes-que-recibieron-cancelacion.xlsx\">4. LTAIPVIL16IID1   Contribuyentes que recibieron cancelaci\u00f3n<\/a><\/div>\n<\/details>\n\n\n\n<details class=\"wp-block-details is-layout-flow wp-block-details-is-layout-flow\"><summary>SEGUNDO TRIMESTRE<\/summary>\n<div class=\"wp-block-file\"><a id=\"wp-block-file--media-781b39aa-cee2-4d92-93de-f6fdb8e7ec95\" href=\"https:\/\/municipiodevillaaldamaver.gob.mx\/wp-content\/uploads\/2026\/07\/4.-LTAIPVIL16IID1-Contribuyentes-que-recibieron-cancelacion.xlsx\">4. LTAIPVIL16IID1   Contribuyentes que recibieron cancelaci\u00f3n<\/a><\/div>\n<\/details>\n<\/details>\n\n\n\n<details class=\"wp-block-details is-layout-flow wp-block-details-is-layout-flow\"><summary>2026 D2<\/summary>\n<details class=\"wp-block-details is-layout-flow wp-block-details-is-layout-flow\"><summary>PRIMER TRIMESTRE<\/summary>\n<div class=\"wp-block-file\"><a id=\"wp-block-file--media-36af3b17-f7e9-4f49-813e-e4ad6ea68169\" href=\"https:\/\/municipiodevillaaldamaver.gob.mx\/wp-content\/uploads\/2026\/06\/5.-LTAIPVIL16IID2-Estadisticas-sobre-exenciones.xlsx\">5. LTAIPVIL16IID2   Estad\u00edsticas sobre exenciones<\/a><\/div>\n<\/details>\n\n\n\n<details class=\"wp-block-details is-layout-flow wp-block-details-is-layout-flow\"><summary>SEGUNDO TRIMESTRE<\/summary>\n<div class=\"wp-block-file\"><a id=\"wp-block-file--media-3662c720-b933-483b-8e74-5eb173390be2\" href=\"https:\/\/municipiodevillaaldamaver.gob.mx\/wp-content\/uploads\/2026\/07\/5.-LTAIPVIL16IID2-Estadisticas-sobre-exenciones.xlsx\">5. LTAIPVIL16IID2   Estad\u00edsticas sobre exenciones<\/a><\/div>\n<\/details>\n<\/details>\n<\/details>\n\n\n\n<details class=\"wp-block-details is-layout-flow wp-block-details-is-layout-flow\"><summary>E LA INFORMACION DETALLADA QUE CONTENGAN LOS PLANES DE DESARROLLO URBANO, ORDENAMIENTO TERRITORIAL Y ECOL\u00d3GICO<\/summary>\n<details class=\"wp-block-details is-layout-flow wp-block-details-is-layout-flow\"><summary>2026 E1<\/summary>\n<details class=\"wp-block-details is-layout-flow wp-block-details-is-layout-flow\"><summary>SEGUNDO TRIMESTRE<\/summary>\n<div class=\"wp-block-file\"><a id=\"wp-block-file--media-19140b12-a0f4-449d-a84e-0defb4c5fa98\" href=\"https:\/\/municipiodevillaaldamaver.gob.mx\/wp-content\/uploads\/2026\/07\/6.-LTAIPVIL16IIE1-Hipervinculo-a-la-informacion.xlsx\">6. LTAIPVIL16IIE1    Hiperv\u00ednculo a la informaci\u00f3n<\/a><\/div>\n<\/details>\n<\/details>\n\n\n\n<details class=\"wp-block-details is-layout-flow wp-block-details-is-layout-flow\"><summary>2026 E2<\/summary>\n<details class=\"wp-block-details is-layout-flow wp-block-details-is-layout-flow\"><summary>PRIMER TRIMESTRE<\/summary>\n<div class=\"wp-block-file\"><a id=\"wp-block-file--media-09880c38-83c2-4b3f-94d4-4bd986f43540\" href=\"https:\/\/municipiodevillaaldamaver.gob.mx\/wp-content\/uploads\/2026\/06\/8.-LTAIPVIL16IIE2-Planes-yo-programas-de-desarrollo-urbano-1.xlsx\">8. LTAIPVIL16IIE2    Planes yo programas de desarrollo urbano<\/a><\/div>\n<\/details>\n\n\n\n<details class=\"wp-block-details is-layout-flow wp-block-details-is-layout-flow\"><summary>SEGUNDO TRIMESTRE<\/summary>\n<div class=\"wp-block-file\"><a id=\"wp-block-file--media-99084f50-236e-4341-bb37-deed9fbde1f4\" href=\"https:\/\/municipiodevillaaldamaver.gob.mx\/wp-content\/uploads\/2026\/07\/8.-LTAIPVIL16IIE2-Planes-yo-programas-de-desarrollo-urbano.xlsx\">8. LTAIPVIL16IIE2    Planes yo programas de desarrollo urbano<\/a><\/div>\n<\/details>\n<\/details>\n\n\n\n<details class=\"wp-block-details is-layout-flow wp-block-details-is-layout-flow\"><summary>2026 E3<\/summary>\n<details class=\"wp-block-details is-layout-flow wp-block-details-is-layout-flow\"><summary>PRIMER TRIMESTRE<\/summary>\n<div class=\"wp-block-file\"><a id=\"wp-block-file--media-20894890-d838-4813-acbe-4a2de241426e\" href=\"https:\/\/municipiodevillaaldamaver.gob.mx\/wp-content\/uploads\/2026\/06\/9.-LTAIPVIL16IIE3-Planes-y-programas-de-ordenamiento-territorial-1.xlsx\">9. LTAIPVIL16IIE3    Planes y programas de ordenamiento territorial<\/a><\/div>\n<\/details>\n\n\n\n<details class=\"wp-block-details is-layout-flow wp-block-details-is-layout-flow\"><summary>SEGUNDO TRIMESTRE<\/summary>\n<div class=\"wp-block-file\"><a id=\"wp-block-file--media-ab8410f6-790d-43f9-8ede-be26654ae4a9\" href=\"https:\/\/municipiodevillaaldamaver.gob.mx\/wp-content\/uploads\/2026\/07\/9.-LTAIPVIL16IIE3-Planes-y-programas-de-ordenamiento-territorial.xlsx\">9. LTAIPVIL16IIE3    Planes y programas de ordenamiento territorial<\/a><\/div>\n<\/details>\n<\/details>\n\n\n\n<details class=\"wp-block-details is-layout-flow wp-block-details-is-layout-flow\"><summary>2026 E4<\/summary>\n<details class=\"wp-block-details is-layout-flow wp-block-details-is-layout-flow\"><summary>PRIMER TRIMESTRE<\/summary>\n<div class=\"wp-block-file\"><a id=\"wp-block-file--media-bc4acfc1-2b6c-4611-9cee-b1a9d7db1a99\" href=\"https:\/\/municipiodevillaaldamaver.gob.mx\/wp-content\/uploads\/2026\/06\/10.-LTAIPVIL16IIE4-Planes-y-programas-de-ordenamiento-ecologico-1.xlsx\">10. LTAIPVIL16IIE4  Planes y programas de ordenamiento ecol\u00f3gico<\/a><\/div>\n<\/details>\n\n\n\n<details class=\"wp-block-details is-layout-flow wp-block-details-is-layout-flow\"><summary>SEGUNDO TRIMESTRE<\/summary>\n<div class=\"wp-block-file\"><a id=\"wp-block-file--media-89ff7667-26cf-417a-acd4-feda9eb783c0\" href=\"https:\/\/municipiodevillaaldamaver.gob.mx\/wp-content\/uploads\/2026\/07\/10.-LTAIPVIL16IIE4-Planes-y-programas-de-ordenamiento-ecologico.xlsx\">10. LTAIPVIL16IIE4  Planes y programas de ordenamiento ecol\u00f3gico<\/a><\/div>\n<\/details>\n<\/details>\n\n\n\n<details class=\"wp-block-details is-layout-flow wp-block-details-is-layout-flow\"><summary>2026 E5<\/summary>\n<details class=\"wp-block-details is-layout-flow wp-block-details-is-layout-flow\"><summary>PRIMER TRIMESTRE<\/summary>\n<div class=\"wp-block-file\"><a id=\"wp-block-file--media-a106c53f-21e2-4997-8de8-0bcfca2b4325\" href=\"https:\/\/municipiodevillaaldamaver.gob.mx\/wp-content\/uploads\/2026\/06\/11.-LTAIPVIL16IIE5-Tipos-de-uso-de-suelo-1.xlsx\">11. LTAIPVIL16IIE5  Tipos de uso de suelo<\/a><\/div>\n<\/details>\n\n\n\n<details class=\"wp-block-details is-layout-flow wp-block-details-is-layout-flow\"><summary>SEGUNDO TRIMESTRE<\/summary>\n<p class=\"wp-block-paragraph\"><\/p>\n<\/details>\n\n\n\n<div class=\"wp-block-file\"><a id=\"wp-block-file--media-db99abe3-f2b4-4a1c-8247-f0eee268a548\" href=\"https:\/\/municipiodevillaaldamaver.gob.mx\/wp-content\/uploads\/2026\/07\/11.-LTAIPVIL16IIE5-Tipos-de-uso-de-suelo.xlsx\">11. LTAIPVIL16IIE5  Tipos de uso de suelo<\/a><\/div>\n<\/details>\n\n\n\n<details class=\"wp-block-details is-layout-flow wp-block-details-is-layout-flow\"><summary>2026 E6<\/summary>\n<details class=\"wp-block-details is-layout-flow wp-block-details-is-layout-flow\"><summary>PRIMER TRIMESTRE<\/summary>\n<div class=\"wp-block-file\"><a id=\"wp-block-file--media-c6b9e5f2-933c-4861-b780-c3500ebc95bc\" href=\"https:\/\/municipiodevillaaldamaver.gob.mx\/wp-content\/uploads\/2026\/06\/7.-LTAIPVIL16IIE6-Licencias-de-uso-de-suelo-1.xlsx\">7. LTAIPVIL16IIE6    Licencias de uso de suelo<\/a><\/div>\n<\/details>\n\n\n\n<details class=\"wp-block-details is-layout-flow wp-block-details-is-layout-flow\"><summary>SEGUNDO TRIMESTRE<\/summary>\n<div class=\"wp-block-file\"><a id=\"wp-block-file--media-a34dba1b-cd08-4d6b-9aad-eed3b8cceba0\" href=\"https:\/\/municipiodevillaaldamaver.gob.mx\/wp-content\/uploads\/2026\/07\/7.-LTAIPVIL16IIE6-Licencias-de-uso-de-suelo.xlsx\">7. LTAIPVIL16IIE6    Licencias de uso de suelo<\/a><\/div>\n<\/details>\n<\/details>\n\n\n\n<details class=\"wp-block-details is-layout-flow wp-block-details-is-layout-flow\"><summary>2026 E7<\/summary>\n<details class=\"wp-block-details is-layout-flow wp-block-details-is-layout-flow\"><summary>PRIMER TRIMESTRE<\/summary>\n<div class=\"wp-block-file\"><a id=\"wp-block-file--media-397cbc17-affb-46d3-92f4-b972d9f89105\" href=\"https:\/\/municipiodevillaaldamaver.gob.mx\/wp-content\/uploads\/2026\/06\/12.-LTAIPVIL16IIE7-Licencias-de-construccion-1.xlsx\">12. LTAIPVIL16IIE7   Licencias de construcci\u00f3n<\/a><\/div>\n<\/details>\n\n\n\n<details class=\"wp-block-details is-layout-flow wp-block-details-is-layout-flow\"><summary>SEGUNDO TRIMESTRE<\/summary>\n<div class=\"wp-block-file\"><a id=\"wp-block-file--media-958befd5-993f-422d-9abf-31d885198c7a\" href=\"https:\/\/municipiodevillaaldamaver.gob.mx\/wp-content\/uploads\/2026\/07\/12.-LTAIPVIL16IIE7-Licencias-de-construccion.xlsx\">12. LTAIPVIL16IIE7   Licencias de construcci\u00f3n<\/a><\/div>\n<\/details>\n<\/details>\n<\/details>\n\n\n\n<details class=\"wp-block-details is-layout-flow wp-block-details-is-layout-flow\"><summary>H LAS ACTAS DE SESIONES DE CABILDO Y ANEXOS<\/summary>\n<details class=\"wp-block-details is-layout-flow wp-block-details-is-layout-flow\"><summary>2026 <\/summary>\n<details class=\"wp-block-details is-layout-flow wp-block-details-is-layout-flow\"><summary>PRIMER TRIMESTRE<\/summary>\n<div class=\"wp-block-file\"><a id=\"wp-block-file--media-26b7d240-ca60-409f-bf53-40437a17f869\" href=\"https:\/\/municipiodevillaaldamaver.gob.mx\/wp-content\/uploads\/2026\/06\/15.-LTAIPVIL16IIH-Calendario-de-sesiones-del-Cabildo-municipio-2.xlsx\">15. LTAIPVIL16IIH    Calendario de sesiones del Cabildo municipio<\/a><\/div>\n<\/details>\n\n\n\n<details class=\"wp-block-details is-layout-flow wp-block-details-is-layout-flow\"><summary>SEGUNDO TRIMESTRE<\/summary>\n<div class=\"wp-block-file\"><a id=\"wp-block-file--media-73144e3c-58b8-4a44-8be6-0bc34f69f95d\" href=\"https:\/\/municipiodevillaaldamaver.gob.mx\/wp-content\/uploads\/2026\/07\/15.-LTAIPVIL16IIH-Calendario-de-sesiones-del-Cabildo-municipio.xlsx\">15. LTAIPVIL16IIH    Calendario de sesiones del Cabildo municipio<\/a><\/div>\n<\/details>\n<\/details>\n<\/details>\n\n\n\n<details class=\"wp-block-details is-layout-flow wp-block-details-is-layout-flow\"><summary>I.1 ESTADISTICAS O INDICADORES DE DESEMPE\u00d1O<\/summary>\n<details class=\"wp-block-details is-layout-flow wp-block-details-is-layout-flow\"><summary>SEGUNDO TRIMESTRE<\/summary>\n<div class=\"wp-block-file\"><a id=\"wp-block-file--media-d417b31b-6f6d-40f6-97d5-1ea52827005e\" href=\"https:\/\/municipiodevillaaldamaver.gob.mx\/wp-content\/uploads\/2026\/07\/16.-LTAIPVIL16IIi1-Estadisticas-o-indicadores-de-desempeno.xlsx\">16. LTAIPVIL16IIi1    Estad\u00edsticas o indicadores de desempe\u00f1o<\/a><\/div>\n<\/details>\n<\/details>\n\n\n\n<details class=\"wp-block-details is-layout-flow wp-block-details-is-layout-flow\"><summary>I.2 CONVENIOS PARA EJERCER EL SERVICIO DE CUERPOS<\/summary>\n<details class=\"wp-block-details is-layout-flow wp-block-details-is-layout-flow\"><summary>SEGUNDO TRIMESTRE<\/summary>\n<div class=\"wp-block-file\"><a id=\"wp-block-file--media-62545480-668c-46b4-81bb-ab0058c94ac3\" href=\"https:\/\/municipiodevillaaldamaver.gob.mx\/wp-content\/uploads\/2026\/07\/17.-LTAIPVIL16IIi2-Convenios-para-ejercer-el-servicio-de-cuerpos.xlsx\">17. LTAIPVIL16IIi2    Convenios para ejercer el servicio de cuerpos<\/a><\/div>\n<\/details>\n\n\n\n<details class=\"wp-block-details is-layout-flow wp-block-details-is-layout-flow\"><summary>J CANTIDADES RECIBIDAS POR CONCEPTO DE MULTA<\/summary>\n<details class=\"wp-block-details is-layout-flow wp-block-details-is-layout-flow\"><summary>SEGUNDO TRIMESTRE<\/summary>\n<div class=\"wp-block-file\"><a id=\"wp-block-file--media-30f30493-4774-4d6f-994d-20f7624ea6b4\" href=\"https:\/\/municipiodevillaaldamaver.gob.mx\/wp-content\/uploads\/2026\/07\/18.-LTAIPVIL16IIJ-Cantidades-recibidas-por-concepto-de-multa.xlsx\">18. LTAIPVIL16IIJ      Cantidades recibidas por concepto de multa<\/a><\/div>\n<\/details>\n<\/details>\n<\/details>\n\n\n\n<details class=\"wp-block-details is-layout-flow wp-block-details-is-layout-flow\"><summary>K EL CALENDARIO CON LAS ACTIVIDADES CULTURALES, DEPORTIVAS Y RECREATIVAS<\/summary>\n<details class=\"wp-block-details is-layout-flow wp-block-details-is-layout-flow\"><summary>2026 <\/summary>\n<details class=\"wp-block-details is-layout-flow wp-block-details-is-layout-flow\"><summary>PRIMER TRIMESTRE<\/summary>\n<div class=\"wp-block-file\"><a id=\"wp-block-file--media-f2b33125-6c8c-410c-a102-99abb5908c17\" href=\"https:\/\/municipiodevillaaldamaver.gob.mx\/wp-content\/uploads\/2026\/07\/19.-LTAIPVIL16IIK-Calendario-de-actividades-1.xlsx\">19. LTAIPVIL16IIK     Calendario de actividades<\/a><\/div>\n<\/details>\n\n\n\n<details class=\"wp-block-details is-layout-flow wp-block-details-is-layout-flow\"><summary>SEGUNDO TRIMESTRE<\/summary>\n<div class=\"wp-block-file\"><a id=\"wp-block-file--media-4cfc6e30-ee8d-4fc0-8271-c6d9ad184c5b\" href=\"https:\/\/municipiodevillaaldamaver.gob.mx\/wp-content\/uploads\/2026\/07\/19.-LTAIPVIL16IIK-Calendario-de-actividades.xlsx\">19. LTAIPVIL16IIK     Calendario de actividades<\/a><\/div>\n<\/details>\n<\/details>\n<\/details>\n\n\n\n<details class=\"wp-block-details is-layout-flow wp-block-details-is-layout-flow\"><summary>L EL CALENDARIO CON HORARIOS, N\u00daMERO DE UNIDAD Y TEL\u00c9FONOS DE SERVICIOS DE RECOLECCI\u00d3N DE BASURA<\/summary>\n<details class=\"wp-block-details is-layout-flow wp-block-details-is-layout-flow\"><summary>2026 <\/summary>\n<details class=\"wp-block-details is-layout-flow wp-block-details-is-layout-flow\"><summary>PRIMER TRIMESTRE<\/summary>\n<div class=\"wp-block-file\"><a id=\"wp-block-file--media-70de4cfc-83ac-4b24-ac37-2ee2daa032ce\" href=\"https:\/\/municipiodevillaaldamaver.gob.mx\/wp-content\/uploads\/2026\/06\/20.-LTAIPVIL16IIL-Calendario-del-servicio-de-recoleccion-de-basura.xlsx\">20. LTAIPVIL16IIL     Calendario del servicio de recolecci\u00f3n de basura<\/a><\/div>\n<\/details>\n\n\n\n<details class=\"wp-block-details is-layout-flow wp-block-details-is-layout-flow\"><summary>SEGUNDO TRIMESTRE<\/summary>\n<div class=\"wp-block-file\"><a id=\"wp-block-file--media-704956a6-0dde-41ed-9e1d-8c34f498412e\" href=\"https:\/\/municipiodevillaaldamaver.gob.mx\/wp-content\/uploads\/2026\/07\/20.-LTAIPVIL16IIL-Calendario-del-servicio-de-recoleccion-de-basura.xlsx\">20. LTAIPVIL16IIL     Calendario del servicio de recolecci\u00f3n de basura<\/a><\/div>\n<\/details>\n<\/details>\n<\/details>\n<\/details>\n\n\n\n<details class=\"wp-block-details is-layout-flow wp-block-details-is-layout-flow\"><summary>FRACCION III<\/summary>\n<details class=\"wp-block-details is-layout-flow wp-block-details-is-layout-flow\"><summary>A LOS MECANISMOS DE SUPERVISI\u00d3N POLICIAL Y LOS MEDIOS PARA INCONFORMARSE CON UN REPORTE DE SUPERVISI\u00d3N<\/summary>\n<details class=\"wp-block-details is-layout-flow wp-block-details-is-layout-flow\"><summary>2026 <\/summary>\n<details class=\"wp-block-details is-layout-flow wp-block-details-is-layout-flow\"><summary>PRIMER TRIMESTRE<\/summary>\n<div class=\"wp-block-file\"><a id=\"wp-block-file--media-12eae554-f04b-4b9e-b4a4-3cb2caf00b76\" href=\"https:\/\/municipiodevillaaldamaver.gob.mx\/wp-content\/uploads\/2026\/06\/21.-LTAIPVIL16IIIA-Mecanismos-de-supervision-policial.xlsx\">21. LTAIPVIL16IIIA    Mecanismos de supervisi\u00f3n policial<\/a><\/div>\n<\/details>\n\n\n\n<details class=\"wp-block-details is-layout-flow wp-block-details-is-layout-flow\"><summary>SEGUNDO TRIMESTRE<\/summary>\n<div class=\"wp-block-file\"><a id=\"wp-block-file--media-803485b2-2ff1-430b-a6ff-43d442d4ce79\" href=\"https:\/\/municipiodevillaaldamaver.gob.mx\/wp-content\/uploads\/2026\/07\/21.-LTAIPVIL16IIIA-Mecanismos-de-supervision-policial.xlsx\">21. LTAIPVIL16IIIA    Mecanismos de supervisi\u00f3n policial<\/a><\/div>\n<\/details>\n<\/details>\n<\/details>\n\n\n\n<details class=\"wp-block-details is-layout-flow wp-block-details-is-layout-flow\"><summary>B LOS CRITERIOS Y UN INFORME ANUAL DE EVALUACI\u00d3N DEL DESEMPE\u00d1O POLICIAL<\/summary>\n<details class=\"wp-block-details is-layout-flow wp-block-details-is-layout-flow\"><summary>2026 &#8211; B1<\/summary>\n<details class=\"wp-block-details is-layout-flow wp-block-details-is-layout-flow\"><summary>PRIMER TRIMESTRE<\/summary>\n<div class=\"wp-block-file\"><a id=\"wp-block-file--media-f770abbb-ff0f-4e81-8f23-5c9c1a13a5f0\" href=\"https:\/\/municipiodevillaaldamaver.gob.mx\/wp-content\/uploads\/2026\/06\/22.-LTAIPVIL16IIIB1-Criterios-de-evaluacion-de-desempeno-policial.xlsx\">22. LTAIPVIL16IIIB1  Criterios de evaluaci\u00f3n de desempe\u00f1o policial<\/a><\/div>\n<\/details>\n\n\n\n<details class=\"wp-block-details is-layout-flow wp-block-details-is-layout-flow\"><summary>SEGUNDO TRIMESTRE<\/summary>\n<div class=\"wp-block-file\"><a id=\"wp-block-file--media-2ae32b45-0d5a-4e11-98f0-ca2dfc5a5e53\" href=\"https:\/\/municipiodevillaaldamaver.gob.mx\/wp-content\/uploads\/2026\/07\/22.-LTAIPVIL16IIIB1-Criterios-de-evaluacion-de-desempeno-policial.xlsx\">22. LTAIPVIL16IIIB1  Criterios de evaluaci\u00f3n de desempe\u00f1o policial<\/a><\/div>\n<\/details>\n<\/details>\n\n\n\n<details class=\"wp-block-details is-layout-flow wp-block-details-is-layout-flow\"><summary>2026 &#8211; B2<\/summary>\n<details class=\"wp-block-details is-layout-flow wp-block-details-is-layout-flow\"><summary>PRIMER TRIMESTRE<\/summary>\n<div class=\"wp-block-file\"><a id=\"wp-block-file--media-3b735e7b-3865-49f3-b22f-e781c70fcfa2\" href=\"https:\/\/municipiodevillaaldamaver.gob.mx\/wp-content\/uploads\/2026\/06\/23.-LTAIPVIL16IIIB2-Informe-Anual-de-desempeno-policial.xlsx\">23. LTAIPVIL16IIIB2   Informe Anual de desempe\u00f1o policial<\/a><\/div>\n<\/details>\n\n\n\n<details class=\"wp-block-details is-layout-flow wp-block-details-is-layout-flow\"><summary>SEGUNDO TRIMESTRE<\/summary>\n<div class=\"wp-block-file\"><a id=\"wp-block-file--media-8a7f976a-c51a-4869-b101-74ab38bd0fc5\" href=\"https:\/\/municipiodevillaaldamaver.gob.mx\/wp-content\/uploads\/2026\/07\/23.-LTAIPVIL16IIIB2-Informe-Anual-de-desempeno-policial.xlsx\">23. LTAIPVIL16IIIB2   Informe Anual de desempe\u00f1o policial<\/a><\/div>\n<\/details>\n<\/details>\n<\/details>\n\n\n\n<details class=\"wp-block-details is-layout-flow wp-block-details-is-layout-flow\"><summary>C LOS PROTOCOLOS DE USO DE LA FUERZA INCIDENTES REPORTADOS DE OFICIO<\/summary>\n<details class=\"wp-block-details is-layout-flow wp-block-details-is-layout-flow\"><summary>2026 <\/summary>\n<details class=\"wp-block-details is-layout-flow wp-block-details-is-layout-flow\"><summary>PRIMER TRIMESTRE<\/summary>\n<div class=\"wp-block-file\"><a id=\"wp-block-file--media-d33f4049-da3b-40bb-a82d-2a77512bcd6d\" href=\"https:\/\/municipiodevillaaldamaver.gob.mx\/wp-content\/uploads\/2026\/06\/24.-LTAIPVIL16IIIC-Protocolos-de-uso-de-la-fuerza.xlsx\">24. LTAIPVIL16IIIC     Protocolos de uso de la fuerza<\/a><\/div>\n<\/details>\n\n\n\n<details class=\"wp-block-details is-layout-flow wp-block-details-is-layout-flow\"><summary>SEGUNDO TRIMESTRE<\/summary>\n<div class=\"wp-block-file\"><a id=\"wp-block-file--media-39d97e88-59e5-4acc-abd1-4359702fb197\" href=\"https:\/\/municipiodevillaaldamaver.gob.mx\/wp-content\/uploads\/2026\/07\/24.-LTAIPVIL16IIIC-Protocolos-de-uso-de-la-fuerza.xlsx\">24. LTAIPVIL16IIIC     Protocolos de uso de la fuerza<\/a><\/div>\n<\/details>\n<\/details>\n<\/details>\n\n\n\n<details class=\"wp-block-details is-layout-flow wp-block-details-is-layout-flow\"><summary>D LOS LUGARES Y MEDIOS DE ACCESO PARA PRESENTAR QUEJAS Y EL FORMATO PARA ELLAS<\/summary>\n<details class=\"wp-block-details is-layout-flow wp-block-details-is-layout-flow\"><summary>2026 <\/summary>\n<details class=\"wp-block-details is-layout-flow wp-block-details-is-layout-flow\"><summary>PRIMER TRIMESTRE<\/summary>\n<div class=\"wp-block-file\"><a id=\"wp-block-file--media-4392496e-3fa1-49bb-8bc1-77d5a8afd3c8\" href=\"https:\/\/municipiodevillaaldamaver.gob.mx\/wp-content\/uploads\/2026\/06\/25.-LTAIPVIL16IIID-Tramite-de-queja-en-materia-de-Seguridad-Publica.xlsx\">25. LTAIPVIL16IIID     Tr\u00e1mite de queja en materia de Seguridad P\u00fablica<\/a><\/div>\n<\/details>\n\n\n\n<details class=\"wp-block-details is-layout-flow wp-block-details-is-layout-flow\"><summary>SEGUNDO TRIMESTRE<\/summary>\n<div class=\"wp-block-file\"><a id=\"wp-block-file--media-72e6abdb-5683-4f65-b9c6-4f70e9556978\" href=\"https:\/\/municipiodevillaaldamaver.gob.mx\/wp-content\/uploads\/2026\/07\/25.-LTAIPVIL16IIID-Tramite-de-queja-en-materia-de-Seguridad-Publica.xlsx\">25. LTAIPVIL16IIID     Tr\u00e1mite de queja en materia de Seguridad P\u00fablica<\/a><\/div>\n<\/details>\n<\/details>\n<\/details>\n\n\n\n<details class=\"wp-block-details is-layout-flow wp-block-details-is-layout-flow\"><summary>E N\u00daMERO, CARACTERISTAS Y FRECUENCIA DE QUEJAS SOBRE INCIDENTES DEL USO DE LA FUERZA<\/summary>\n<details class=\"wp-block-details is-layout-flow wp-block-details-is-layout-flow\"><summary>2026 <\/summary>\n<details class=\"wp-block-details is-layout-flow wp-block-details-is-layout-flow\"><summary>PRIMER TRIMESTRE<\/summary>\n<div class=\"wp-block-file\"><a id=\"wp-block-file--media-7e55f85d-21dd-4b51-b50d-8eabf496d868\" href=\"https:\/\/municipiodevillaaldamaver.gob.mx\/wp-content\/uploads\/2026\/06\/26.-LTAIPVIL16IIIE-Numero-caracteristicas-y-frecuencia-de-quejas.xlsx\">26. LTAIPVIL16IIIE      N\u00famero, caracter\u00edsticas y frecuencia de quejas<\/a><\/div>\n<\/details>\n\n\n\n<details class=\"wp-block-details is-layout-flow wp-block-details-is-layout-flow\"><summary>SEGUNDO TRIMESTRE<\/summary>\n<div class=\"wp-block-file\"><a id=\"wp-block-file--media-152adff4-ee89-4f0d-94c8-e3b3fc12e511\" href=\"https:\/\/municipiodevillaaldamaver.gob.mx\/wp-content\/uploads\/2026\/07\/26.-LTAIPVIL16IIIE-Numero-caracteristicas-y-frecuencia-de-quejas-1.xlsx\">26. LTAIPVIL16IIIE      N\u00famero, caracter\u00edsticas y frecuencia de quejas<\/a><\/div>\n<\/details>\n<\/details>\n<\/details>\n\n\n\n<details class=\"wp-block-details is-layout-flow wp-block-details-is-layout-flow\"><summary>F PLAN DE SEGURIDAD P\u00daBLICA<\/summary>\n<details class=\"wp-block-details is-layout-flow wp-block-details-is-layout-flow\"><summary>2026 <\/summary>\n<details class=\"wp-block-details is-layout-flow wp-block-details-is-layout-flow\"><summary>PRIMER TRIMESTRE<\/summary>\n<div class=\"wp-block-file\"><a id=\"wp-block-file--media-ec4dc8fa-6a86-4671-acfe-4fd71145d2d8\" href=\"https:\/\/municipiodevillaaldamaver.gob.mx\/wp-content\/uploads\/2026\/06\/27.-LTAIPVIL16IIIF-Plan-de-seguridad-publica.xlsx\">27. LTAIPVIL16IIIF      Plan de seguridad p\u00fablica<\/a><\/div>\n<\/details>\n\n\n\n<details class=\"wp-block-details is-layout-flow wp-block-details-is-layout-flow\"><summary>SEGUNDO TRIMESTRE<\/summary>\n<div class=\"wp-block-file\"><a id=\"wp-block-file--media-32cae5da-35c3-429a-b647-675bcda040fd\" href=\"https:\/\/municipiodevillaaldamaver.gob.mx\/wp-content\/uploads\/2026\/07\/27.-LTAIPVIL16IIIF-Plan-de-seguridad-publica.xlsx\">27. LTAIPVIL16IIIF      Plan de seguridad p\u00fablica<\/a><\/div>\n<\/details>\n<\/details>\n<\/details>\n\n\n\n<details class=\"wp-block-details is-layout-flow wp-block-details-is-layout-flow\"><summary>G LAS CONVOCATORIAS, PLAZOS, REQUISITOS Y FORMATOS<\/summary>\n<details class=\"wp-block-details is-layout-flow wp-block-details-is-layout-flow\"><summary>2026 <\/summary>\n<details class=\"wp-block-details is-layout-flow wp-block-details-is-layout-flow\"><summary>PRIMER TRIMESTRE<\/summary>\n<div class=\"wp-block-file\"><a id=\"wp-block-file--media-47da1569-f4b8-45a9-8609-e5be724e6b51\" href=\"https:\/\/municipiodevillaaldamaver.gob.mx\/wp-content\/uploads\/2026\/06\/28.-LTAIPVIL16IIIG-Convocatorias-para-examenes-o-concursos.xlsx\">28. LTAIPVIL16IIIG     Convocatorias para ex\u00e1menes o concursos<\/a><\/div>\n<\/details>\n\n\n\n<details class=\"wp-block-details is-layout-flow wp-block-details-is-layout-flow\"><summary>SEGUNDO TRIMESTRE<\/summary>\n<div class=\"wp-block-file\"><a id=\"wp-block-file--media-66c88aaa-6e62-40fe-844b-b0974e14c0fe\" href=\"https:\/\/municipiodevillaaldamaver.gob.mx\/wp-content\/uploads\/2026\/07\/28.-LTAIPVIL16IIIG-Convocatorias-para-examenes-o-concursos.xlsx\">28. LTAIPVIL16IIIG     Convocatorias para ex\u00e1menes o concursos<\/a><\/div>\n<\/details>\n<\/details>\n<\/details>\n\n\n\n<details class=\"wp-block-details is-layout-flow wp-block-details-is-layout-flow\"><summary>H EL PROGRAMA DE CAPACITACI\u00d3N PERMANENTE<\/summary>\n<details class=\"wp-block-details is-layout-flow wp-block-details-is-layout-flow\"><summary>2026 <\/summary>\n<details class=\"wp-block-details is-layout-flow wp-block-details-is-layout-flow\"><summary>PRIMER TRIMESTRE<\/summary>\n<div class=\"wp-block-file\"><a id=\"wp-block-file--media-0a32f2bd-d331-4ab9-8390-4611f953967a\" href=\"https:\/\/municipiodevillaaldamaver.gob.mx\/wp-content\/uploads\/2026\/06\/29.-LTAIPVIL16IIIH-Programa-de-Capacitacion-Permanente.xlsx\">29. LTAIPVIL16IIIH    Programa de Capacitaci\u00f3n Permanente<\/a><\/div>\n<\/details>\n\n\n\n<details class=\"wp-block-details is-layout-flow wp-block-details-is-layout-flow\"><summary>SEGUNDO TRIMESTRE<\/summary>\n<div class=\"wp-block-file\"><a id=\"wp-block-file--media-76a65474-0854-4184-963e-852d522d008a\" href=\"https:\/\/municipiodevillaaldamaver.gob.mx\/wp-content\/uploads\/2026\/07\/29.-LTAIPVIL16IIIH-Programa-de-Capacitacion-Permanente.xlsx\">29. LTAIPVIL16IIIH    Programa de Capacitaci\u00f3n Permanente<\/a><\/div>\n<\/details>\n<\/details>\n<\/details>\n\n\n\n<details class=\"wp-block-details is-layout-flow wp-block-details-is-layout-flow\"><summary>I LAS CONVOCATORIAS DE ASCENSOS, CRITERIOS , PROCESOS DE DECISI\u00d3N Y CRITERIOS DE SEPARACI\u00d3N DEL CARGO<\/summary>\n<details class=\"wp-block-details is-layout-flow wp-block-details-is-layout-flow\"><summary>2026 <\/summary>\n<details class=\"wp-block-details is-layout-flow wp-block-details-is-layout-flow\"><summary>PRIMER TRIMESTRE<\/summary>\n<div class=\"wp-block-file\"><a id=\"wp-block-file--media-ca01d0ca-2a77-48a2-9a83-f462efb61624\" href=\"https:\/\/municipiodevillaaldamaver.gob.mx\/wp-content\/uploads\/2026\/06\/30.-LTAIPVIL16IIIi-Convocatorias-de-ascenso-y-criterios.xlsx\">30. LTAIPVIL16IIIi       Convocatorias de ascenso y criterios<\/a><\/div>\n<\/details>\n\n\n\n<details class=\"wp-block-details is-layout-flow wp-block-details-is-layout-flow\"><summary>SEGUNDO TRIMESTRE<\/summary>\n<div class=\"wp-block-file\"><a id=\"wp-block-file--media-7fb9d6e5-c33a-4535-8c96-54e7607f08f9\" href=\"https:\/\/municipiodevillaaldamaver.gob.mx\/wp-content\/uploads\/2026\/07\/30.-LTAIPVIL16IIIi-Convocatorias-de-ascenso-y-criterios.xlsx\">30. LTAIPVIL16IIIi       Convocatorias de ascenso y criterios<\/a><\/div>\n<\/details>\n<\/details>\n<\/details>\n\n\n\n<details class=\"wp-block-details is-layout-flow wp-block-details-is-layout-flow\"><summary>J LA GACETA OFICIAL QUE CONTENGA EL DECRETO POR EL CUAL EL GOBIERNO DEL ESTADO ASUME EL MANDO FUNCIONAL<\/summary>\n<details class=\"wp-block-details is-layout-flow wp-block-details-is-layout-flow\"><summary>2026 <\/summary>\n<details class=\"wp-block-details is-layout-flow wp-block-details-is-layout-flow\"><summary>PRIMER TRIMESTRE<\/summary>\n<div class=\"wp-block-file\"><a id=\"wp-block-file--media-068c3a9a-cd9f-48d3-8c5b-236cd6507d02\" href=\"https:\/\/municipiodevillaaldamaver.gob.mx\/wp-content\/uploads\/2026\/06\/31.-LTAIPVIL16IIIJ-Decreto-que-autoriza-el-mando-funcional.xlsx\">31. LTAIPVIL16IIIJ       Decreto que autoriza el mando funcional<\/a><\/div>\n<\/details>\n\n\n\n<details class=\"wp-block-details is-layout-flow wp-block-details-is-layout-flow\"><summary>SEGUNDO TRIMESTRE<\/summary>\n<div class=\"wp-block-file\"><a id=\"wp-block-file--media-bd64952a-c703-45a0-84a1-3aaca879e15b\" href=\"https:\/\/municipiodevillaaldamaver.gob.mx\/wp-content\/uploads\/2026\/07\/31.-LTAIPVIL16IIIJ-Decreto-que-autoriza-el-mando-funcional.xlsx\">31. LTAIPVIL16IIIJ       Decreto que autoriza el mando funcional<\/a><\/div>\n<\/details>\n<\/details>\n<\/details>\n<\/details>\n<\/details>\n\n\n\n<hr class=\"wp-block-separator has-alpha-channel-opacity\"\/>\n","protected":false},"excerpt":{"rendered":"<p>En cumplimiento a lo establecido por los art\u00edculos 12, 13 y 15 de la Ley N\u00famero 250 de Transparencia y Acceso a la Informaci\u00f3n P\u00fablica para el Estado de Veracruz de Ignacio de la Llave, el H. Ayuntamiento de&nbsp;Villa Aldama, Ver. pone a su disposici\u00f3n la siguiente informaci\u00f3n p\u00fablica: Fracciones especificas (Art. 16)<\/p>\n","protected":false},"author":1,"featured_media":0,"parent":0,"menu_order":0,"comment_status":"closed","ping_status":"closed","template":"","meta":{"pagelayer_contact_templates":[],"_pagelayer_content":"","footnotes":""},"class_list":["post-149","page","type-page","status-publish","hentry"],"_links":{"self":[{"href":"https:\/\/municipiodevillaaldamaver.gob.mx\/index.php?rest_route=\/wp\/v2\/pages\/149","targetHints":{"allow":["GET"]}}],"collection":[{"href":"https:\/\/municipiodevillaaldamaver.gob.mx\/index.php?rest_route=\/wp\/v2\/pages"}],"about":[{"href":"https:\/\/municipiodevillaaldamaver.gob.mx\/index.php?rest_route=\/wp\/v2\/types\/page"}],"author":[{"embeddable":true,"href":"https:\/\/municipiodevillaaldamaver.gob.mx\/index.php?rest_route=\/wp\/v2\/users\/1"}],"replies":[{"embeddable":true,"href":"https:\/\/municipiodevillaaldamaver.gob.mx\/index.php?rest_route=%2Fwp%2Fv2%2Fcomments&post=149"}],"version-history":[{"count":35,"href":"https:\/\/municipiodevillaaldamaver.gob.mx\/index.php?rest_route=\/wp\/v2\/pages\/149\/revisions"}],"predecessor-version":[{"id":1249,"href":"https:\/\/municipiodevillaaldamaver.gob.mx\/index.php?rest_route=\/wp\/v2\/pages\/149\/revisions\/1249"}],"wp:attachment":[{"href":"https:\/\/municipiodevillaaldamaver.gob.mx\/index.php?rest_route=%2Fwp%2Fv2%2Fmedia&parent=149"}],"curies":[{"name":"wp","href":"https:\/\/api.w.org\/{rel}","templated":true}]}}