{"id":222,"date":"2026-05-22T20:58:59","date_gmt":"2026-05-22T20:58:59","guid":{"rendered":"https:\/\/municipiodevillaaldamaver.gob.mx\/?page_id=222"},"modified":"2026-08-21T20:56:22","modified_gmt":"2026-08-21T20:56:22","slug":"informacion-financiera-del-municipio-de-villa-aldama-veracruz","status":"publish","type":"page","link":"https:\/\/municipiodevillaaldamaver.gob.mx\/?page_id=222","title":{"rendered":"Informaci\u00f3n Financiera del Municipio de Villa Aldama, Veracruz"},"content":{"rendered":"\n<hr class=\"wp-block-separator has-alpha-channel-opacity\"\/>\n\n\n\n<div class=\"wp-block-columns is-layout-flex wp-container-core-columns-is-layout-794e3cfa wp-block-columns-is-layout-flex\">\n<div class=\"wp-block-column is-layout-flow wp-block-column-is-layout-flow\" style=\"flex-basis:100%\">\n<ul class=\"wp-block-social-links alignright is-style-logos-only is-horizontal is-content-justification-center is-layout-flex wp-container-core-social-links-is-layout-af7b3680 wp-block-social-links-is-layout-flex\"><li class=\"wp-social-link wp-social-link-facebook wp-block-social-link\"><a href=\"https:\/\/www.facebook.com\/profile.php?id=61584919563661\" class=\"wp-block-social-link-anchor\"><svg width=\"24\" height=\"24\" viewBox=\"0 0 24 24\" version=\"1.1\" xmlns=\"http:\/\/www.w3.org\/2000\/svg\" aria-hidden=\"true\" focusable=\"false\"><path d=\"M12 2C6.5 2 2 6.5 2 12c0 5 3.7 9.1 8.4 9.9v-7H7.9V12h2.5V9.8c0-2.5 1.5-3.9 3.8-3.9 1.1 0 2.2.2 2.2.2v2.5h-1.3c-1.2 0-1.6.8-1.6 1.6V12h2.8l-.4 2.9h-2.3v7C18.3 21.1 22 17 22 12c0-5.5-4.5-10-10-10z\"><\/path><\/svg><span class=\"wp-block-social-link-label screen-reader-text\">Facebook<\/span><\/a><\/li>\n\n<li class=\"wp-social-link wp-social-link-mail wp-block-social-link\"><a href=\"mailto:pr&#101;&#115;&#105;&#100;e&#110;cia.vil&#108;a&#097;&#108;&#100;&#097;ma&#050;6&#046;&#050;&#057;&#064;g&#109;&#097;&#105;l&#046;&#099;o&#109;\" class=\"wp-block-social-link-anchor\"><svg width=\"24\" height=\"24\" viewBox=\"0 0 24 24\" version=\"1.1\" xmlns=\"http:\/\/www.w3.org\/2000\/svg\" aria-hidden=\"true\" focusable=\"false\"><path d=\"M19,5H5c-1.1,0-2,.9-2,2v10c0,1.1.9,2,2,2h14c1.1,0,2-.9,2-2V7c0-1.1-.9-2-2-2zm.5,12c0,.3-.2.5-.5.5H5c-.3,0-.5-.2-.5-.5V9.8l7.5,5.6,7.5-5.6V17zm0-9.1L12,13.6,4.5,7.9V7c0-.3.2-.5.5-.5h14c.3,0,.5.2.5.5v.9z\"><\/path><\/svg><span class=\"wp-block-social-link-label screen-reader-text\">Correo electr\u00f3nico<\/span><\/a><\/li><\/ul>\n<\/div>\n<\/div>\n\n\n<nav class=\"items-justified-center wp-block-navigation is-content-justification-center is-layout-flex wp-container-core-navigation-is-layout-77d81a43 wp-block-navigation-is-layout-flex\" aria-label=\"Navigation\"><ul class=\"wp-block-navigation__container items-justified-center wp-block-navigation\"><li style=\"font-style:normal;font-weight:500\" class=\"wp-block-navigation-item wp-block-navigation-link has-medium-font-size\"><a class=\"wp-block-navigation-item__content\"  href=\"https:\/\/municipiodevillaaldamaver.gob.mx\/\"><span class=\"wp-block-navigation-item__label\"><strong>Inicio<\/strong><\/span><\/a><\/li><li style=\"font-style:normal;font-weight:500\" class=\"wp-block-navigation-item wp-block-navigation-link has-medium-font-size\"><a class=\"wp-block-navigation-item__content\"  href=\"https:\/\/municipiodevillaaldamaver.gob.mx\/?page_id=222\"><span class=\"wp-block-navigation-item__label\"><strong>Informaci\u00f3n Financiera<\/strong><\/span><\/a><\/li><li style=\"font-style:normal;font-weight:500\" class=\"wp-block-navigation-item wp-block-navigation-link has-medium-font-size\"><a class=\"wp-block-navigation-item__content\"  href=\"https:\/\/municipiodevillaaldamaver.gob.mx\/?page_id=154\"><span class=\"wp-block-navigation-item__label\"><strong>Notificaciones<\/strong><\/span><\/a><\/li><li data-wp-context=\"{ &quot;submenuOpenedBy&quot;: { &quot;click&quot;: false, &quot;hover&quot;: false, &quot;focus&quot;: false }, &quot;type&quot;: &quot;submenu&quot;, &quot;modal&quot;: null, &quot;previousFocus&quot;: null }\" data-wp-interactive=\"core\/navigation\" data-wp-on--focusout=\"actions.handleMenuFocusout\" data-wp-on--keydown=\"actions.handleMenuKeydown\" data-wp-on--pointerenter=\"actions.openMenuOnHover\" data-wp-on--pointerleave=\"actions.closeMenuOnHover\" data-wp-watch=\"callbacks.initMenu\" tabindex=\"-1\" style=\"font-style:normal;font-weight:500\" class=\"wp-block-navigation-item has-child open-on-hover-click wp-block-navigation-submenu has-medium-font-size\"><a class=\"wp-block-navigation-item__content\" href=\"https:\/\/municipiodevillaaldamaver.gob.mx\/?page_id=1300\"><span class=\"wp-block-navigation-item__label\"><strong>Transparencia<\/strong><\/span><\/a><button data-wp-bind--aria-expanded=\"state.isSubmenuOpen\" data-wp-on--click=\"actions.toggleMenuOnClick\" aria-label=\"Submen\u00fa de Transparencia\" class=\"wp-block-navigation__submenu-icon wp-block-navigation-submenu__toggle\" ><svg xmlns=\"http:\/\/www.w3.org\/2000\/svg\" width=\"12\" height=\"12\" viewBox=\"0 0 12 12\" fill=\"none\" aria-hidden=\"true\" focusable=\"false\"><path d=\"M1.50002 4L6.00002 8L10.5 4\" stroke-width=\"1.5\"><\/path><\/svg><\/button><ul data-wp-on--focus=\"actions.openMenuOnFocus\" style=\"font-style:normal;font-weight:500\" class=\"wp-block-navigation__submenu-container wp-block-navigation-submenu has-medium-font-size\"><li data-wp-context=\"{ &quot;submenuOpenedBy&quot;: { &quot;click&quot;: false, &quot;hover&quot;: false, &quot;focus&quot;: false }, &quot;type&quot;: &quot;submenu&quot;, &quot;modal&quot;: null, &quot;previousFocus&quot;: null }\" data-wp-interactive=\"core\/navigation\" data-wp-on--focusout=\"actions.handleMenuFocusout\" data-wp-on--keydown=\"actions.handleMenuKeydown\" data-wp-on--pointerenter=\"actions.openMenuOnHover\" data-wp-on--pointerleave=\"actions.closeMenuOnHover\" data-wp-watch=\"callbacks.initMenu\" tabindex=\"-1\" class=\"wp-block-navigation-item has-child open-on-hover-click wp-block-navigation-submenu has-medium-font-size\"><a class=\"wp-block-navigation-item__content\"><span class=\"wp-block-navigation-item__label\">2026-2029<\/span><\/a><button data-wp-bind--aria-expanded=\"state.isSubmenuOpen\" data-wp-on--click=\"actions.toggleMenuOnClick\" aria-label=\"Submen\u00fa de 2026-2029\" class=\"wp-block-navigation__submenu-icon wp-block-navigation-submenu__toggle\" ><svg xmlns=\"http:\/\/www.w3.org\/2000\/svg\" width=\"12\" height=\"12\" viewBox=\"0 0 12 12\" fill=\"none\" aria-hidden=\"true\" focusable=\"false\"><path d=\"M1.50002 4L6.00002 8L10.5 4\" stroke-width=\"1.5\"><\/path><\/svg><\/button><ul data-wp-on--focus=\"actions.openMenuOnFocus\" class=\"wp-block-navigation__submenu-container wp-block-navigation-submenu has-medium-font-size\"><li class=\"wp-block-navigation-item wp-block-navigation-link\"><a class=\"wp-block-navigation-item__content\"  href=\"https:\/\/municipiodevillaaldamaver.gob.mx\/?page_id=144\"><span class=\"wp-block-navigation-item__label\"><strong>Transparencia Municipal de Villa Aldama (Art. 15)<\/strong><\/span><\/a><\/li><li class=\"wp-block-navigation-item wp-block-navigation-link\"><a class=\"wp-block-navigation-item__content\"  href=\"https:\/\/municipiodevillaaldamaver.gob.mx\/?page_id=149\"><span class=\"wp-block-navigation-item__label\"><strong>Trasparencia Municipal de Villa Aldama (Art. 16)<\/strong><\/span><\/a><\/li><li class=\"wp-block-navigation-item wp-block-navigation-link\"><a class=\"wp-block-navigation-item__content\"  href=\"https:\/\/municipiodevillaaldamaver.gob.mx\/?page_id=188\"><span class=\"wp-block-navigation-item__label\"><strong>Avisos de Privacidad<\/strong><\/span><\/a><\/li><li class=\"wp-block-navigation-item wp-block-navigation-link\"><a class=\"wp-block-navigation-item__content\"  href=\"https:\/\/municipiodevillaaldamaver.gob.mx\/?page_id=408\"><span class=\"wp-block-navigation-item__label\"><strong>Actas del Comit\u00e9 de Transparencia<\/strong><\/span><\/a><\/li><li class=\"wp-block-navigation-item wp-block-navigation-link\"><a class=\"wp-block-navigation-item__content\"  href=\"https:\/\/municipiodevillaaldamaver.gob.mx\/?page_id=411\"><span class=\"wp-block-navigation-item__label\"><strong>Tablas de Aplicabilidad de las Obligaciones de Transparencia<\/strong><\/span><\/a><\/li><\/ul><\/li><\/ul><\/li><li data-wp-context=\"{ &quot;submenuOpenedBy&quot;: { &quot;click&quot;: false, &quot;hover&quot;: false, &quot;focus&quot;: false }, &quot;type&quot;: &quot;submenu&quot;, &quot;modal&quot;: null, &quot;previousFocus&quot;: null }\" data-wp-interactive=\"core\/navigation\" data-wp-on--focusout=\"actions.handleMenuFocusout\" data-wp-on--keydown=\"actions.handleMenuKeydown\" data-wp-on--pointerenter=\"actions.openMenuOnHover\" data-wp-on--pointerleave=\"actions.closeMenuOnHover\" data-wp-watch=\"callbacks.initMenu\" tabindex=\"-1\" style=\"font-style:normal;font-weight:500\" class=\"wp-block-navigation-item has-child open-on-hover-click wp-block-navigation-submenu has-medium-font-size\"><a class=\"wp-block-navigation-item__content\" href=\"https:\/\/municipiodevillaaldamaver.gob.mx\/?page_id=1316\"><span class=\"wp-block-navigation-item__label\"><strong>Gobierno<\/strong><\/span><\/a><button data-wp-bind--aria-expanded=\"state.isSubmenuOpen\" data-wp-on--click=\"actions.toggleMenuOnClick\" aria-label=\"Submen\u00fa de Gobierno\" class=\"wp-block-navigation__submenu-icon wp-block-navigation-submenu__toggle\" ><svg xmlns=\"http:\/\/www.w3.org\/2000\/svg\" width=\"12\" height=\"12\" viewBox=\"0 0 12 12\" fill=\"none\" aria-hidden=\"true\" focusable=\"false\"><path d=\"M1.50002 4L6.00002 8L10.5 4\" stroke-width=\"1.5\"><\/path><\/svg><\/button><ul data-wp-on--focus=\"actions.openMenuOnFocus\" style=\"font-style:normal;font-weight:500\" class=\"wp-block-navigation__submenu-container wp-block-navigation-submenu has-medium-font-size\"><li class=\"wp-block-navigation-item wp-block-navigation-link\"><a class=\"wp-block-navigation-item__content\"  href=\"https:\/\/municipiodevillaaldamaver.gob.mx\/?page_id=1317\"><span class=\"wp-block-navigation-item__label\">Ejes de Gobierno<\/span><\/a><\/li><li class=\"wp-block-navigation-item wp-block-navigation-link\"><a class=\"wp-block-navigation-item__content\"  href=\"https:\/\/municipiodevillaaldamaver.gob.mx\/?page_id=1318\"><span class=\"wp-block-navigation-item__label\">Misi\u00f3n, Visi\u00f3n y Valores<\/span><\/a><\/li><li class=\"wp-block-navigation-item wp-block-navigation-link\"><a class=\"wp-block-navigation-item__content\"  href=\"https:\/\/municipiodevillaaldamaver.gob.mx\/?page_id=1319\"><span class=\"wp-block-navigation-item__label\">Cabildo<\/span><\/a><\/li><li class=\"wp-block-navigation-item wp-block-navigation-link\"><a class=\"wp-block-navigation-item__content\"  href=\"https:\/\/municipiodevillaaldamaver.gob.mx\/?page_id=1320\"><span class=\"wp-block-navigation-item__label\">Directorio<\/span><\/a><\/li><li class=\"wp-block-navigation-item wp-block-navigation-link\"><a class=\"wp-block-navigation-item__content\"  href=\"https:\/\/municipiodevillaaldamaver.gob.mx\/?page_id=1321\"><span class=\"wp-block-navigation-item__label\">Plan Municipal de Desarrollo 2026-2029<\/span><\/a><\/li><li data-wp-context=\"{ &quot;submenuOpenedBy&quot;: { &quot;click&quot;: false, &quot;hover&quot;: false, &quot;focus&quot;: false }, &quot;type&quot;: &quot;submenu&quot;, &quot;modal&quot;: null, &quot;previousFocus&quot;: null }\" data-wp-interactive=\"core\/navigation\" data-wp-on--focusout=\"actions.handleMenuFocusout\" data-wp-on--keydown=\"actions.handleMenuKeydown\" data-wp-on--pointerenter=\"actions.openMenuOnHover\" data-wp-on--pointerleave=\"actions.closeMenuOnHover\" data-wp-watch=\"callbacks.initMenu\" tabindex=\"-1\" class=\"wp-block-navigation-item has-child open-on-hover-click wp-block-navigation-submenu\"><a class=\"wp-block-navigation-item__content\"><span class=\"wp-block-navigation-item__label\">Informes Mensuales<\/span><\/a><button data-wp-bind--aria-expanded=\"state.isSubmenuOpen\" data-wp-on--click=\"actions.toggleMenuOnClick\" aria-label=\"Submen\u00fa de Informes Mensuales\" class=\"wp-block-navigation__submenu-icon wp-block-navigation-submenu__toggle\" ><svg xmlns=\"http:\/\/www.w3.org\/2000\/svg\" width=\"12\" height=\"12\" viewBox=\"0 0 12 12\" fill=\"none\" aria-hidden=\"true\" focusable=\"false\"><path d=\"M1.50002 4L6.00002 8L10.5 4\" stroke-width=\"1.5\"><\/path><\/svg><\/button><ul data-wp-on--focus=\"actions.openMenuOnFocus\" class=\"wp-block-navigation__submenu-container wp-block-navigation-submenu\"><li class=\"wp-block-navigation-item wp-block-navigation-link\"><a class=\"wp-block-navigation-item__content\"  href=\"https:\/\/municipiodevillaaldamaver.gob.mx\/?page_id=946\"><span class=\"wp-block-navigation-item__label\">Informes Secretar\u00eda<\/span><\/a><\/li><\/ul><\/li><li data-wp-context=\"{ &quot;submenuOpenedBy&quot;: { &quot;click&quot;: false, &quot;hover&quot;: false, &quot;focus&quot;: false }, &quot;type&quot;: &quot;submenu&quot;, &quot;modal&quot;: null, &quot;previousFocus&quot;: null }\" data-wp-interactive=\"core\/navigation\" data-wp-on--focusout=\"actions.handleMenuFocusout\" data-wp-on--keydown=\"actions.handleMenuKeydown\" data-wp-on--pointerenter=\"actions.openMenuOnHover\" data-wp-on--pointerleave=\"actions.closeMenuOnHover\" data-wp-watch=\"callbacks.initMenu\" tabindex=\"-1\" class=\"wp-block-navigation-item has-child open-on-hover-click wp-block-navigation-submenu\"><a class=\"wp-block-navigation-item__content\"><span class=\"wp-block-navigation-item__label\">Convocatorias<\/span><\/a><button data-wp-bind--aria-expanded=\"state.isSubmenuOpen\" data-wp-on--click=\"actions.toggleMenuOnClick\" aria-label=\"Submen\u00fa de Convocatorias\" class=\"wp-block-navigation__submenu-icon wp-block-navigation-submenu__toggle\" ><svg xmlns=\"http:\/\/www.w3.org\/2000\/svg\" width=\"12\" height=\"12\" viewBox=\"0 0 12 12\" fill=\"none\" aria-hidden=\"true\" focusable=\"false\"><path d=\"M1.50002 4L6.00002 8L10.5 4\" stroke-width=\"1.5\"><\/path><\/svg><\/button><ul data-wp-on--focus=\"actions.openMenuOnFocus\" class=\"wp-block-navigation__submenu-container wp-block-navigation-submenu\"><li class=\"wp-block-navigation-item wp-block-navigation-link\"><a class=\"wp-block-navigation-item__content\"  href=\"https:\/\/municipiodevillaaldamaver.gob.mx\/?page_id=176\"><span class=\"wp-block-navigation-item__label\">COPLADEMUN<\/span><\/a><\/li><li class=\"wp-block-navigation-item wp-block-navigation-link\"><a class=\"wp-block-navigation-item__content\"  href=\"https:\/\/municipiodevillaaldamaver.gob.mx\/?page_id=181\"><span class=\"wp-block-navigation-item__label\">CDM<\/span><\/a><\/li><li class=\"wp-block-navigation-item wp-block-navigation-link\"><a class=\"wp-block-navigation-item__content\"  href=\"https:\/\/municipiodevillaaldamaver.gob.mx\/?page_id=233\"><span class=\"wp-block-navigation-item__label\">Cabildo Abierto<\/span><\/a><\/li><li class=\"wp-block-navigation-item wp-block-navigation-link\"><a class=\"wp-block-navigation-item__content\"  href=\"https:\/\/municipiodevillaaldamaver.gob.mx\/?page_id=604\"><span class=\"wp-block-navigation-item__label\">Jefas y Jefes de Manzana<\/span><\/a><\/li><\/ul><\/li><li class=\"wp-block-navigation-item wp-block-navigation-link\"><a class=\"wp-block-navigation-item__content\"  href=\"https:\/\/municipiodevillaaldamaver.gob.mx\/?page_id=1327\"><span class=\"wp-block-navigation-item__label\">Acta Circunstanciada de Entrega y Recepci\u00f3n 2022-2025<\/span><\/a><\/li><li class=\"wp-block-navigation-item wp-block-navigation-link\"><a class=\"wp-block-navigation-item__content\"  href=\"https:\/\/municipiodevillaaldamaver.gob.mx\/?page_id=1328\"><span class=\"wp-block-navigation-item__label\">Formato para Quejas y Denuncias<\/span><\/a><\/li><li class=\"wp-block-navigation-item wp-block-navigation-link\"><a class=\"wp-block-navigation-item__content\"  href=\"https:\/\/municipiodevillaaldamaver.gob.mx\/?page_id=795\"><span class=\"wp-block-navigation-item__label\">Leyes, Reglamentos y Ordenamientos<\/span><\/a><\/li><li class=\"wp-block-navigation-item wp-block-navigation-link\"><a class=\"wp-block-navigation-item__content\"  href=\"https:\/\/municipiodevillaaldamaver.gob.mx\/?page_id=1329\"><span class=\"wp-block-navigation-item__label\">Avisos y Comunicados<\/span><\/a><\/li><li data-wp-context=\"{ &quot;submenuOpenedBy&quot;: { &quot;click&quot;: false, &quot;hover&quot;: false, &quot;focus&quot;: false }, &quot;type&quot;: &quot;submenu&quot;, &quot;modal&quot;: null, &quot;previousFocus&quot;: null }\" data-wp-interactive=\"core\/navigation\" data-wp-on--focusout=\"actions.handleMenuFocusout\" data-wp-on--keydown=\"actions.handleMenuKeydown\" data-wp-on--pointerenter=\"actions.openMenuOnHover\" data-wp-on--pointerleave=\"actions.closeMenuOnHover\" data-wp-watch=\"callbacks.initMenu\" tabindex=\"-1\" class=\"wp-block-navigation-item has-child open-on-hover-click wp-block-navigation-submenu\"><a class=\"wp-block-navigation-item__content\"><span class=\"wp-block-navigation-item__label\">Plan de Trabajo<\/span><\/a><button data-wp-bind--aria-expanded=\"state.isSubmenuOpen\" data-wp-on--click=\"actions.toggleMenuOnClick\" aria-label=\"Submen\u00fa de Plan de Trabajo\" class=\"wp-block-navigation__submenu-icon wp-block-navigation-submenu__toggle\" ><svg xmlns=\"http:\/\/www.w3.org\/2000\/svg\" width=\"12\" height=\"12\" viewBox=\"0 0 12 12\" fill=\"none\" aria-hidden=\"true\" focusable=\"false\"><path d=\"M1.50002 4L6.00002 8L10.5 4\" stroke-width=\"1.5\"><\/path><\/svg><\/button><ul data-wp-on--focus=\"actions.openMenuOnFocus\" class=\"wp-block-navigation__submenu-container wp-block-navigation-submenu\"><li class=\"wp-block-navigation-item wp-block-navigation-link\"><a class=\"wp-block-navigation-item__content\"  href=\"https:\/\/municipiodevillaaldamaver.gob.mx\/?page_id=972\"><span class=\"wp-block-navigation-item__label\">Bliblioteca Municipal<\/span><\/a><\/li><\/ul><\/li><\/ul><\/li><\/ul><ul class=\"wp-block-navigation__container items-justified-center wp-block-navigation\"><li style=\"font-style:normal;font-weight:500\" class=\"wp-block-navigation-item wp-block-navigation-link has-medium-font-size\"><a class=\"wp-block-navigation-item__content\"  href=\"https:\/\/municipiodevillaaldamaver.gob.mx\/?page_id=498\"><span class=\"wp-block-navigation-item__label\"><strong>Obras P\u00fablicas<\/strong><\/span><\/a><\/li><li style=\"font-style:normal;font-weight:500\" class=\"wp-block-navigation-item wp-block-navigation-link has-medium-font-size\"><a class=\"wp-block-navigation-item__content\"  href=\"https:\/\/municipiodevillaaldamaver.gob.mx\/?page_id=888\"><span class=\"wp-block-navigation-item__label\"><strong>IMM<\/strong><\/span><\/a><\/li><\/ul><\/nav>\n\n\n<hr class=\"wp-block-separator has-alpha-channel-opacity\"\/>\n\n\n\n<details class=\"wp-block-details is-layout-flow wp-block-details-is-layout-flow\"><summary>DE LEY DE INGRESOS<\/summary>\n<div class=\"wp-block-file\"><a id=\"wp-block-file--media-25897b13-0f94-4889-a864-126768d0e914\" href=\"https:\/\/municipiodevillaaldamaver.gob.mx\/wp-content\/uploads\/2026\/05\/2026.pdf\">PROYECTO DE LEY DE INGRESOS 2026<\/a><\/div>\n\n\n\n<div class=\"wp-block-file\"><a id=\"wp-block-file--media-7f56b53f-7bda-4bac-8bf8-9bb574175e0f\" href=\"https:\/\/municipiodevillaaldamaver.gob.mx\/wp-content\/uploads\/2026\/06\/PROYECTO-DEL-PRESUPUESTO-DE-EGRESOS-2026.pdf\">PROYECTO DEL PRESUPUESTO DE EGRESOS 2026<\/a><\/div>\n\n\n\n<div class=\"wp-block-file\"><a id=\"wp-block-file--media-891b13d1-cb34-4e85-8e16-86b646c8785c\" href=\"https:\/\/municipiodevillaaldamaver.gob.mx\/wp-content\/uploads\/2026\/06\/DIFUSION-A-LA-CIUDADANIA-DE-LA-LEY-DE-INGRESOS-Y-DEL-PTO.-DE-EGRESOS-2026.pdf\">DIFUSION A LA CIUDADANIA DE LA LEY DE INGRESOS Y DEL PTO. DE EGRESOS 2026<\/a><\/div>\n\n\n\n<div class=\"wp-block-file\"><a id=\"wp-block-file--media-904e8fc3-5b58-4e31-80a6-ce3a268d90dc\" href=\"https:\/\/municipiodevillaaldamaver.gob.mx\/wp-content\/uploads\/2026\/06\/INICIATIVA-LEY-DE-INGRESOS-2026.pdf\">INICIATIVA LEY DE INGRESOS 2026<\/a><\/div>\n\n\n\n<div class=\"wp-block-file\"><a id=\"wp-block-file--media-eba0665a-5268-4d2d-bde2-a15693fa2bc7\" href=\"https:\/\/municipiodevillaaldamaver.gob.mx\/wp-content\/uploads\/2026\/06\/CALENDARIO-DEL-PRESUPUESTO-DE-EGRESOS.pdf\">CALENDARIO DEL PRESUPUESTO DE EGRESOS<\/a><\/div>\n<\/details>\n\n\n\n<hr class=\"wp-block-separator has-alpha-channel-opacity\"\/>\n\n\n\n<details class=\"wp-block-details is-layout-flow wp-block-details-is-layout-flow\"><summary>PRESUPUESTO APROBADO DE EGRESOS<\/summary>\n<p class=\"wp-block-paragraph\">2026<\/p>\n<\/details>\n\n\n\n<hr class=\"wp-block-separator has-alpha-channel-opacity\"\/>\n\n\n\n<details class=\"wp-block-details is-layout-flow wp-block-details-is-layout-flow\"><summary>INFORMACI\u00d3N CONTABLE (MENSUAL)<\/summary>\n<details class=\"wp-block-details is-layout-flow wp-block-details-is-layout-flow\"><summary>ENERO<\/summary>\n<div class=\"wp-block-file\"><a id=\"wp-block-file--media-a1e244cd-6694-4ed2-9be4-eaabc1edfd7e\" href=\"https:\/\/municipiodevillaaldamaver.gob.mx\/wp-content\/uploads\/2026\/05\/1.-Estado-de-actividades-Enero.pdf\">1. Estado de actividades Enero<\/a><\/div>\n\n\n\n<div class=\"wp-block-file\"><a id=\"wp-block-file--media-b20abbe1-4424-4cce-8d68-706d1f807ad2\" href=\"https:\/\/municipiodevillaaldamaver.gob.mx\/wp-content\/uploads\/2026\/05\/1.-Estado-de-Situacion-financiera-Enero.pdf\" target=\"_blank\" rel=\"noreferrer noopener\">1. Estado de Situacion financiera Enero<\/a><\/div>\n\n\n\n<div class=\"wp-block-file\"><a id=\"wp-block-file--media-c7b14ec6-0275-4986-aabb-a9d56e572d30\" href=\"https:\/\/municipiodevillaaldamaver.gob.mx\/wp-content\/uploads\/2026\/05\/1.-Estado-de-Variacion-en-la-Hacienda-Publica-Enero.pdf\">1. Estado de Variacion en la Hacienda Publica Enero<\/a><\/div>\n\n\n\n<div class=\"wp-block-file\"><a id=\"wp-block-file--media-9b746fe4-b331-4339-ad69-276ea095aaab\" href=\"https:\/\/municipiodevillaaldamaver.gob.mx\/wp-content\/uploads\/2026\/05\/1.Estado-de-cambios-en-la-situacion-financiera-Enero.pdf\">1.Estado de cambios en la situacion financiera Enero<\/a><\/div>\n\n\n\n<div class=\"wp-block-file\"><a id=\"wp-block-file--media-a5cfcb53-0806-4e3f-93b6-9c5909a90072\" href=\"https:\/\/municipiodevillaaldamaver.gob.mx\/wp-content\/uploads\/2026\/05\/1.-Informe-sobre-pasivos-contingentes-Enero.pdf\">1. Informe sobre pasivos contingentes Enero<\/a><\/div>\n\n\n\n<div class=\"wp-block-file\"><a id=\"wp-block-file--media-719cecda-cd41-4eb6-9911-5c7701caf4c0\" href=\"https:\/\/municipiodevillaaldamaver.gob.mx\/wp-content\/uploads\/2026\/05\/1.-Estado-Analitico-del-activo-Enero.pdf\">1. Estado Analitico del activo Enero<\/a><\/div>\n\n\n\n<div class=\"wp-block-file\"><a id=\"wp-block-file--media-0a64f671-2ce2-4b06-ac7d-30ae32cfbe54\" href=\"https:\/\/municipiodevillaaldamaver.gob.mx\/wp-content\/uploads\/2026\/05\/1.-Estado-de-flujos-de-efectivo-Enero.pdf\">1. Estado de flujos de efectivo Enero<\/a><\/div>\n\n\n\n<div class=\"wp-block-file\"><a id=\"wp-block-file--media-87013fb8-1835-4504-8a87-75b99a730542\" href=\"https:\/\/municipiodevillaaldamaver.gob.mx\/wp-content\/uploads\/2026\/05\/1.-Notas-a-los-Edos.-financieros-Enero.pdf\">1. Notas a los Edos. financieros Enero<\/a><\/div>\n\n\n\n<div class=\"wp-block-file\"><a id=\"wp-block-file--media-27881631-e125-4bdb-a6ec-566e26bb4019\" href=\"https:\/\/municipiodevillaaldamaver.gob.mx\/wp-content\/uploads\/2026\/05\/1.-Estado-analitico-de-la-Deuda-y-otros-pasivos-Enero.pdf\">1. Estado analitico de la Deuda y otros pasivos Enero<\/a><\/div>\n\n\n\n<div class=\"wp-block-file\"><a id=\"wp-block-file--media-6c004c8a-0e1a-4cbd-8c0b-a01c3f1a06ad\" href=\"https:\/\/municipiodevillaaldamaver.gob.mx\/wp-content\/uploads\/2026\/05\/1.-Estado-analitico-de-ingresos-Enero.pdf\">1. Estado analitico de ingresos Enero<\/a><\/div>\n\n\n\n<div class=\"wp-block-file\"><a id=\"wp-block-file--media-d16da5c7-c0a0-4027-b0cb-f425347e6366\" href=\"https:\/\/municipiodevillaaldamaver.gob.mx\/wp-content\/uploads\/2026\/05\/1.-Edo-analitico-del-ejercicio-del-pto.-c.-administrativa-Enero.pdf\">1. Edo analitico del ejercicio del pto. c. administrativa Enero<\/a><\/div>\n\n\n\n<div class=\"wp-block-file\"><a id=\"wp-block-file--media-4c43cfae-1121-4686-9338-49094bd2ed41\" href=\"https:\/\/municipiodevillaaldamaver.gob.mx\/wp-content\/uploads\/2026\/05\/1.-Edo-analitico-del-ejercicio-del-pto.-c.-economica-Enero.pdf\">1. Edo analitico del ejercicio del pto. c. economica Enero<\/a><\/div>\n\n\n\n<div class=\"wp-block-file\"><a id=\"wp-block-file--media-d1174715-0529-4423-b84c-853062b8f0be\" href=\"https:\/\/municipiodevillaaldamaver.gob.mx\/wp-content\/uploads\/2026\/05\/1.-Edo-analitico-del-ejercicio-del-pto.-c.-objeto-del-gasto-Enero.pdf\">1. Edo analitico del ejercicio del pto. c. objeto del gasto Enero<\/a><\/div>\n\n\n\n<div class=\"wp-block-file\"><a id=\"wp-block-file--media-245c0d55-d4c6-48c4-83b7-67fafa6584ab\" href=\"https:\/\/municipiodevillaaldamaver.gob.mx\/wp-content\/uploads\/2026\/05\/1.-Edo-analitico-del-ejercicio-del-pto.-c.-finalidad-funcion-Enero.pdf\">1. Edo analitico del ejercicio del pto. c. finalidad funcion Enero<\/a><\/div>\n\n\n\n<p class=\"has-medium-font-size wp-block-paragraph\">1. Endeudamiento Neto<\/p>\n\n\n\n<p class=\"has-medium-font-size wp-block-paragraph\">1. Intereses de la Deuda<\/p>\n\n\n\n<p class=\"has-medium-font-size wp-block-paragraph\">1. Gasto por categoria Programatica<\/p>\n\n\n\n<div class=\"wp-block-file\"><a id=\"wp-block-file--media-664525f3-c9ee-4558-93ff-4605b023d187\" href=\"https:\/\/municipiodevillaaldamaver.gob.mx\/wp-content\/uploads\/2026\/05\/1.-Estado-Analitico-del-activo-Enero-1.pdf\">1. Estado Analitico del activo Enero<\/a><\/div>\n\n\n\n<div class=\"wp-block-file\"><a id=\"wp-block-file--media-cb2bc03d-64db-4104-aa86-280818537853\" href=\"https:\/\/municipiodevillaaldamaver.gob.mx\/wp-content\/uploads\/2026\/05\/1.-Notas-a-los-Edos.-financieros-Enero-1.pdf\">1. Notas a los Edos. financieros Enero<\/a><\/div>\n\n\n\n<div class=\"wp-block-file\"><a id=\"wp-block-file--media-60460820-738a-4a86-9142-30486ec61f14\" href=\"https:\/\/municipiodevillaaldamaver.gob.mx\/wp-content\/uploads\/2026\/05\/1.-Informe-sobre-pasivos-contingentes-Enero-1.pdf\">1. Informe sobre pasivos contingentes Enero<\/a><\/div>\n\n\n\n<div class=\"wp-block-file\"><a id=\"wp-block-file--media-c739e9cb-c7da-4419-8341-80a7d2e71267\" href=\"https:\/\/municipiodevillaaldamaver.gob.mx\/wp-content\/uploads\/2026\/05\/1.-Estado-de-flujos-de-efectivo-Enero-1.pdf\">1. Estado de flujos de efectivo Enero<\/a><\/div>\n\n\n\n<div class=\"wp-block-file\"><a id=\"wp-block-file--media-373fce3e-86ca-4461-ae99-bd21520e777c\" href=\"https:\/\/municipiodevillaaldamaver.gob.mx\/wp-content\/uploads\/2026\/05\/1.Estado-de-cambios-en-la-situacion-financiera-Enero-1.pdf\">1.Estado de cambios en la situacion financiera Enero<\/a><\/div>\n\n\n\n<div class=\"wp-block-file\"><a id=\"wp-block-file--media-91190d1a-fbbf-4d34-8e45-aa4d73b2d54e\" href=\"https:\/\/municipiodevillaaldamaver.gob.mx\/wp-content\/uploads\/2026\/05\/1.-Estado-de-Variacion-en-la-Hacienda-Publica-Enero-1.pdf\">1. Estado de Variacion en la Hacienda Publica Enero<\/a><\/div>\n\n\n\n<div class=\"wp-block-file\"><a id=\"wp-block-file--media-1e725484-7e81-4c6b-ba5b-684ce72f83be\" href=\"https:\/\/municipiodevillaaldamaver.gob.mx\/wp-content\/uploads\/2026\/05\/1.-Estado-de-Situacion-financiera-Enero-1.pdf\">1. Estado de Situacion financiera Enero<\/a><\/div>\n\n\n\n<div class=\"wp-block-file\"><a id=\"wp-block-file--media-63a65b10-0f02-46b2-ba0d-d7e708d983ec\" href=\"https:\/\/municipiodevillaaldamaver.gob.mx\/wp-content\/uploads\/2026\/05\/1.-Estado-de-actividades-Enero-1.pdf\">1. Estado de actividades Enero<\/a><\/div>\n\n\n\n<div class=\"wp-block-file\"><a id=\"wp-block-file--media-6f8414a7-75e7-40da-a4ed-b6f4bb7b7578\" href=\"https:\/\/municipiodevillaaldamaver.gob.mx\/wp-content\/uploads\/2026\/05\/1.-Estado-analitico-de-la-Deuda-y-otros-pasivos-Enero-1.pdf\">1. Estado analitico de la Deuda y otros pasivos Enero<\/a><\/div>\n<\/details>\n\n\n\n<details class=\"wp-block-details is-layout-flow wp-block-details-is-layout-flow\"><summary>FEBRERO<\/summary>\n<div class=\"wp-block-file\"><a id=\"wp-block-file--media-5e0ac478-6c0e-4c00-a201-b001e2580844\" href=\"https:\/\/municipiodevillaaldamaver.gob.mx\/wp-content\/uploads\/2026\/05\/2.-Estado-Analitico-del-activo-Febrero.pdf\">2. Estado Analitico del activo Febrero<\/a><\/div>\n\n\n\n<div class=\"wp-block-file\"><a id=\"wp-block-file--media-c35c3323-abd3-4145-8e12-5b9dc35d438b\" href=\"https:\/\/municipiodevillaaldamaver.gob.mx\/wp-content\/uploads\/2026\/05\/2.-Estado-analitico-de-ingresos-Febrero.pdf\">2. Estado analitico de ingresos Febrero<\/a><\/div>\n\n\n\n<div class=\"wp-block-file\"><a id=\"wp-block-file--media-7c626eb8-b630-4a70-8668-cebd7abe9555\" href=\"https:\/\/municipiodevillaaldamaver.gob.mx\/wp-content\/uploads\/2026\/05\/2.-Notas-a-los-Estados-Financieros-Febrero.pdf\">2. Notas a los Estados Financieros Febrero<\/a><\/div>\n\n\n\n<div class=\"wp-block-file\"><a id=\"wp-block-file--media-dbffcd2e-24d8-40c8-93b4-a9136e206eb7\" href=\"https:\/\/municipiodevillaaldamaver.gob.mx\/wp-content\/uploads\/2026\/05\/2.-Informe-sobre-pasivos-contingentes-Febrero.pdf\">2. Informe sobre pasivos contingentes Febrero<\/a><\/div>\n\n\n\n<div class=\"wp-block-file\"><a id=\"wp-block-file--media-3769af3a-4887-4f50-a0ed-fd35f2e5c1fa\" href=\"https:\/\/municipiodevillaaldamaver.gob.mx\/wp-content\/uploads\/2026\/05\/2.-Estado-de-Flujos-de-Efectivo-Febrero.pdf\">2. Estado de Flujos de Efectivo Febrero<\/a><\/div>\n\n\n\n<div class=\"wp-block-file\"><a id=\"wp-block-file--media-7b95d711-dab1-42f9-b270-a8fa2f98ff28\" href=\"https:\/\/municipiodevillaaldamaver.gob.mx\/wp-content\/uploads\/2026\/05\/2.-Estado-de-Cambios-en-la-situacion-financiera-Febrero.pdf\">2. Estado de Cambios en la situacion financiera Febrero<\/a><\/div>\n\n\n\n<div class=\"wp-block-file\"><a id=\"wp-block-file--media-a967b835-7930-48fc-b08a-d1e0d0f9c6a7\" href=\"https:\/\/municipiodevillaaldamaver.gob.mx\/wp-content\/uploads\/2026\/05\/2.-Estado-de-Variacion-en-la-Hacienda-Publica-Febrero.pdf\">2. Estado de Variaci\u00f3n en la Hacienda Publica Febrero<\/a><\/div>\n\n\n\n<div class=\"wp-block-file\"><a id=\"wp-block-file--media-b6cbae65-a299-4291-aa79-36abed3d0beb\" href=\"https:\/\/municipiodevillaaldamaver.gob.mx\/wp-content\/uploads\/2026\/05\/2.-Estado-de-situacion-financiera-Febrero.pdf\">2. Estado de situacion financiera Febrero<\/a><\/div>\n\n\n\n<div class=\"wp-block-file\"><a id=\"wp-block-file--media-f9afd3c3-69db-460a-812d-8fc292da42c4\" href=\"https:\/\/municipiodevillaaldamaver.gob.mx\/wp-content\/uploads\/2026\/05\/2.-Estado-de-Actividades-Febrero.pdf\">2. Estado de Actividades Febrero<\/a><\/div>\n<\/details>\n\n\n\n<details class=\"wp-block-details is-layout-flow wp-block-details-is-layout-flow\"><summary>MARZO<\/summary>\n<div class=\"wp-block-file\"><a id=\"wp-block-file--media-37696238-b09b-4a61-bd22-115c2f60138f\" href=\"https:\/\/municipiodevillaaldamaver.gob.mx\/wp-content\/uploads\/2026\/05\/3.-Estado-Analitico-del-activo-Marzo-1.pdf\">3. Estado Analitico del activo Marzo<\/a><\/div>\n\n\n\n<div class=\"wp-block-file\"><a id=\"wp-block-file--media-6ad97ee9-1dff-448a-bef0-300e4476f901\" href=\"https:\/\/municipiodevillaaldamaver.gob.mx\/wp-content\/uploads\/2026\/06\/3.-INTERESES-DE-LA-DEUDA.pdf\">3. INTERESES DE LA DEUDA<\/a><\/div>\n\n\n\n<div class=\"wp-block-file\"><a id=\"wp-block-file--media-e93347a9-b075-4937-97c6-e90ac8f2aa28\" href=\"https:\/\/municipiodevillaaldamaver.gob.mx\/wp-content\/uploads\/2026\/06\/3.-ENDEUDAMIENTO-NETO.pdf\">3. ENDEUDAMIENTO NETO<\/a><\/div>\n\n\n\n<div class=\"wp-block-file\"><a id=\"wp-block-file--media-5a9c67ea-5523-4e1a-b3ec-7fcf32674bb5\" href=\"https:\/\/municipiodevillaaldamaver.gob.mx\/wp-content\/uploads\/2026\/06\/3.-ESTADO-ANALITICO-DE-LA-DEUDA-Y-OTROS-PASIVOS.pdf\">3. ESTADO ANALITICO DE LA DEUDA Y OTROS PASIVOS<\/a><\/div>\n\n\n\n<div class=\"wp-block-file\"><a id=\"wp-block-file--media-17d1bfd2-e11f-41e5-bcf4-7d35dc8dcaaa\" href=\"https:\/\/municipiodevillaaldamaver.gob.mx\/wp-content\/uploads\/2026\/06\/3.-Estado-analitico-de-ingresos-marzo-1.pdf\">3. Estado analitico de ingresos marzo (1)<\/a><\/div>\n\n\n\n<div class=\"wp-block-file\"><a id=\"wp-block-file--media-ca35510f-2c2c-45bc-9fa3-2e45738d1a07\" href=\"https:\/\/municipiodevillaaldamaver.gob.mx\/wp-content\/uploads\/2026\/05\/3.-Notas-a-los-Edos.-financieros-Marzo.pdf\">3. Notas a los Edos. financieros Marzo<\/a><\/div>\n\n\n\n<div class=\"wp-block-file\"><a id=\"wp-block-file--media-c7cd7ab2-1e22-46f7-8a63-f4156be401a5\" href=\"https:\/\/municipiodevillaaldamaver.gob.mx\/wp-content\/uploads\/2026\/05\/3.-Estado-de-Flujo-de-Efectivo-Marzo.pdf\">3. Estado de Flujo de Efectivo Marzo<\/a><\/div>\n\n\n\n<div class=\"wp-block-file\"><a id=\"wp-block-file--media-7d4147d6-343d-4cbf-92db-c5bc64712660\" href=\"https:\/\/municipiodevillaaldamaver.gob.mx\/wp-content\/uploads\/2026\/05\/3.-Estado-de-Variacion-en-la-Hacienda-Publica.-Marzo.pdf\">3. Estado de Variaci\u00f3n en la Hacienda P\u00fablica. Marzo<\/a><\/div>\n\n\n\n<div class=\"wp-block-file\"><a id=\"wp-block-file--media-1f9eaf96-304c-41aa-a5f4-c127d22297e3\" href=\"https:\/\/municipiodevillaaldamaver.gob.mx\/wp-content\/uploads\/2026\/05\/3.-Estado-de-Situacion-Financiera-Marzo.pdf\">3. Estado de Situaci\u00f3n Financiera Marzo<\/a><\/div>\n\n\n\n<div class=\"wp-block-file\"><a id=\"wp-block-file--media-012dffec-fcd1-45ef-8d1f-d4721c697ea2\" href=\"https:\/\/municipiodevillaaldamaver.gob.mx\/wp-content\/uploads\/2026\/05\/3.-Informe-sobre-pasivos-contingentes-Marzo.pdf\">3. Informe sobre pasivos contingentes Marzo<\/a><\/div>\n\n\n\n<div class=\"wp-block-file\"><a id=\"wp-block-file--media-26ee71f2-1e0e-49a2-9674-0495af04ffb5\" href=\"https:\/\/municipiodevillaaldamaver.gob.mx\/wp-content\/uploads\/2026\/05\/3.-Estado-de-Actividades-Marzo.pdf\">3. Estado de Actividades Marzo<\/a><\/div>\n\n\n\n<div class=\"wp-block-file\"><a id=\"wp-block-file--media-dd74effc-8664-4399-a44c-961cdb84415c\" href=\"https:\/\/municipiodevillaaldamaver.gob.mx\/wp-content\/uploads\/2026\/05\/3.-Estado-de-Situacion-Financiera-Marzo-1.pdf\">3. Estado de Situaci\u00f3n Financiera Marzo<\/a><\/div>\n<\/details>\n\n\n\n<details class=\"wp-block-details is-layout-flow wp-block-details-is-layout-flow\"><summary>ABRIL<\/summary>\n<div class=\"wp-block-file\"><a id=\"wp-block-file--media-90b55261-e048-4983-9738-afb769fd732a\" href=\"https:\/\/municipiodevillaaldamaver.gob.mx\/wp-content\/uploads\/2026\/05\/4.-Estado-Analitico-del-activo-Abril.pdf\">4. Estado Analitico del activo Abril<\/a><\/div>\n\n\n\n<div class=\"wp-block-file\"><a id=\"wp-block-file--media-dcacb5b3-24e6-4840-b4c8-df69421c71e5\" href=\"https:\/\/municipiodevillaaldamaver.gob.mx\/wp-content\/uploads\/2026\/05\/4.-Estado-analitico-de-ingresos-Abril.pdf\">4. Estado analitico de ingresos Abril<\/a><\/div>\n\n\n\n<div class=\"wp-block-file\"><a id=\"wp-block-file--media-bad67c01-225b-4c54-be4e-aadf0ff65918\" href=\"https:\/\/municipiodevillaaldamaver.gob.mx\/wp-content\/uploads\/2026\/05\/4.-Notas-a-los-Edos.-financieros-Abril.pdf\">4. Notas a los Edos. financieros Abril<\/a><\/div>\n\n\n\n<div class=\"wp-block-file\"><a id=\"wp-block-file--media-5b66f763-6f17-4615-aaa4-938ce5ed1f5b\" href=\"https:\/\/municipiodevillaaldamaver.gob.mx\/wp-content\/uploads\/2026\/05\/4.-Informe-sobre-pasivos-contingentes-Abril.pdf\">4. Informe sobre pasivos contingentes Abril<\/a><\/div>\n\n\n\n<div class=\"wp-block-file\"><a id=\"wp-block-file--media-020b5e62-b01e-481f-a997-12977e28284a\" href=\"https:\/\/municipiodevillaaldamaver.gob.mx\/wp-content\/uploads\/2026\/05\/4.-Estado-de-flujos-de-efectivo-Abril.pdf\">4. Estado de flujos de efectivo Abril<\/a><\/div>\n\n\n\n<div class=\"wp-block-file\"><a id=\"wp-block-file--media-4794f226-664b-400a-b9db-6e6d87deeb41\" href=\"https:\/\/municipiodevillaaldamaver.gob.mx\/wp-content\/uploads\/2026\/05\/4.-Estado-de-Cambios-en-la-situacion-financiera-Abril.pdf\">4. Estado de Cambios en la situacion financiera Abril<\/a><\/div>\n\n\n\n<div class=\"wp-block-file\"><a id=\"wp-block-file--media-a69fb474-e0b4-4615-97a4-b9b7045fd3be\" href=\"https:\/\/municipiodevillaaldamaver.gob.mx\/wp-content\/uploads\/2026\/05\/4.-Estado-de-Variacion-en-la-Hacienda-Publica-Abril.pdf\">4. Estado de Variaci\u00f3n en la Hacienda Publica Abril<\/a><\/div>\n\n\n\n<div class=\"wp-block-file\"><a id=\"wp-block-file--media-0a9cce88-f6ae-49e4-a600-db737a7c363f\" href=\"https:\/\/municipiodevillaaldamaver.gob.mx\/wp-content\/uploads\/2026\/05\/4.-Estado-de-situacion-financiera-Abril.pdf\">4. Estado de situacion financiera Abril<\/a><\/div>\n\n\n\n<div class=\"wp-block-file\"><a id=\"wp-block-file--media-457e2853-709f-4b6d-8527-7203aea5ab15\" href=\"https:\/\/municipiodevillaaldamaver.gob.mx\/wp-content\/uploads\/2026\/05\/4.-Estado-de-actividades-Abril.pdf\">4. Estado de actividades Abril<\/a><\/div>\n<\/details>\n\n\n\n<details class=\"wp-block-details is-layout-flow wp-block-details-is-layout-flow\"><summary>MAYO<\/summary>\n<div class=\"wp-block-file\"><a id=\"wp-block-file--media-60e47976-34ab-4b2f-8012-bc47d0c53ee2\" href=\"https:\/\/municipiodevillaaldamaver.gob.mx\/wp-content\/uploads\/2026\/07\/ESTADO-ANALITICO-DE-LA-DEUDA-Y-OTROS-PASIVOS25062026160010.pdf\">ESTADO ANALITICO DE LA DEUDA Y OTROS PASIVOS25062026160010<\/a><\/div>\n\n\n\n<div class=\"wp-block-file\"><a id=\"wp-block-file--media-e76fefd0-3bdd-4ae8-9a03-8d5333d8a32f\" href=\"https:\/\/municipiodevillaaldamaver.gob.mx\/wp-content\/uploads\/2026\/07\/NOTAS-A-LOS-ESTADOS-FINANCIEROS25062026155153.pdf\">NOTAS A LOS ESTADOS FINANCIEROS25062026155153<\/a><\/div>\n\n\n\n<div class=\"wp-block-file\"><a id=\"wp-block-file--media-d79dd2aa-8ab4-4649-b4dd-5a546e99e541\" href=\"https:\/\/municipiodevillaaldamaver.gob.mx\/wp-content\/uploads\/2026\/07\/ESTADO-ANALITICO-DE-PPTO-EGRESOS-FUNCIONAL25062026152909.pdf\">ESTADO ANALITICO DE PPTO EGRESOS FUNCIONAL25062026152909<\/a><\/div>\n\n\n\n<div class=\"wp-block-file\"><a id=\"wp-block-file--media-7c7ecf54-c404-4e9b-bdf0-f2be68e07bed\" href=\"https:\/\/municipiodevillaaldamaver.gob.mx\/wp-content\/uploads\/2026\/07\/ESTADO-ANALITICO-DE-PPTO-EGRESOS-POR-OBJETO-DEL-GASTO25062026152350.pdf\">ESTADO ANALITICO DE PPTO EGRESOS POR OBJETO DEL GASTO25062026152350<\/a><\/div>\n\n\n\n<div class=\"wp-block-file\"><a id=\"wp-block-file--media-3176891a-9f71-4dfe-8611-86918e42a418\" href=\"https:\/\/municipiodevillaaldamaver.gob.mx\/wp-content\/uploads\/2026\/07\/ESTADO-ANALITICO-DE-PPTO-EGRESOS-ECONOMICA25062026152003.pdf\">ESTADO ANALITICO DE PPTO EGRESOS ECONOMICA25062026152003<\/a><\/div>\n\n\n\n<div class=\"wp-block-file\"><a id=\"wp-block-file--media-a5d9dad3-a2c8-461d-aa92-577f6dfbd4dc\" href=\"https:\/\/municipiodevillaaldamaver.gob.mx\/wp-content\/uploads\/2026\/07\/ESTADO-ANALITICO-DE-PPTO-EGRESOS-ADM25062026151701.pdf\">ESTADO ANALITICO DE PPTO EGRESOS ADM25062026151701<\/a><\/div>\n\n\n\n<div class=\"wp-block-file\"><a id=\"wp-block-file--media-a6e0ddf2-8930-4498-8ce4-b6fa25a9a86b\" href=\"https:\/\/municipiodevillaaldamaver.gob.mx\/wp-content\/uploads\/2026\/07\/ESTADO-ANALITICO-DE-INGRESOS25062026151230.pdf\">ESTADO ANALITICO DE INGRESOS25062026151230<\/a><\/div>\n\n\n\n<div class=\"wp-block-file\"><a id=\"wp-block-file--media-9b1a0dba-0cdb-4560-be3a-e410d61701da\" href=\"https:\/\/municipiodevillaaldamaver.gob.mx\/wp-content\/uploads\/2026\/07\/ESTADO-ANALITICO-DEL-ACTIVO25062026150222.pdf\">ESTADO ANALITICO DEL ACTIVO25062026150222<\/a><\/div>\n\n\n\n<div class=\"wp-block-file\"><a id=\"wp-block-file--media-f5b7570a-c5dc-48d1-a4e2-0c3b38bf56d2\" href=\"https:\/\/municipiodevillaaldamaver.gob.mx\/wp-content\/uploads\/2026\/07\/ESTADO-DE-CAMBIOS-EN-LA-SITUACION-FINANCIERA25062026145640.pdf\">ESTADO DE CAMBIOS EN LA SITUACI\u00d3N FINANCIERA25062026145640<\/a><\/div>\n\n\n\n<div class=\"wp-block-file\"><a id=\"wp-block-file--media-483f7463-15a8-4374-ac82-81df809a272d\" href=\"https:\/\/municipiodevillaaldamaver.gob.mx\/wp-content\/uploads\/2026\/07\/ESTADO-DE-VARIACIION-EN-LA-HACIENDA-PUBLICA25062026145312.pdf\">ESTADO DE VARIACI\u00cdON EN LA HACIENDA P\u00daBLICA25062026145312<\/a><\/div>\n\n\n\n<div class=\"wp-block-file\"><a id=\"wp-block-file--media-43731be0-033c-4d36-8be0-057a020108c2\" href=\"https:\/\/municipiodevillaaldamaver.gob.mx\/wp-content\/uploads\/2026\/07\/ESTADO-DE-FLUJOS-DE-EFECTIVO25062026145003.pdf\">ESTADO DE FLUJOS DE EFECTIVO25062026145003<\/a><\/div>\n\n\n\n<div class=\"wp-block-file\"><a id=\"wp-block-file--media-349ecf79-8a30-4056-81e0-f4fc96f206a1\" href=\"https:\/\/municipiodevillaaldamaver.gob.mx\/wp-content\/uploads\/2026\/07\/ESTADO-DE-ACTIVIDADES25062026144612.pdf\">ESTADO DE ACTIVIDADES25062026144612<\/a><\/div>\n\n\n\n<div class=\"wp-block-file\"><a id=\"wp-block-file--media-d7c05046-b397-48e6-825f-baaac057a7c2\" href=\"https:\/\/municipiodevillaaldamaver.gob.mx\/wp-content\/uploads\/2026\/07\/ESTADO-DE-SITUACION-FINANCIERA25062026143847.pdf\">ESTADO DE SITUACI\u00d3N FINANCIERA25062026143847<\/a><\/div>\n<\/details>\n\n\n\n<details class=\"wp-block-details is-layout-flow wp-block-details-is-layout-flow\"><summary>JUNIO<\/summary>\n<div class=\"wp-block-file\"><a id=\"wp-block-file--media-aab7718e-0f65-4680-8cfa-592c2d129b0e\" href=\"https:\/\/municipiodevillaaldamaver.gob.mx\/wp-content\/uploads\/2026\/07\/3.-Estado-de-Actividades.pdf\">3. Estado de Actividades<\/a><\/div>\n\n\n\n<div class=\"wp-block-file\"><a id=\"wp-block-file--media-cbd547bb-b94b-4901-978e-6f48e25f90a8\" href=\"https:\/\/municipiodevillaaldamaver.gob.mx\/wp-content\/uploads\/2026\/07\/4.-Estado-de-Situacion-Financiera.pdf\">4. Estado de Situacion Financiera<\/a><\/div>\n\n\n\n<div class=\"wp-block-file\"><a id=\"wp-block-file--media-f849599a-3fea-4b88-8645-ad89be16600b\" href=\"https:\/\/municipiodevillaaldamaver.gob.mx\/wp-content\/uploads\/2026\/07\/5.-Estado-de-Variacion-en-la-Hacienda-Publica.pdf\">5. Estado de Variaci\u00f3n en la Hacienda P\u00fablica<\/a><\/div>\n\n\n\n<div class=\"wp-block-file\"><a id=\"wp-block-file--media-cb602e2e-839d-412f-9beb-73ff1465d2fa\" href=\"https:\/\/municipiodevillaaldamaver.gob.mx\/wp-content\/uploads\/2026\/07\/6.-Estado-de-Cambios-en-la-Situacion-Financiera.pdf\">6. Estado de Cambios en la Situacion Financiera<\/a><\/div>\n\n\n\n<div class=\"wp-block-file\"><a id=\"wp-block-file--media-852ffc37-fe9d-4268-8702-3445fed8fe72\" href=\"https:\/\/municipiodevillaaldamaver.gob.mx\/wp-content\/uploads\/2026\/07\/7.-Estado-de-Flujos-de-Efectivo.pdf\">7. Estado de Flujos de Efectivo<\/a><\/div>\n\n\n\n<div class=\"wp-block-file\"><a id=\"wp-block-file--media-d4e09909-37c2-4a39-8e5e-5a3bdf5424ce\" href=\"https:\/\/municipiodevillaaldamaver.gob.mx\/wp-content\/uploads\/2026\/07\/8.-Notas-a-los-Estados-Financieros.pdf\">8. Notas a los Estados Financieros<\/a><\/div>\n\n\n\n<div class=\"wp-block-file\"><a id=\"wp-block-file--media-4967a76c-c9db-4a2b-b55a-986f40fe67c1\" href=\"https:\/\/municipiodevillaaldamaver.gob.mx\/wp-content\/uploads\/2026\/07\/9.-Estado-Analitico-del-Activo.pdf\">9. Estado Analitico del Activo<\/a><\/div>\n\n\n\n<div class=\"wp-block-file\"><a id=\"wp-block-file--media-a6803e2e-8252-4143-87dc-465a3afc718b\" href=\"https:\/\/municipiodevillaaldamaver.gob.mx\/wp-content\/uploads\/2026\/07\/10.-Pasivos-Contingentes.pdf\">10. Pasivos Contingentes<\/a><\/div>\n\n\n\n<div class=\"wp-block-file\"><a id=\"wp-block-file--media-2a28d4b3-5cc1-48e9-a9fb-2c44ef97175e\" href=\"https:\/\/municipiodevillaaldamaver.gob.mx\/wp-content\/uploads\/2026\/07\/11.-Estado-Analitico-de-Ingresos.pdf\">11. Estado Analitico de Ingresos<\/a><\/div>\n\n\n\n<div class=\"wp-block-file\"><a id=\"wp-block-file--media-d266828d-7552-4599-9e01-95d1bffc189e\" href=\"https:\/\/municipiodevillaaldamaver.gob.mx\/wp-content\/uploads\/2026\/07\/12.-Estado-Analitico-Egresos-Clasificacion-Administrativa.pdf\">12. Estado Analitico Egresos Clasificaci\u00f3n Administrativa<\/a><\/div>\n\n\n\n<div class=\"wp-block-file\"><a id=\"wp-block-file--media-ecf4c21c-3cb4-4d94-9bc7-6f7640c5c8f6\" href=\"https:\/\/municipiodevillaaldamaver.gob.mx\/wp-content\/uploads\/2026\/07\/13.-Estado-Analitico-Egresos-Clasificacion-Economica-Por-Tipo-de-Gasto.pdf\">13. Estado Analitico Egresos Clasificaci\u00f3n Economica Por Tipo de Gasto<\/a><\/div>\n\n\n\n<div class=\"wp-block-file\"><a id=\"wp-block-file--media-312e01af-1464-4905-b0be-b9861e954ca3\" href=\"https:\/\/municipiodevillaaldamaver.gob.mx\/wp-content\/uploads\/2026\/07\/14.-Estado-Analitico-Egresos-COG.pdf\">14. Estado Analitico Egresos COG<\/a><\/div>\n\n\n\n<div class=\"wp-block-file\"><a id=\"wp-block-file--media-616d4c26-2e5c-4bae-a053-a915057b985c\" href=\"https:\/\/municipiodevillaaldamaver.gob.mx\/wp-content\/uploads\/2026\/07\/15.-Estado-Analitico-Egresos-Clasificacion-Funcional.pdf\">15. Estado Analitico Egresos Clasificaci\u00f3n Funcional<\/a><\/div>\n\n\n\n<div class=\"wp-block-file\"><a id=\"wp-block-file--media-01639db1-c867-40af-bfe0-3d5fabbdc1f7\" href=\"https:\/\/municipiodevillaaldamaver.gob.mx\/wp-content\/uploads\/2026\/07\/16.-Gasto-por-Categoria-Programatica.pdf\">16. Gasto por Categoria Programatica<\/a><\/div>\n\n\n\n<div class=\"wp-block-file\"><a id=\"wp-block-file--media-f7b19e07-b9ed-4924-ac62-5abfc6883264\" href=\"https:\/\/municipiodevillaaldamaver.gob.mx\/wp-content\/uploads\/2026\/07\/50.-Estado-Analitico-de-la-Deuda-y-Otros-Pasivos.pdf\">50. Estado Analitico de la Deuda y Otros Pasivos<\/a><\/div>\n<\/details>\n<\/details>\n\n\n\n<hr class=\"wp-block-separator has-alpha-channel-opacity\"\/>\n\n\n\n<details class=\"wp-block-details is-layout-flow wp-block-details-is-layout-flow\"><summary>LEY DE DISCIPLINA FINANCIERA (TRIMESTRAL)<\/summary>\n<details class=\"wp-block-details is-layout-flow wp-block-details-is-layout-flow\"><summary>PRIMER TRIMESTRE<\/summary>\n<div class=\"wp-block-file\"><a id=\"wp-block-file--media-01c03cb7-c3d2-4c5c-88f4-6a0a6b2f1414\" href=\"https:\/\/municipiodevillaaldamaver.gob.mx\/wp-content\/uploads\/2026\/05\/01-ESTADO-DE-SITUACION-FINANCIERA-DETALLADO-LDF.pdf\">01 ESTADO DE SITUACI\u00d3N FINANCIERA DETALLADO-LDF<\/a><\/div>\n\n\n\n<div class=\"wp-block-file\"><a id=\"wp-block-file--media-37b1f31e-a3a7-4bf6-9f4d-ce4a87f6837a\" href=\"https:\/\/municipiodevillaaldamaver.gob.mx\/wp-content\/uploads\/2026\/05\/02-INFORME-ANALITICO-DE-LA-DEUDA-PUBLICA-Y-OTROS-PASIVOS-LDF.pdf\">02 INFORME ANALITICO DE LA DEUDA P\u00daBLICA Y OTROS PASIVOS-LDF<\/a><\/div>\n\n\n\n<div class=\"wp-block-file\"><a id=\"wp-block-file--media-75488a2c-4aae-40aa-830a-4f3253a4ee62\" href=\"https:\/\/municipiodevillaaldamaver.gob.mx\/wp-content\/uploads\/2026\/05\/03-INFORME-ANALITICO-DE-OBLIGACIONES-DIFERENTES-DE-FINANCIAMIENTO.pdf\">03 INFORME ANALITICO DE OBLIGACIONES DIFERENTES DE FINANCIAMIENTO<\/a><\/div>\n\n\n\n<div class=\"wp-block-file\"><a id=\"wp-block-file--media-f22eb4c4-5ee4-4662-a613-34487d793faf\" href=\"https:\/\/municipiodevillaaldamaver.gob.mx\/wp-content\/uploads\/2026\/05\/04-BALANCE-PRESUPUESTARIO-LDF.pdf\">04 BALANCE PRESUPUESTARIO-LDF<\/a><\/div>\n\n\n\n<div class=\"wp-block-file\"><a id=\"wp-block-file--media-85223261-d4b4-4e3f-b6fd-de77d025e833\" href=\"https:\/\/municipiodevillaaldamaver.gob.mx\/wp-content\/uploads\/2026\/08\/2.-Estado-Analitico-de-Ingresos-Detallado-1T.pdf\">2. Estado Analitico de Ingresos Detallado 1T<\/a><\/div>\n\n\n\n<div class=\"wp-block-file\"><a id=\"wp-block-file--media-81217aba-c816-4134-ae75-3f2daab07c8e\" href=\"https:\/\/municipiodevillaaldamaver.gob.mx\/wp-content\/uploads\/2026\/05\/06A-ESTADO-ANALITICO-DEL-EJERCICIO-DEL-PRESUPUESTO-DE-EGRESOS-DETALLADO-CA-LDF.pdf\">06A ESTADO ANALITICO DEL EJERCICIO DEL PRESUPUESTO DE EGRESOS DETALLADO CA-LDF<\/a><\/div>\n\n\n\n<div class=\"wp-block-file\"><a id=\"wp-block-file--media-fe6e5b28-1881-4a66-a13f-8b2d2c108d68\" href=\"https:\/\/municipiodevillaaldamaver.gob.mx\/wp-content\/uploads\/2026\/05\/06B-ESTADO-ANALITICO-DEL-EJERCICIO-DEL-PRESUPUESTO-DE-EGRESOS-DETALLADO-OG-LDF.pdf\">06B ESTADO ANALITICO DEL EJERCICIO DEL PRESUPUESTO DE EGRESOS DETALLADO OG-LDF<\/a><\/div>\n\n\n\n<div class=\"wp-block-file\"><a id=\"wp-block-file--media-4ee8b9c9-7f4c-4ebd-91c1-f08c5f816fc8\" href=\"https:\/\/municipiodevillaaldamaver.gob.mx\/wp-content\/uploads\/2026\/05\/06C-ESTADO-ANALITICO-DEL-EJERCICIO-DEL-PRESUPUESTO-DE-EGRESOS-DETALLADO-CF-LDF.pdf\">06C ESTADO ANALITICO DEL EJERCICIO DEL PRESUPUESTO DE EGRESOS DETALLADO CF-LDF<\/a><\/div>\n\n\n\n<div class=\"wp-block-file\"><a id=\"wp-block-file--media-e76f8879-46c4-4cf7-89df-a9c5e3207b07\" href=\"https:\/\/municipiodevillaaldamaver.gob.mx\/wp-content\/uploads\/2026\/05\/06D-ESTADO-ANALITICO-DEL-EJERCICIO-DEL-PRESUPUESTO-DE-EGRESOS-DETALLADO-SP-LDF.pdf\">06D ESTADO ANALITICO DEL EJERCICIO DEL PRESUPUESTO DE EGRESOS DETALLADO SP-LDF<\/a><\/div>\n<\/details>\n\n\n\n<details class=\"wp-block-details is-layout-flow wp-block-details-is-layout-flow\"><summary>SEGUNDO TRIMESTRE<\/summary>\n<div class=\"wp-block-file\"><a id=\"wp-block-file--media-3ae418a9-51ba-4c0d-86bb-84b02378553f\" href=\"https:\/\/municipiodevillaaldamaver.gob.mx\/wp-content\/uploads\/2026\/07\/17.-Estado-Analitico-de-Ingresos-Detallado-LDF.pdf\">17. Estado Analitico de Ingresos Detallado-LDF<\/a><\/div>\n\n\n\n<div class=\"wp-block-file\"><a id=\"wp-block-file--media-9af9e8c6-9bf2-4897-9a41-bf04c0fdab80\" href=\"https:\/\/municipiodevillaaldamaver.gob.mx\/wp-content\/uploads\/2026\/07\/18.-Estado-Analitico-Egresos-Detallado-COG-LDF.pdf\">18. Estado Analitico Egresos Detallado COG-LDF<\/a><\/div>\n\n\n\n<div class=\"wp-block-file\"><a id=\"wp-block-file--media-4751f46a-c2da-471b-9da9-85fe3ad2946e\" href=\"https:\/\/municipiodevillaaldamaver.gob.mx\/wp-content\/uploads\/2026\/07\/19.-Estado-Analitico-Egresos-Detallado-Funcional-LDF.pdf\">19. Estado Analitico Egresos Detallado Funcional-LDF<\/a><\/div>\n\n\n\n<div class=\"wp-block-file\"><a id=\"wp-block-file--media-6a1a7a2b-2cdd-496b-86c4-4bce1c474d6f\" href=\"https:\/\/municipiodevillaaldamaver.gob.mx\/wp-content\/uploads\/2026\/07\/20.-Estado-Analitico-Egresos-Detallado-Administrativa-LDF.pdf\">20. Estado Analitico Egresos Detallado Administrativa-LDF<\/a><\/div>\n\n\n\n<div class=\"wp-block-file\"><a id=\"wp-block-file--media-5abee3eb-32c6-4676-9d59-2555c1a46760\" href=\"https:\/\/municipiodevillaaldamaver.gob.mx\/wp-content\/uploads\/2026\/07\/21.-Estado-de-Situacion-Financiera-Detallado-LDF.pdf\">21. Estado de Situacion Financiera Detallado-LDF<\/a><\/div>\n\n\n\n<div class=\"wp-block-file\"><a id=\"wp-block-file--media-fe9a4143-4a49-4dad-84e4-b04f764448d2\" href=\"https:\/\/municipiodevillaaldamaver.gob.mx\/wp-content\/uploads\/2026\/07\/22.-Balance-Presupuestario-LDF.pdf\">22. Balance Presupuestario-LDF<\/a><\/div>\n\n\n\n<div class=\"wp-block-file\"><a id=\"wp-block-file--media-e1db48f1-89eb-4009-8e4b-c5e7f3143f84\" href=\"https:\/\/municipiodevillaaldamaver.gob.mx\/wp-content\/uploads\/2026\/07\/23.-Estado-Analitico-Egresos-Detallado-Servicios-Personales-LDF-1.pdf\">23. Estado Analitico Egresos Detallado Servicios Personales-LDF<\/a><\/div>\n\n\n\n<div class=\"wp-block-file\"><a id=\"wp-block-file--media-c5f97f56-2b6f-4e44-8d30-863368a8f512\" href=\"https:\/\/municipiodevillaaldamaver.gob.mx\/wp-content\/uploads\/2026\/07\/33.-Proyecciones-de-Ingresos-LDF.pdf\">33. Proyecciones de Ingresos-LDF<\/a><\/div>\n\n\n\n<div class=\"wp-block-file\"><a id=\"wp-block-file--media-d9beafe9-bc2c-45f0-ba12-106295342175\" href=\"https:\/\/municipiodevillaaldamaver.gob.mx\/wp-content\/uploads\/2026\/07\/34.-Proyecciones-de-Egresos-LDF.pdf\">34. Proyecciones de Egresos-LDF<\/a><\/div>\n\n\n\n<div class=\"wp-block-file\"><a id=\"wp-block-file--media-84db6839-bca5-4eae-b8b5-bea62d5d8497\" href=\"https:\/\/municipiodevillaaldamaver.gob.mx\/wp-content\/uploads\/2026\/07\/35.-Resultado-de-Ingresos-LDF.pdf\">35. Resultado de Ingresos-LDF<\/a><\/div>\n\n\n\n<div class=\"wp-block-file\"><a id=\"wp-block-file--media-b571a442-c556-483c-aa5e-6df234430f1b\" href=\"https:\/\/municipiodevillaaldamaver.gob.mx\/wp-content\/uploads\/2026\/07\/36.-Resultado-de-Egresos-LDF.pdf\">36. Resultado de Egresos-LDF<\/a><\/div>\n<\/details>\n<\/details>\n\n\n\n<hr class=\"wp-block-separator has-alpha-channel-opacity\"\/>\n\n\n\n<details class=\"wp-block-details is-layout-flow wp-block-details-is-layout-flow\"><summary>ESTADOS E INFORMACI\u00d3N PRESUPUESTAL (MENSUAL)<\/summary>\n<details class=\"wp-block-details is-layout-flow wp-block-details-is-layout-flow\"><summary>ENERO<\/summary>\n<div class=\"wp-block-file\"><a id=\"wp-block-file--media-5389906c-a6d6-4f07-a7c2-4882b987d5b5\" href=\"https:\/\/municipiodevillaaldamaver.gob.mx\/wp-content\/uploads\/2026\/05\/1.-Edo-analitico-del-ejercicio-del-pto.-c.-administrativa-Enero-2.pdf\">1. Edo analitico del ejercicio del pto. c. administrativa Enero<\/a><\/div>\n\n\n\n<div class=\"wp-block-file\"><a id=\"wp-block-file--media-4d4cf228-cfd2-4996-834f-c931bf55a4a5\" href=\"https:\/\/municipiodevillaaldamaver.gob.mx\/wp-content\/uploads\/2026\/05\/1.-Edo-analitico-del-ejercicio-del-pto.-c.-economica-Enero-1.pdf\">1. Edo analitico del ejercicio del pto. c. economica Enero<\/a><\/div>\n\n\n\n<div class=\"wp-block-file\"><a id=\"wp-block-file--media-cf3b7cfa-22be-4387-87d6-72fc007fb38d\" href=\"https:\/\/municipiodevillaaldamaver.gob.mx\/wp-content\/uploads\/2026\/05\/1.-Edo-analitico-del-ejercicio-del-pto.-c.-objeto-del-gasto-Enero-1.pdf\">1. Edo analitico del ejercicio del pto. c. objeto del gasto Enero<\/a><\/div>\n\n\n\n<div class=\"wp-block-file\"><a id=\"wp-block-file--media-2b59b60c-459d-4198-8c36-3ca97b31a53c\" href=\"https:\/\/municipiodevillaaldamaver.gob.mx\/wp-content\/uploads\/2026\/05\/1.-Edo-analitico-del-ejercicio-del-pto.-c.-finalidad-funcion-Enero-1.pdf\">1. Edo analitico del ejercicio del pto. c. finalidad funcion Enero<\/a><\/div>\n\n\n\n<p class=\"wp-block-paragraph\">ESTADO ANALITICO PROGRAMATICO<\/p>\n<\/details>\n\n\n\n<details class=\"wp-block-details is-layout-flow wp-block-details-is-layout-flow\"><summary>FEBRERO<\/summary>\n<div class=\"wp-block-file\"><a id=\"wp-block-file--media-faff72e7-5ef9-475f-9590-9e7be5845144\" href=\"https:\/\/municipiodevillaaldamaver.gob.mx\/wp-content\/uploads\/2026\/05\/2.-Edo-analitico-del-ejercicio-del-pto.-c.-administrativa-Febrero.pdf\">2. Edo analitico del ejercicio del pto. c. administrativa Febrero<\/a><\/div>\n\n\n\n<div class=\"wp-block-file\"><a id=\"wp-block-file--media-62a33fbb-e231-4e6c-96da-07424e0410ee\" href=\"https:\/\/municipiodevillaaldamaver.gob.mx\/wp-content\/uploads\/2026\/05\/2.-Edo-analitico-del-ejercicio-del-pto.-c.-economica-Febrero.pdf\">2. Edo analitico del ejercicio del pto. c. economica Febrero<\/a><\/div>\n\n\n\n<div class=\"wp-block-file\"><a id=\"wp-block-file--media-246d8acf-7e03-43be-9efe-a424a71442ce\" href=\"https:\/\/municipiodevillaaldamaver.gob.mx\/wp-content\/uploads\/2026\/05\/2.-Edo-analitico-del-ejercicio-del-pto.-c.-objeto-del-gasto-Febrero.pdf\">2. Edo analitico del ejercicio del pto. c. objeto del gasto Febrero<\/a><\/div>\n\n\n\n<div class=\"wp-block-file\"><a id=\"wp-block-file--media-717d29fc-da17-402c-9aaf-5cddd2b3223c\" href=\"https:\/\/municipiodevillaaldamaver.gob.mx\/wp-content\/uploads\/2026\/05\/2.-Edo-analitico-del-ejercicio-del-pto.-c.-finalidad-funcion-Febrero.pdf\">2. Edo analitico del ejercicio del pto. c. finalidad funcion Febrero<\/a><\/div>\n\n\n\n<p class=\"wp-block-paragraph\">ESTADO ANALITICO PROGRAMATICO<\/p>\n<\/details>\n\n\n\n<details class=\"wp-block-details is-layout-flow wp-block-details-is-layout-flow\"><summary>MARZO<\/summary>\n<p class=\"wp-block-paragraph\">ESTADO ANALITICO DEL EJERCICIO DEL PRESUPUESTO DE EGRESOS-CLASIFICACI\u00d3N ADMINISTRATIVA<\/p>\n\n\n\n<div class=\"wp-block-file\"><a id=\"wp-block-file--media-29a65f29-4958-42eb-be26-1b9a9ef541ba\" href=\"https:\/\/municipiodevillaaldamaver.gob.mx\/wp-content\/uploads\/2026\/05\/3.-Edo-analitico-del-ejercicio-del-pto.-c.-economica-Marzo.pdf\">3. Edo analitico del ejercicio del pto. c. economica Marzo<\/a><\/div>\n\n\n\n<div class=\"wp-block-file\"><a id=\"wp-block-file--media-6726a8b6-1be6-488f-9212-af0c8874161a\" href=\"https:\/\/municipiodevillaaldamaver.gob.mx\/wp-content\/uploads\/2026\/05\/3.-Edo-analitico-del-ejercicio-del-pto.-c.-objeto-del-gasto-Marzo.pdf\">3. Edo analitico del ejercicio del pto. c. objeto del gasto Marzo<\/a><\/div>\n\n\n\n<div class=\"wp-block-file\"><a id=\"wp-block-file--media-cb04c9ac-ed3f-4a60-b90b-72b1d0a48522\" href=\"https:\/\/municipiodevillaaldamaver.gob.mx\/wp-content\/uploads\/2026\/05\/3.Edo-analitico-del-ejercicio-del-pto.-c.-finalidad-funcion-Marzo.pdf\">3.Edo analitico del ejercicio del pto. c. finalidad funcion Marzo<\/a><\/div>\n\n\n\n<p class=\"wp-block-paragraph\">ESTADO ANALITICO PROGRAMATICO<\/p>\n\n\n\n<div class=\"wp-block-file\"><a id=\"wp-block-file--media-3dd3e817-99dd-4d3a-b68b-c05db0b51c3e\" href=\"https:\/\/municipiodevillaaldamaver.gob.mx\/wp-content\/uploads\/2026\/05\/3.-Analitico-PPto-Egresos-Categoria-Programatica-Marzo-1.pdf\">3. Analitico PPto Egresos Categor\u00eda Program\u00e1tica Marzo<\/a><\/div>\n<\/details>\n\n\n\n<details class=\"wp-block-details is-layout-flow wp-block-details-is-layout-flow\"><summary>ABRIL<\/summary>\n<div class=\"wp-block-file\"><a id=\"wp-block-file--media-dc21d797-b0c7-46b0-9491-09e3024bdb42\" href=\"https:\/\/municipiodevillaaldamaver.gob.mx\/wp-content\/uploads\/2026\/05\/4.-Edo-analitico-del-ejercicio-del-pto.-c.-administrativa-Abril.pdf\">4. Edo analitico del ejercicio del pto. c. administrativa Abril<\/a><\/div>\n\n\n\n<div class=\"wp-block-file\"><a id=\"wp-block-file--media-cdb9e005-5e4c-4959-a1ff-81bd61a36e95\" href=\"https:\/\/municipiodevillaaldamaver.gob.mx\/wp-content\/uploads\/2026\/05\/4.-Edo-analitico-del-ejercicio-del-pto.-c.-economica-Abril.pdf\">4. Edo analitico del ejercicio del pto. c. economica Abril<\/a><\/div>\n\n\n\n<div class=\"wp-block-file\"><a id=\"wp-block-file--media-ef4cca99-3f05-4e68-b65c-f94e363467e7\" href=\"https:\/\/municipiodevillaaldamaver.gob.mx\/wp-content\/uploads\/2026\/05\/4.-Edo-analitico-del-ejercicio-del-pto.-c.-objeto-del-gasto-Abril.pdf\">4. Edo analitico del ejercicio del pto. c. objeto del gasto Abril<\/a><\/div>\n\n\n\n<div class=\"wp-block-file\"><a id=\"wp-block-file--media-e9a34eee-b3d0-4330-bf5f-86ad7a7a05d6\" href=\"https:\/\/municipiodevillaaldamaver.gob.mx\/wp-content\/uploads\/2026\/05\/4.-Edo-analitico-del-ejercicio-del-pto.-c.-finalidad-funcion-Abril.pdf\">4. Edo analitico del ejercicio del pto. c. finalidad funcion Abril<\/a><\/div>\n\n\n\n<p class=\"wp-block-paragraph\">ESTADO ANALITICO PROGRAMATICO<\/p>\n<\/details>\n\n\n\n<details class=\"wp-block-details is-layout-flow wp-block-details-is-layout-flow\"><summary>JUNIO<\/summary>\n<div class=\"wp-block-file\"><a id=\"wp-block-file--media-02c89514-d008-4bf8-866f-86a543bd41f3\" href=\"https:\/\/municipiodevillaaldamaver.gob.mx\/wp-content\/uploads\/2026\/07\/11.-Estado-Analitico-de-Ingresos-1.pdf\">11. Estado Analitico de Ingresos<\/a><\/div>\n\n\n\n<div class=\"wp-block-file\"><a id=\"wp-block-file--media-41ecea84-0b3b-4d27-add3-76eca5b7e197\" href=\"https:\/\/municipiodevillaaldamaver.gob.mx\/wp-content\/uploads\/2026\/07\/12.-Estado-Analitico-Egresos-Clasificacion-Administrativa-1.pdf\">12. Estado Analitico Egresos Clasificaci\u00f3n Administrativa<\/a><\/div>\n\n\n\n<div class=\"wp-block-file\"><a id=\"wp-block-file--media-cd47baec-1bcf-47ff-a72a-471ba3583c63\" href=\"https:\/\/municipiodevillaaldamaver.gob.mx\/wp-content\/uploads\/2026\/07\/13.-Estado-Analitico-Egresos-Clasificacion-Economica-Por-Tipo-de-Gasto-1.pdf\">13. Estado Analitico Egresos Clasificaci\u00f3n Economica Por Tipo de Gasto<\/a><\/div>\n\n\n\n<div class=\"wp-block-file\"><a id=\"wp-block-file--media-b0f196e3-ecf4-4c0f-a304-207c832e4201\" href=\"https:\/\/municipiodevillaaldamaver.gob.mx\/wp-content\/uploads\/2026\/07\/14.-Estado-Analitico-Egresos-COG-1.pdf\">14. Estado Analitico Egresos COG<\/a><\/div>\n\n\n\n<div class=\"wp-block-file\"><a id=\"wp-block-file--media-a9ed451a-1585-4e36-a9b1-5b2c206aede1\" href=\"https:\/\/municipiodevillaaldamaver.gob.mx\/wp-content\/uploads\/2026\/07\/15.-Estado-Analitico-Egresos-Clasificacion-Funcional-1.pdf\">15. Estado Analitico Egresos Clasificaci\u00f3n Funcional<\/a><\/div>\n\n\n\n<div class=\"wp-block-file\"><a id=\"wp-block-file--media-318fe95a-c498-4e1d-9842-d0f51a4811f6\" href=\"https:\/\/municipiodevillaaldamaver.gob.mx\/wp-content\/uploads\/2026\/07\/16.-Gasto-por-Categoria-Programatica-1.pdf\">16. Gasto por Categoria Programatica<\/a><\/div>\n<\/details>\n<\/details>\n\n\n\n<hr class=\"wp-block-separator has-alpha-channel-opacity\"\/>\n\n\n\n<details class=\"wp-block-details is-layout-flow wp-block-details-is-layout-flow\"><summary>TITULO V<\/summary>\n<details class=\"wp-block-details is-layout-flow wp-block-details-is-layout-flow\"><summary>NORMA PARA ESTABLECER LA ESTRUCTURA DE INFORMACI\u00d3N DE MONTOS PAGADOS POR AYUDA Y SUBSIDIOS<\/summary>\n<p class=\"wp-block-paragraph\">MENSUAL<\/p>\n\n\n\n<p class=\"wp-block-paragraph\">TRIMESTRAL<\/p>\n<\/details>\n\n\n\n<details class=\"wp-block-details is-layout-flow wp-block-details-is-layout-flow\"><summary>NORMAS PARA ESTABLECER LA ESTRUCTURA DE INFORMACI\u00d3N DEL FORMATO DEL EJERCICIO Y DESTINO DE GASTO FEDERALIZADO Y REINTEGROS<\/summary>\n<details class=\"wp-block-details is-layout-flow wp-block-details-is-layout-flow\"><summary>1ER TRIMESTRE ENERO-MARZO 2026<\/summary>\n<div class=\"wp-block-file\"><a id=\"wp-block-file--media-4cbe5e2e-7a9a-47dd-915c-3f6188f971f7\" href=\"https:\/\/municipiodevillaaldamaver.gob.mx\/wp-content\/uploads\/2026\/06\/EJERCICIO-Y-DESTINO-DEL-GASTO-FEDERALIZADO-Y-REINTEGROS.pdf\">EJERCICIO Y DESTINO DEL GASTO FEDERALIZADO Y REINTEGROS<\/a><\/div>\n\n\n\n<div class=\"wp-block-file\"><a id=\"wp-block-file--media-7f0d0784-a605-49b8-be7b-d23441f61267\" href=\"https:\/\/municipiodevillaaldamaver.gob.mx\/wp-content\/uploads\/2026\/07\/42.-Ejercicio-y-destino-del-gastos-federalizado-y-reintegros.pdf\">42. Ejercicio y destino del gastos federalizado y reintegros<\/a><\/div>\n<\/details>\n<\/details>\n\n\n\n<details class=\"wp-block-details is-layout-flow wp-block-details-is-layout-flow\"><summary>NORMA DE INFORMACI\u00d3N DE OBLIGACIONES PAGADAS O GARANTIZADAS CON FONDOS FEDERALES<\/summary>\n<p class=\"wp-block-paragraph\">TRIMESTRAL<\/p>\n<\/details>\n\n\n\n<details class=\"wp-block-details is-layout-flow wp-block-details-is-layout-flow\"><summary>NORMA PARA ESTABLECER LA ESTRUCTURA DE INFORMACI\u00d3N DE LA RELACI\u00d3N DE LAS CUENTAS BANCARIAS PRODUCTIVAS ESPEC\u00cdFICAS QUE SE PRESENTAN EN LA CUENTA P\u00daBLICA, EN LAS CUALES SE DEPOSITEN LOS RECURSOS FEDERALES TRANSFERIDOS<\/summary>\n<p class=\"wp-block-paragraph\">TRIMESTRAL<\/p>\n<\/details>\n\n\n\n<details class=\"wp-block-details is-layout-flow wp-block-details-is-layout-flow\"><summary>MONTOS POR  CONCEPTOS AYUDAS Y SUBSIDIOS<\/summary>\n<div class=\"wp-block-file\"><a id=\"wp-block-file--media-c54527ec-cc46-435b-bb67-69b932c450e2\" href=\"https:\/\/municipiodevillaaldamaver.gob.mx\/wp-content\/uploads\/2026\/05\/Formato-Ayudas-y-Subsidios.pdf\">Formato Ayudas y Subsidios<\/a><\/div>\n\n\n\n<div class=\"wp-block-file\"><a id=\"wp-block-file--media-2e1e6d35-5491-4e37-bc01-cd53311ed9f6\" href=\"https:\/\/municipiodevillaaldamaver.gob.mx\/wp-content\/uploads\/2026\/07\/26.-Montos-Pagados-por-Ayudas-y-Subsidios.pdf\">26. Montos Pagados por Ayudas y Subsidios<\/a><\/div>\n<\/details>\n\n\n\n<details class=\"wp-block-details is-layout-flow wp-block-details-is-layout-flow\"><summary>CALENDARIO DE INGRESOS BASE MENSUAL<\/summary>\n<div class=\"wp-block-file\"><a id=\"wp-block-file--media-0586db54-4712-4433-8f51-87d26c66c706\" href=\"https:\/\/municipiodevillaaldamaver.gob.mx\/wp-content\/uploads\/2026\/05\/Calendario-de-ingresos-base-mensual.pdf\">Calendario de ingresos base mensual<\/a><\/div>\n<\/details>\n\n\n\n<details class=\"wp-block-details is-layout-flow wp-block-details-is-layout-flow\"><summary>PROGRAMAS EN QUE CONCURRAN RECURSOS FEDERALES<\/summary>\n<div class=\"wp-block-file\"><a id=\"wp-block-file--media-ad2942f2-961c-4646-83ba-e808e8768e84\" href=\"https:\/\/municipiodevillaaldamaver.gob.mx\/wp-content\/uploads\/2026\/05\/1.-Formato-de-programas-con-recursos-concurrentes.pdf\">1. Formato de programas con recursos concurrentes<\/a><\/div>\n\n\n\n<div class=\"wp-block-file\"><a id=\"wp-block-file--media-38c2b7ab-7ec9-4bb5-be06-ceed632f3e62\" href=\"https:\/\/municipiodevillaaldamaver.gob.mx\/wp-content\/uploads\/2026\/05\/2.-Formato-de-programas-con-recursos-concurrentes.pdf\">2. Formato de programas con recursos concurrentes<\/a><\/div>\n\n\n\n<div class=\"wp-block-file\"><a id=\"wp-block-file--media-a2b9be9f-7fb4-425f-a6ab-c76e134a5c34\" href=\"https:\/\/municipiodevillaaldamaver.gob.mx\/wp-content\/uploads\/2026\/05\/3.-Formato-de-programas-con-recursos-concurrentes.pdf\">3. Formato de programas con recursos concurrentes<\/a><\/div>\n\n\n\n<div class=\"wp-block-file\"><a id=\"wp-block-file--media-d2241bca-07d1-4f04-8de7-4fef4b9a12e6\" href=\"https:\/\/municipiodevillaaldamaver.gob.mx\/wp-content\/uploads\/2026\/05\/4.-Formato-de-programas-con-recursos-concurrentes.pdf\">4. Formato de programas con recursos concurrentes<\/a><\/div>\n\n\n\n<div class=\"wp-block-file\"><a id=\"wp-block-file--media-c3790860-c261-4dc0-a2f2-f1cb352376c4\" href=\"https:\/\/municipiodevillaaldamaver.gob.mx\/wp-content\/uploads\/2026\/07\/27.-Programas-con-recursos-concurrentes-por-orden-de-gobierno.pdf\">27. Programas con recursos concurrentes por orden de gobierno<\/a><\/div>\n<\/details>\n\n\n\n<details class=\"wp-block-details is-layout-flow wp-block-details-is-layout-flow\"><summary>NORMA PARA ESTABLECER LA ESTRUCTURA DE INFORMACI\u00d3N DEL FORMATO DE APLICACI\u00d3N DE RECURSOS DEL FONDO DE APORTACIONES PARA EL FORTALECIMIENTO DE LOS MUNICIPIOS Y DE LAS DEMARCACIONES TERRITORIALES DEL DISTRITO FEDERAL (FORTAMUN)<\/summary>\n<div class=\"wp-block-file\"><a id=\"wp-block-file--media-b227ca78-0de7-4ffb-8e21-ee5f0c58312d\" href=\"https:\/\/municipiodevillaaldamaver.gob.mx\/wp-content\/uploads\/2026\/06\/APLICACION-DE-RECURSOS-FORTAMUNDF-2026-MARZO-1.pdf\">APLICACION DE RECURSOS FORTAMUNDF 2026 MARZO (1)<\/a><\/div>\n\n\n\n<div class=\"wp-block-file\"><a id=\"wp-block-file--media-bdb0c6a4-1a21-4e8e-9a67-b9378e5c3ff7\" href=\"https:\/\/municipiodevillaaldamaver.gob.mx\/wp-content\/uploads\/2026\/07\/28.-Aplicacion-FORTAMUN.pdf\">28. Aplicaci\u00f3n FORTAMUN<\/a><\/div>\n<\/details>\n\n\n\n<details class=\"wp-block-details is-layout-flow wp-block-details-is-layout-flow\"><summary>INDICADORES DE RESULTADOS<\/summary>\n<details class=\"wp-block-details is-layout-flow wp-block-details-is-layout-flow\"><summary>SEGUNDO TRIMESTRE<\/summary>\n<div class=\"wp-block-file\"><a id=\"wp-block-file--media-89162144-9bb4-494b-907e-4130dff4a6c5\" href=\"https:\/\/municipiodevillaaldamaver.gob.mx\/wp-content\/uploads\/2026\/07\/Indicadores-de-Resultados-2do-Trimestre.pdf\">Indicadores de Resultados 2do Trimestre<\/a><\/div>\n<\/details>\n<\/details>\n<\/details>\n\n\n\n<hr class=\"wp-block-separator has-alpha-channel-opacity\"\/>\n\n\n\n<details class=\"wp-block-details is-layout-flow wp-block-details-is-layout-flow\"><summary>AVANCE FISICOS-FINANCIEROS<\/summary>\n<div class=\"wp-block-file\"><a id=\"wp-block-file--media-3530bc46-1062-40f3-8994-11e0385f5c6c\" href=\"https:\/\/municipiodevillaaldamaver.gob.mx\/wp-content\/uploads\/2026\/07\/29.-Avance-Fisicos-Financieros.pdf\">29. Avance Fisicos-Financieros<\/a><\/div>\n<\/details>\n\n\n\n<hr class=\"wp-block-separator has-alpha-channel-opacity\"\/>\n\n\n\n<details class=\"wp-block-details is-layout-flow wp-block-details-is-layout-flow\"><summary>BIENES MUEBLES E INMUEBLES<\/summary>\n<p class=\"wp-block-paragraph\">INVENTARIO DE BIENES MUEBLES E INMUEBLES<\/p>\n<\/details>\n\n\n\n<hr class=\"wp-block-separator has-alpha-channel-opacity\"\/>\n\n\n\n<details class=\"wp-block-details is-layout-flow wp-block-details-is-layout-flow\"><summary>CUENTA P\u00daBLICA 2025<\/summary>\n<div class=\"wp-block-file\"><a id=\"wp-block-file--media-829b0d91-1dc7-4fc3-aafa-563e8cb16e5d\" href=\"https:\/\/municipiodevillaaldamaver.gob.mx\/wp-content\/uploads\/2026\/05\/cuenta-publica-2025_compressed.pdf\">cuenta publica 2025_compressed<\/a><\/div>\n<\/details>\n\n\n\n<hr class=\"wp-block-separator has-alpha-channel-opacity\"\/>\n\n\n\n<details class=\"wp-block-details is-layout-flow wp-block-details-is-layout-flow\"><summary>PRIMERA MODIFICACI\u00d3N PRESUPUESTAL PARA EJERCICIO FISCAL 2026 AL PRESUPUESTO DE EGRESOS<\/summary>\n<div class=\"wp-block-file\"><a id=\"wp-block-file--media-f4ef7e0f-fa3b-403d-971b-2cadac7593f0\" href=\"https:\/\/municipiodevillaaldamaver.gob.mx\/wp-content\/uploads\/2026\/05\/Acta-08-A-2026.pdf\">Acta 08-A-2026<\/a><\/div>\n<\/details>\n\n\n\n<hr class=\"wp-block-separator has-alpha-channel-opacity\"\/>\n\n\n\n<details class=\"wp-block-details is-layout-flow wp-block-details-is-layout-flow\"><summary>PROGRAMA GENERAL DE INVERSI\u00d3N<\/summary>\n<div class=\"wp-block-file\"><a id=\"wp-block-file--media-226613f9-e34f-4f47-b0d5-30de94451ba3\" href=\"https:\/\/municipiodevillaaldamaver.gob.mx\/wp-content\/uploads\/2026\/05\/PGI-FAISMNUN.pdf\">PGI FAISMNUN<\/a><\/div>\n\n\n\n<div class=\"wp-block-file\"><a id=\"wp-block-file--media-9e4533ef-9741-4e92-99a8-8cee0c633ab2\" href=\"https:\/\/municipiodevillaaldamaver.gob.mx\/wp-content\/uploads\/2026\/05\/PGI-FORTAMUN.pdf\">PGI FORTAMUN<\/a><\/div>\n\n\n\n<div class=\"wp-block-file\"><a id=\"wp-block-file--media-851073a2-dad8-4535-8d00-be5c284b2824\" href=\"https:\/\/municipiodevillaaldamaver.gob.mx\/wp-content\/uploads\/2026\/08\/1ER-TRIMESTRE-FAISMUN-2026.pdf\">1ER TRIMESTRE FAISMUN 2026<\/a><\/div>\n\n\n\n<div class=\"wp-block-file\"><a id=\"wp-block-file--media-a66006e0-f541-4680-9ec1-3fd3cf1d9ddc\" href=\"https:\/\/municipiodevillaaldamaver.gob.mx\/wp-content\/uploads\/2026\/08\/1ER-TRIMESTRE-FORTAMUNDF-2026.pdf\">1ER TRIMESTRE FORTAMUNDF 2026<\/a><\/div>\n\n\n\n<div class=\"wp-block-file\"><a id=\"wp-block-file--media-811dbce5-6ca6-4c68-a6e3-fa3e7db7aeb9\" href=\"https:\/\/municipiodevillaaldamaver.gob.mx\/wp-content\/uploads\/2026\/08\/2DO-TRIMESTRE-FAISMUN-2026.pdf\">2DO TRIMESTRE FAISMUN 2026<\/a><\/div>\n\n\n\n<div class=\"wp-block-file\"><a id=\"wp-block-file--media-282ff6b6-8ade-498a-bfba-11fc12b875ec\" href=\"https:\/\/municipiodevillaaldamaver.gob.mx\/wp-content\/uploads\/2026\/08\/2DO-TRIMESTRE-FORTAMUNDF-2026.pdf\">2DO TRIMESTRE FORTAMUNDF 2026<\/a><\/div>\n<\/details>\n\n\n\n<hr class=\"wp-block-separator has-alpha-channel-opacity\"\/>\n\n\n\n<details class=\"wp-block-details is-layout-flow wp-block-details-is-layout-flow\"><summary>Cumplimiento a los lineamientos de informaci\u00f3n p\u00fablica financiera para el Fondo de Aportaciones para la Infraestructura Social.<\/summary>\n<div class=\"wp-block-file\"><a id=\"wp-block-file--media-9a930e09-4fa5-4038-8c76-cdf05b035729\" href=\"https:\/\/municipiodevillaaldamaver.gob.mx\/wp-content\/uploads\/2026\/06\/D.1.16-PUBLICACION-ANUAL-RECURSOS-FEDERALES-FAISMUNDF.pdf\">D.1.16 PUBLICACI\u00d3N ANUAL RECURSOS FEDERALES FAISMUNDF<\/a><\/div>\n<\/details>\n\n\n\n<hr class=\"wp-block-separator has-alpha-channel-opacity\"\/>\n\n\n\n<details class=\"wp-block-details is-layout-flow wp-block-details-is-layout-flow\"><summary>Norma para transparentar y armonizar la informaci\u00f3n financiera relativa a la aplicaci\u00f3n de recursos p\u00fablicos<\/summary>\n<div class=\"wp-block-file\"><a id=\"wp-block-file--media-2c27d018-f2dc-4a6a-a223-af59431a7e15\" href=\"https:\/\/municipiodevillaaldamaver.gob.mx\/wp-content\/uploads\/2026\/06\/D.1.19-OBLIGACIONES-PAGADAS-O-GARANTIZADAS-CON-FONDOS-FEDERALES.pdf\">D.1.19 OBLIGACIONES PAGADAS O GARANTIZADAS CON FONDOS FEDERALES<\/a><\/div>\n\n\n\n<div class=\"wp-block-file\"><a id=\"wp-block-file--media-edf3efe2-e9ed-445f-830c-a378e280c048\" href=\"https:\/\/municipiodevillaaldamaver.gob.mx\/wp-content\/uploads\/2026\/07\/52.-Obligaciones-Pagadas-o-Garantizadas-con-Recursos-Federales.pdf\">52. Obligaciones Pagadas o Garantizadas con Recursos Federales<\/a><\/div>\n\n\n\n<div class=\"wp-block-file\"><a id=\"wp-block-file--media-70cfc06f-435f-4f20-9b9f-39ee52637167\" href=\"https:\/\/municipiodevillaaldamaver.gob.mx\/wp-content\/uploads\/2026\/07\/ENDEUDAMIENTO-NETO-2DO-TRIMESTRE.pdf\">ENDEUDAMIENTO NETO 2DO TRIMESTRE<\/a><\/div>\n\n\n\n<div class=\"wp-block-file\"><a id=\"wp-block-file--media-7f11ab88-ea11-4e0c-9064-352dc1a46358\" href=\"https:\/\/municipiodevillaaldamaver.gob.mx\/wp-content\/uploads\/2026\/07\/INTERESES-DEUDA-2DO-TRIMESTRE.pdf\">INTERESES DEUDA 2DO TRIMESTRE<\/a><\/div>\n<\/details>\n","protected":false},"excerpt":{"rendered":"","protected":false},"author":1,"featured_media":0,"parent":0,"menu_order":0,"comment_status":"closed","ping_status":"closed","template":"","meta":{"pagelayer_contact_templates":[],"_pagelayer_content":"","footnotes":""},"class_list":["post-222","page","type-page","status-publish","hentry"],"_links":{"self":[{"href":"https:\/\/municipiodevillaaldamaver.gob.mx\/index.php?rest_route=\/wp\/v2\/pages\/222","targetHints":{"allow":["GET"]}}],"collection":[{"href":"https:\/\/municipiodevillaaldamaver.gob.mx\/index.php?rest_route=\/wp\/v2\/pages"}],"about":[{"href":"https:\/\/municipiodevillaaldamaver.gob.mx\/index.php?rest_route=\/wp\/v2\/types\/page"}],"author":[{"embeddable":true,"href":"https:\/\/municipiodevillaaldamaver.gob.mx\/index.php?rest_route=\/wp\/v2\/users\/1"}],"replies":[{"embeddable":true,"href":"https:\/\/municipiodevillaaldamaver.gob.mx\/index.php?rest_route=%2Fwp%2Fv2%2Fcomments&post=222"}],"version-history":[{"count":68,"href":"https:\/\/municipiodevillaaldamaver.gob.mx\/index.php?rest_route=\/wp\/v2\/pages\/222\/revisions"}],"predecessor-version":[{"id":1276,"href":"https:\/\/municipiodevillaaldamaver.gob.mx\/index.php?rest_route=\/wp\/v2\/pages\/222\/revisions\/1276"}],"wp:attachment":[{"href":"https:\/\/municipiodevillaaldamaver.gob.mx\/index.php?rest_route=%2Fwp%2Fv2%2Fmedia&parent=222"}],"curies":[{"name":"wp","href":"https:\/\/api.w.org\/{rel}","templated":true}]}}